{"version":"1.0","provider_name":"Prim\u0103riaMoldovaNou\u0103.ro","provider_url":"https:\/\/primariamoldovanoua.ro","author_name":"Prim\u0103ria Moldova Nou\u0103","author_url":"https:\/\/primariamoldovanoua.ro\/index.php\/author\/alin\/","title":"Moldova Nou\u0103 \u00eembrac\u0103 straie de s\u0103rb\u0103toare - Prim\u0103riaMoldovaNou\u0103.ro","type":"rich","width":600,"height":338,"html":"<blockquote class=\"wp-embedded-content\" data-secret=\"ycVrLABKxh\"><a href=\"https:\/\/primariamoldovanoua.ro\/index.php\/2022\/08\/08\/moldova-noua-imbraca-straie-de-sarbatoare\/\">Moldova Nou\u0103 \u00eembrac\u0103 straie de s\u0103rb\u0103toare<\/a><\/blockquote><iframe sandbox=\"allow-scripts\" security=\"restricted\" src=\"https:\/\/primariamoldovanoua.ro\/index.php\/2022\/08\/08\/moldova-noua-imbraca-straie-de-sarbatoare\/embed\/#?secret=ycVrLABKxh\" width=\"600\" height=\"338\" title=\"&#8220;Moldova Nou\u0103 \u00eembrac\u0103 straie de s\u0103rb\u0103toare&#8221; &#8212; Prim\u0103riaMoldovaNou\u0103.ro\" data-secret=\"ycVrLABKxh\" frameborder=\"0\" marginwidth=\"0\" marginheight=\"0\" scrolling=\"no\" class=\"wp-embedded-content\"><\/iframe><script>\n\/*! This file is auto-generated *\/\n!function(d,l){\"use strict\";l.querySelector&&d.addEventListener&&\"undefined\"!=typeof URL&&(d.wp=d.wp||{},d.wp.receiveEmbedMessage||(d.wp.receiveEmbedMessage=function(e){var t=e.data;if((t||t.secret||t.message||t.value)&&!\/[^a-zA-Z0-9]\/.test(t.secret)){for(var s,r,n,a=l.querySelectorAll('iframe[data-secret=\"'+t.secret+'\"]'),o=l.querySelectorAll('blockquote[data-secret=\"'+t.secret+'\"]'),c=new RegExp(\"^https?:$\",\"i\"),i=0;i<o.length;i++)o[i].style.display=\"none\";for(i=0;i<a.length;i++)s=a[i],e.source===s.contentWindow&&(s.removeAttribute(\"style\"),\"height\"===t.message?(1e3<(r=parseInt(t.value,10))?r=1e3:~~r<200&&(r=200),s.height=r):\"link\"===t.message&&(r=new URL(s.getAttribute(\"src\")),n=new URL(t.value),c.test(n.protocol))&&n.host===r.host&&l.activeElement===s&&(d.top.location.href=t.value))}},d.addEventListener(\"message\",d.wp.receiveEmbedMessage,!1),l.addEventListener(\"DOMContentLoaded\",function(){for(var e,t,s=l.querySelectorAll(\"iframe.wp-embedded-content\"),r=0;r<s.length;r++)(t=(e=s[r]).getAttribute(\"data-secret\"))||(t=Math.random().toString(36).substring(2,12),e.src+=\"#?secret=\"+t,e.setAttribute(\"data-secret\",t)),e.contentWindow.postMessage({message:\"ready\",secret:t},\"*\")},!1)))}(window,document);\n\/\/# sourceURL=https:\/\/primariamoldovanoua.ro\/wp-includes\/js\/wp-embed.min.js\n<\/script>\n","thumbnail_url":"https:\/\/primariamoldovanoua.ro\/wp-content\/uploads\/2022\/08\/Zilele-Orasului-2022.jpg","thumbnail_width":2048,"thumbnail_height":1074,"description":"La sf\u00e2r\u0219itul acestei s\u0103pt\u0103m\u00e2ni se vor desf\u0103\u015fura Zilele ora\u0219ului Moldova Nou\u0103. La manifestare sunt a\u0219tepta\u021bi s\u0103 participe nu doar locuitorii din Moldova Nou\u0103, ci \u0219i cei din Clisura Dun\u0103rii, din \u00eentreg jude\u021bul Cara\u0219-Severin \u0219i, de ce nu, vecinii s\u00e2rbi, \u021bin\u00e2nd cont de reluarea curselor cu bacul \u00eentre Moldova Nou\u0103 \u0219i Golubac (Usije), sub tutela Aquacara\u0219. [&hellip;]"}