{"version":"1.0","provider_name":"Prim\u0103riaMoldovaNou\u0103.ro","provider_url":"https:\/\/primariamoldovanoua.ro","author_name":"Prim\u0103ria Moldova Nou\u0103","author_url":"https:\/\/primariamoldovanoua.ro\/index.php\/author\/dragana\/","title":"Balul tradi\u021bional de Sf. Pa\u0219ti - Prim\u0103riaMoldovaNou\u0103.ro","type":"rich","width":600,"height":338,"html":"<blockquote class=\"wp-embedded-content\" data-secret=\"u0kJIeqlPo\"><a href=\"https:\/\/primariamoldovanoua.ro\/index.php\/2025\/04\/21\/balul-traditional-de-sf-pasti\/\">Balul tradi\u021bional de Sf. Pa\u0219ti<\/a><\/blockquote><iframe sandbox=\"allow-scripts\" security=\"restricted\" src=\"https:\/\/primariamoldovanoua.ro\/index.php\/2025\/04\/21\/balul-traditional-de-sf-pasti\/embed\/#?secret=u0kJIeqlPo\" width=\"600\" height=\"338\" title=\"&#8220;Balul tradi\u021bional de Sf. Pa\u0219ti&#8221; &#8212; Prim\u0103riaMoldovaNou\u0103.ro\" data-secret=\"u0kJIeqlPo\" frameborder=\"0\" marginwidth=\"0\" marginheight=\"0\" scrolling=\"no\" class=\"wp-embedded-content\"><\/iframe><script>\n\/*! This file is auto-generated *\/\n!function(d,l){\"use strict\";l.querySelector&&d.addEventListener&&\"undefined\"!=typeof URL&&(d.wp=d.wp||{},d.wp.receiveEmbedMessage||(d.wp.receiveEmbedMessage=function(e){var t=e.data;if((t||t.secret||t.message||t.value)&&!\/[^a-zA-Z0-9]\/.test(t.secret)){for(var s,r,n,a=l.querySelectorAll('iframe[data-secret=\"'+t.secret+'\"]'),o=l.querySelectorAll('blockquote[data-secret=\"'+t.secret+'\"]'),c=new RegExp(\"^https?:$\",\"i\"),i=0;i<o.length;i++)o[i].style.display=\"none\";for(i=0;i<a.length;i++)s=a[i],e.source===s.contentWindow&&(s.removeAttribute(\"style\"),\"height\"===t.message?(1e3<(r=parseInt(t.value,10))?r=1e3:~~r<200&&(r=200),s.height=r):\"link\"===t.message&&(r=new URL(s.getAttribute(\"src\")),n=new URL(t.value),c.test(n.protocol))&&n.host===r.host&&l.activeElement===s&&(d.top.location.href=t.value))}},d.addEventListener(\"message\",d.wp.receiveEmbedMessage,!1),l.addEventListener(\"DOMContentLoaded\",function(){for(var e,t,s=l.querySelectorAll(\"iframe.wp-embedded-content\"),r=0;r<s.length;r++)(t=(e=s[r]).getAttribute(\"data-secret\"))||(t=Math.random().toString(36).substring(2,12),e.src+=\"#?secret=\"+t,e.setAttribute(\"data-secret\",t)),e.contentWindow.postMessage({message:\"ready\",secret:t},\"*\")},!1)))}(window,document);\n\/\/# sourceURL=https:\/\/primariamoldovanoua.ro\/wp-includes\/js\/wp-embed.min.js\n<\/script>\n","thumbnail_url":"https:\/\/primariamoldovanoua.ro\/wp-content\/uploads\/2025\/04\/WhatsApp-Image-2025-04-21-at-12.51.52-1.jpeg","thumbnail_width":1200,"thumbnail_height":1600,"description":"Sub cupola folclorului autentic s\u00e2rbesc! A\u0219a se anun\u021b\u0103 tradi\u021bionalul bal de Sf. Pa\u0219ti \u00een localitatea Moldova Veche! Comunitatea s\u00e2rb\u0103 din Moldova Veche\u00ee\u0219i p\u0103streaz\u0103 cu m\u00e2ndrie tradi\u021biile, obiceiurile, dar mai ales folclorul, iar balul de Sf. Pa\u0219ti reprezint\u0103 ocazia perfect\u0103 pentru a reitera aceste lucruri! \u00cen a dou\u0103 zi de Sf Pa\u0219ti, luni, 21.04.2025, \u00eencep\u00e2nd cu [&hellip;]"}