{"id":11998,"date":"2025-07-07T14:52:43","date_gmt":"2025-07-07T12:52:43","guid":{"rendered":"https:\/\/primariamoldovanoua.ro\/?page_id=11998"},"modified":"2025-07-09T16:10:42","modified_gmt":"2025-07-09T14:10:42","slug":"arhiva-2025","status":"publish","type":"page","link":"https:\/\/primariamoldovanoua.ro\/index.php\/arhiva-2025\/","title":{"rendered":"Arhiv\u0103 2025"},"content":{"rendered":"\n<h4 class=\"wp-block-heading\"><strong>PRIMAR:<\/strong><\/h4>\n\n\n\n<ul class=\"wp-block-list\">\n<li><strong><a href=\"https:\/\/primariamoldovanoua.ro\/wp-content\/uploads\/2025\/07\/Torma-A.-Adrian-Constantin.-Primar.pdf\">Torma Adrian Constantin<\/a><\/strong><\/li>\n<\/ul>\n\n\n\n<h4 class=\"wp-block-heading\"><strong>VICEPRIMAR:<\/strong><\/h4>\n\n\n\n<ul class=\"wp-block-list\">\n<li><strong><a href=\"https:\/\/primariamoldovanoua.ro\/wp-content\/uploads\/2025\/07\/Schinteie-D.-Constantin.-Viceprimar.pdf\">Schinteie Constantin<\/a><\/strong><\/li>\n<\/ul>\n\n\n\n<h4 class=\"wp-block-heading\"><strong>SECRETAR:<\/strong><\/h4>\n\n\n\n<ul class=\"wp-block-list\">\n<li><strong><a href=\"https:\/\/primariamoldovanoua.ro\/wp-content\/uploads\/2025\/07\/Ciovela-N.-Florin-Ioan.-Secretar-General.pdf\">Ciovela N Florin-Ioan<\/a><\/strong><\/li>\n<\/ul>\n\n\n\n<h4 class=\"wp-block-heading\"><strong>DIRECTOR EXECUTIV:<\/strong><\/h4>\n\n\n\n<ul class=\"wp-block-list\">\n<li><strong><a href=\"https:\/\/primariamoldovanoua.ro\/wp-content\/uploads\/2025\/07\/Titiriga-I.-V.-Adriana.-Director-Executiv.pdf\">\u0162i\u0163irig\u0103 Adriana<\/a><\/strong><\/li>\n<\/ul>\n\n\n\n<h4 class=\"wp-block-heading\"><strong>ADMINISTRATOR PUBLIC<\/strong>:<\/h4>\n\n\n\n<ul class=\"wp-block-list\">\n<li><strong><a href=\"https:\/\/primariamoldovanoua.ro\/wp-content\/uploads\/2025\/07\/Balasoiu-E-Narcis-Marian.-Administrator-Public.pdf\">B\u0103l\u0103\u015foiu E Narcis-Marian<\/a><\/strong><\/li>\n<\/ul>\n\n\n\n<h4 class=\"wp-block-heading\"><strong>AUDITOR:<\/strong><\/h4>\n\n\n\n<ul class=\"wp-block-list\">\n<li><strong><a href=\"https:\/\/primariamoldovanoua.ro\/wp-content\/uploads\/2025\/07\/Sdeorna-I-Carmen.-Auditor.pdf\">\u015edeorna I Carmen<\/a><\/strong><\/li>\n<\/ul>\n\n\n\n<h4 class=\"wp-block-heading\"><strong>INGINER \u015eEF<\/strong><\/h4>\n\n\n\n<ul class=\"wp-block-list\">\n<li><strong><a href=\"https:\/\/primariamoldovanoua.ro\/wp-content\/uploads\/2025\/07\/Sava-N.-Cecilia-Laura.-Inginer-Sef.pdf\">Sava N Cecilia-Laura<\/a><\/strong><\/li>\n<\/ul>\n\n\n\n<h4 class=\"wp-block-heading\"><strong>\u0218EFI\/COORDONATORI SERVICII, BIROURI \u015eI COMPARTIMENTE:<\/strong><\/h4>\n\n\n\n<ul class=\"wp-block-list\">\n<li><strong><a href=\"https:\/\/primariamoldovanoua.ro\/wp-content\/uploads\/2025\/07\/Bencze-L-Laszlo-Ocsi.-Sef-Serviciu.-incetare.pdf\">Bencze L Laszlo-Ocsi<\/a><\/strong><\/li>\n\n\n\n<li><strong><a href=\"https:\/\/primariamoldovanoua.ro\/wp-content\/uploads\/2025\/07\/Bratu-S-Liviu-Mihaita.-Sef-Serviciu.pdf\">Bratu S Liviu-Mih\u0103i\u0163\u0103<\/a><\/strong><\/li>\n\n\n\n<li><strong><a href=\"https:\/\/primariamoldovanoua.ro\/wp-content\/uploads\/2025\/07\/Canpeanu-N-Mirela-Antonela.-Sef-Serviciu.pdf\">C\u00e2npeanu N Mirela-Antonela<\/a><\/strong><\/li>\n\n\n\n<li><strong><a href=\"https:\/\/primariamoldovanoua.ro\/wp-content\/uploads\/2025\/07\/Chisalita-GHE-Marta-Maria.-Sef-Serviciu.pdf\">Chis\u0103li\u0163\u0103 Ghe Marta-Maria<\/a><\/strong><\/li>\n\n\n\n<li><strong><a href=\"https:\/\/primariamoldovanoua.ro\/wp-content\/uploads\/2025\/07\/Enache-P.-Dumitru.-Coordonator-Compartiment-Politia-Locala.pdf\">Enache P Dumitru<\/a><\/strong><\/li>\n\n\n\n<li><strong><a href=\"https:\/\/primariamoldovanoua.ro\/wp-content\/uploads\/2025\/07\/Nicola-I-Romeo.-Sef-Compartiment.pdf\">Nicola I Romeo<\/a><\/strong><\/li>\n\n\n\n<li><strong><a href=\"https:\/\/primariamoldovanoua.ro\/wp-content\/uploads\/2025\/07\/Nistoran-D-Dumitru.-Sef-Serviciu.pdf\">Nistoran D Dumitru<\/a><\/strong><\/li>\n\n\n\n<li><strong><a href=\"https:\/\/primariamoldovanoua.ro\/wp-content\/uploads\/2025\/07\/Stefanovicin-Antal.-Sef-Serviciu.-30-zile-incetare.pdf\">Stefanovici S Antal<\/a><\/strong><\/li>\n\n\n\n<li><strong><a href=\"https:\/\/primariamoldovanoua.ro\/wp-content\/uploads\/2025\/07\/Szekely-S-Radmila.-Sef-Birou.-incetare.pdf\">Szekely S Radmila<\/a><\/strong><\/li>\n\n\n\n<li><strong><a href=\"https:\/\/primariamoldovanoua.ro\/wp-content\/uploads\/2025\/07\/Tismanariu-I.-Dorin-Marius.-Sef-Compartiment.pdf\">Tism\u0103nariu I Dorin-Marius<\/a><\/strong><\/li>\n<\/ul>\n\n\n\n<h4 class=\"wp-block-heading\"><strong>INSPECTORI:<\/strong><\/h4>\n\n\n\n<ul class=\"wp-block-list\">\n<li><strong><a href=\"https:\/\/primariamoldovanoua.ro\/wp-content\/uploads\/2025\/07\/Constantinovici-N-Lavinia.-Inspector.pdf\">Constantinovici N Lavinia<\/a><\/strong><\/li>\n\n\n\n<li><a href=\"https:\/\/primariamoldovanoua.ro\/wp-content\/uploads\/2025\/07\/Dascalu-M.-Aura-Mihaela.-Inspector.-incetare.pdf\"><strong>Dasc\u0103lu M Aura Mihaela<\/strong> &#8211; Inspector anual 15 iunie 2025<\/a><\/li>\n\n\n\n<li><a href=\"https:\/\/primariamoldovanoua.ro\/wp-content\/uploads\/2025\/07\/Dascalu-M-Aura-Mihaela.-incetare.pdf\"><strong>Dasc\u0103lu M Aura Mihaela<\/strong> &#8211; <strong>30 zile \u00eencetare<\/strong><\/a><\/li>\n\n\n\n<li><strong><a href=\"https:\/\/primariamoldovanoua.ro\/wp-content\/uploads\/2025\/07\/Firan-I-Carmen-Iuliana.-Inspector.pdf\">Firan I Carmen-Iuliana<\/a><\/strong><\/li>\n\n\n\n<li><strong><a href=\"https:\/\/primariamoldovanoua.ro\/wp-content\/uploads\/2025\/07\/Ghiba-V.-Constantin.-Inspector.pdf\">Ghiba V Constantin<\/a><\/strong><\/li>\n\n\n\n<li><strong><a href=\"https:\/\/primariamoldovanoua.ro\/wp-content\/uploads\/2025\/07\/Ion-A-Andra-Alina.-Inspector.pdf\">Ion A Andra-Alina<\/a><\/strong><\/li>\n\n\n\n<li><strong><a href=\"https:\/\/primariamoldovanoua.ro\/wp-content\/uploads\/2025\/07\/Jian-G-Daniel-Gheorghe.-Inspector.pdf\">Jian G Daniel- Gheorghe<\/a><\/strong><\/li>\n\n\n\n<li><strong><a href=\"https:\/\/primariamoldovanoua.ro\/wp-content\/uploads\/2025\/07\/Harabagiu-M-Dragana-Gabriela.-Inspector.pdf\">Harabagiu M Dragana-Gabriela<\/a><\/strong><\/li>\n\n\n\n<li><strong><a href=\"https:\/\/primariamoldovanoua.ro\/wp-content\/uploads\/2025\/07\/Lazarovici-I-Iosif-Florin.-Inspector.pdf\">Lazarovici I Florin-Iosif<\/a><\/strong><\/li>\n\n\n\n<li><strong><a href=\"https:\/\/primariamoldovanoua.ro\/wp-content\/uploads\/2025\/07\/Nastase-V-Alina-Ramona.pdf\">N\u0103stase V Alina-Ramona<\/a><\/strong><\/li>\n\n\n\n<li><strong><a href=\"https:\/\/primariamoldovanoua.ro\/wp-content\/uploads\/2025\/07\/Novacescu-A-Adrian-Alexandru.-Inspector.pdf\">Nov\u0103cescu A Adrian-Alexandru<\/a><\/strong><\/li>\n\n\n\n<li><strong><a href=\"https:\/\/primariamoldovanoua.ro\/wp-content\/uploads\/2025\/07\/Novacovici-G-Ramona-Mirabela.-Inspector.pdf\">Novacovici G Ramona-Mirabela<\/a><\/strong><\/li>\n\n\n\n<li><strong><a href=\"https:\/\/primariamoldovanoua.ro\/wp-content\/uploads\/2025\/07\/Pervulescu-GH-Slavita-Sonia.-Inspector.pdf\">Pervulescu GH Slavi\u0163a-Sonia<\/a><\/strong><\/li>\n\n\n\n<li><strong><a href=\"https:\/\/primariamoldovanoua.ro\/wp-content\/uploads\/2025\/07\/Popovici-I.-Liliana.-Inspector.pdf\">Popovici I Liliana<\/a><\/strong><\/li>\n\n\n\n<li><strong><a href=\"https:\/\/primariamoldovanoua.ro\/wp-content\/uploads\/2025\/07\/Retezan-N-Gheorghe.-Inspector.pdf\">Retezan N Gheorghe<\/a><\/strong><\/li>\n\n\n\n<li><strong><a href=\"https:\/\/primariamoldovanoua.ro\/wp-content\/uploads\/2025\/07\/Strainescu-Z.-Cosana-Tania.-Inspector.pdf\">Str\u0103inescu Cosana-Tania<\/a><\/strong><\/li>\n\n\n\n<li><strong><a href=\"https:\/\/primariamoldovanoua.ro\/wp-content\/uploads\/2025\/07\/Tuculia-D-Esminca-Anita.-Inspector.pdf\">Tuculia D Esminca-Ani\u0163a<\/a><\/strong><\/li>\n\n\n\n<li><strong><a href=\"https:\/\/primariamoldovanoua.ro\/wp-content\/uploads\/2025\/07\/Vitan-A-Luci.-Inspector.pdf\">Vitan A Luci<\/a><\/strong><\/li>\n<\/ul>\n\n\n\n<h4 class=\"wp-block-heading\"><strong>REFEREN\u021aI:<\/strong><\/h4>\n\n\n\n<ul class=\"wp-block-list\">\n<li><strong><a href=\"https:\/\/primariamoldovanoua.ro\/wp-content\/uploads\/2025\/07\/Cazacutu-M.-Spiridon.-Referent.pdf\">C\u0103z\u0103cu\u0163u M Spiridon<\/a><\/strong><\/li>\n\n\n\n<li><strong><a href=\"https:\/\/primariamoldovanoua.ro\/wp-content\/uploads\/2025\/07\/Cornescu-N.-Nicolae-Marius.-Referent.pdf\">Cornescu N Nicolae-Marius<\/a><\/strong><\/li>\n\n\n\n<li><strong><a href=\"https:\/\/primariamoldovanoua.ro\/wp-content\/uploads\/2025\/07\/Mihai.-M.-Silvia.-Referent-Superior.pdf\">Mihai M Silvia<\/a><\/strong><\/li>\n\n\n\n<li><strong><a href=\"https:\/\/primariamoldovanoua.ro\/wp-content\/uploads\/2025\/07\/Muntean-G.-Sorina.-Referent.pdf\">Muntean G Sorina-Loredana<\/a><\/strong><\/li>\n\n\n\n<li><strong><a href=\"https:\/\/primariamoldovanoua.ro\/wp-content\/uploads\/2025\/07\/Nicola-G.-Camelia.-Referent.pdf\">Nicola G Camelia<\/a><\/strong><\/li>\n\n\n\n<li><strong><a href=\"https:\/\/primariamoldovanoua.ro\/wp-content\/uploads\/2025\/07\/Pascu-G-Coarci.-Referent-Superior.pdf\">Pascu G Coarci<\/a><\/strong><\/li>\n\n\n\n<li><strong><a href=\"https:\/\/primariamoldovanoua.ro\/wp-content\/uploads\/2025\/07\/Stoicovici-I-Rodica-Ileana.-Referent.pdf\">Stoicovici I Rodica-Ileana<\/a><\/strong><\/li>\n\n\n\n<li><strong><a href=\"https:\/\/primariamoldovanoua.ro\/wp-content\/uploads\/2025\/07\/Tismanariu-I-Ionica.-Referent.pdf\">Tism\u0103nariu I Ionica<\/a><\/strong><\/li>\n\n\n\n<li><strong><a href=\"https:\/\/primariamoldovanoua.ro\/wp-content\/uploads\/2025\/07\/Tismonariu-I-Mihaela-Dana.-Referent.pdf\">Tismonariu I Mihaela-Dana<\/a><\/strong><\/li>\n<\/ul>\n\n\n\n<ul class=\"wp-block-list\"><\/ul>\n\n\n\n<h4 class=\"wp-block-heading\"><strong>CONSILIERI JURIDICI:<\/strong><\/h4>\n\n\n\n<ul class=\"wp-block-list\">\n<li><strong><a href=\"https:\/\/primariamoldovanoua.ro\/wp-content\/uploads\/2025\/07\/Ciovela-G.-Mihaela.-Coordonator-Serviciu.pdf\">Ciovela G Mihaela<\/a><\/strong><\/li>\n\n\n\n<li><strong><a href=\"https:\/\/primariamoldovanoua.ro\/wp-content\/uploads\/2025\/07\/Mirovici-G-Lorena-Maria-Luciana.-Consilier-Juridic.pdf\">Mirovici G Lorena Maria-Luciana<\/a><\/strong><\/li>\n\n\n\n<li><strong><a href=\"https:\/\/primariamoldovanoua.ro\/wp-content\/uploads\/2025\/07\/Stoicovici-S-Casiana-Maria.-Consilier-Juridic.pdf\">Stoicovici S Casiana-Maria<\/a><\/strong><\/li>\n<\/ul>\n\n\n\n<h4 class=\"wp-block-heading\"><strong>POLI\u021aIA LOCAL\u0102:<\/strong><\/h4>\n\n\n\n<ul class=\"wp-block-list\">\n<li><strong><a href=\"https:\/\/primariamoldovanoua.ro\/wp-content\/uploads\/2025\/07\/Chiselita-I.-Ilie.-Politist-Local.pdf\">Chiseli\u0163\u0103 I Ilie<\/a><\/strong><\/li>\n\n\n\n<li><strong><a href=\"https:\/\/primariamoldovanoua.ro\/wp-content\/uploads\/2025\/07\/Cirpean.-G.-Gheorghe.-Politist-Local.pdf\">C\u00eerpean G Gheorghe<\/a><\/strong><\/li>\n\n\n\n<li><strong><a href=\"https:\/\/primariamoldovanoua.ro\/wp-content\/uploads\/2025\/07\/Iancovici-J-Vladimir.-Politist-Local.pdf\">Iancovici J Vladimir<\/a><\/strong><\/li>\n\n\n\n<li><strong><a href=\"https:\/\/primariamoldovanoua.ro\/wp-content\/uploads\/2025\/07\/Neag-P-Ghita-Petrica.-Politist-Local.pdf\">Neag P Ghi\u0163\u0103-Petric\u0103<\/a><\/strong><\/li>\n\n\n\n<li><strong><a href=\"https:\/\/primariamoldovanoua.ro\/wp-content\/uploads\/2025\/07\/Nicolici-J.-Goran.-Politist-Local.pdf\">Nicolici J Goran<\/a><\/strong><\/li>\n\n\n\n<li><strong><a href=\"https:\/\/primariamoldovanoua.ro\/wp-content\/uploads\/2025\/07\/Petraru-I.-Gheorghe.-Politist-Local.pdf\">Petraru I Gheorghe<\/a><\/strong><\/li>\n\n\n\n<li><strong><a href=\"https:\/\/primariamoldovanoua.ro\/wp-content\/uploads\/2025\/07\/Stafanovici-M-Adrian-Marius.-Politist-Local.pdf\">Stefanovici M Adrian-Marius<\/a><\/strong><\/li>\n\n\n\n<li><strong><a href=\"https:\/\/primariamoldovanoua.ro\/wp-content\/uploads\/2025\/07\/Stoicovici-I.-Ovidiu-Ionel.-Politist-Local.pdf\">Stoicovici I Ovidiu-Ionel<\/a><\/strong><\/li>\n\n\n\n<li><strong><a href=\"https:\/\/primariamoldovanoua.ro\/wp-content\/uploads\/2025\/07\/Toran-G-Gheorghe.-Politist-Local.pdf\">Toran G Gheorghe<\/a><\/strong><\/li>\n\n\n\n<li><strong><a href=\"https:\/\/primariamoldovanoua.ro\/wp-content\/uploads\/2025\/07\/Tudosa-M.-Daniel-Ionica.-Politist-Local.pdf\">Tudos\u0103 M Daniel-Ionic\u0103<\/a><\/strong><\/li>\n\n\n\n<li><strong><a href=\"https:\/\/primariamoldovanoua.ro\/wp-content\/uploads\/2025\/07\/Vig-I-Ioan-Daniel.-Politist-Local.pdf\">Vig I Ioan-Daniel<\/a><\/strong><\/li>\n<\/ul>\n\n\n\n<p><\/p>\n","protected":false},"excerpt":{"rendered":"<p>PRIMAR: VICEPRIMAR: SECRETAR: DIRECTOR EXECUTIV: ADMINISTRATOR PUBLIC: AUDITOR: INGINER \u015eEF \u0218EFI\/COORDONATORI SERVICII, BIROURI \u015eI COMPARTIMENTE: INSPECTORI: REFEREN\u021aI: CONSILIERI JURIDICI: POLI\u021aIA LOCAL\u0102:<\/p>\n","protected":false},"author":5,"featured_media":0,"parent":0,"menu_order":0,"comment_status":"closed","ping_status":"closed","template":"","meta":{"site-sidebar-layout":"default","site-content-layout":"","ast-site-content-layout":"default","site-content-style":"default","site-sidebar-style":"default","ast-global-header-display":"","ast-banner-title-visibility":"","ast-main-header-display":"","ast-hfb-above-header-display":"","ast-hfb-below-header-display":"","ast-hfb-mobile-header-display":"","site-post-title":"","ast-breadcrumbs-content":"","ast-featured-img":"","footer-sml-layout":"","theme-transparent-header-meta":"","adv-header-id-meta":"","stick-header-meta":"","header-above-stick-meta":"","header-main-stick-meta":"","header-below-stick-meta":"","astra-migrate-meta-layouts":"set","ast-page-background-enabled":"default","ast-page-background-meta":{"desktop":{"background-color":"","background-image":"","background-repeat":"repeat","background-position":"center center","background-size":"auto","background-attachment":"scroll","background-type":"","background-media":"","overlay-type":"","overlay-color":"","overlay-gradient":""},"tablet":{"background-color":"","background-image":"","background-repeat":"repeat","background-position":"center center","background-size":"auto","background-attachment":"scroll","background-type":"","background-media":"","overlay-type":"","overlay-color":"","overlay-gradient":""},"mobile":{"background-color":"","background-image":"","background-repeat":"repeat","background-position":"center center","background-size":"auto","background-attachment":"scroll","background-type":"","background-media":"","overlay-type":"","overlay-color":"","overlay-gradient":""}},"ast-content-background-meta":{"desktop":{"background-color":"var(--ast-global-color-5)","background-image":"","background-repeat":"repeat","background-position":"center center","background-size":"auto","background-attachment":"scroll","background-type":"","background-media":"","overlay-type":"","overlay-color":"","overlay-gradient":""},"tablet":{"background-color":"var(--ast-global-color-5)","background-image":"","background-repeat":"repeat","background-position":"center center","background-size":"auto","background-attachment":"scroll","background-type":"","background-media":"","overlay-type":"","overlay-color":"","overlay-gradient":""},"mobile":{"background-color":"var(--ast-global-color-5)","background-image":"","background-repeat":"repeat","background-position":"center center","background-size":"auto","background-attachment":"scroll","background-type":"","background-media":"","overlay-type":"","overlay-color":"","overlay-gradient":""}},"footnotes":""},"class_list":["post-11998","page","type-page","status-publish","hentry"],"yoast_head":"<!-- This site is optimized with the Yoast SEO plugin v27.0 - https:\/\/yoast.com\/product\/yoast-seo-wordpress\/ -->\n<title>Arhiv\u0103 2025 - Prim\u0103riaMoldovaNou\u0103.ro<\/title>\n<meta name=\"robots\" content=\"index, follow, max-snippet:-1, max-image-preview:large, max-video-preview:-1\" \/>\n<link rel=\"canonical\" href=\"https:\/\/primariamoldovanoua.ro\/index.php\/arhiva-2025\/\" \/>\n<meta property=\"og:locale\" content=\"en_US\" \/>\n<meta property=\"og:type\" content=\"article\" \/>\n<meta property=\"og:title\" content=\"Arhiv\u0103 2025 - Prim\u0103riaMoldovaNou\u0103.ro\" \/>\n<meta property=\"og:description\" content=\"PRIMAR: VICEPRIMAR: SECRETAR: DIRECTOR EXECUTIV: ADMINISTRATOR PUBLIC: AUDITOR: INGINER \u015eEF \u0218EFI\/COORDONATORI SERVICII, BIROURI \u015eI COMPARTIMENTE: INSPECTORI: REFEREN\u021aI: CONSILIERI JURIDICI: POLI\u021aIA LOCAL\u0102:\" \/>\n<meta property=\"og:url\" content=\"https:\/\/primariamoldovanoua.ro\/index.php\/arhiva-2025\/\" \/>\n<meta property=\"og:site_name\" content=\"Prim\u0103riaMoldovaNou\u0103.ro\" \/>\n<meta property=\"article:modified_time\" content=\"2025-07-09T14:10:42+00:00\" \/>\n<meta name=\"twitter:card\" content=\"summary_large_image\" \/>\n<meta name=\"twitter:label1\" content=\"Est. reading time\" \/>\n\t<meta name=\"twitter:data1\" content=\"1 minute\" \/>\n<script type=\"application\/ld+json\" class=\"yoast-schema-graph\">{\"@context\":\"https:\/\/schema.org\",\"@graph\":[{\"@type\":\"WebPage\",\"@id\":\"https:\/\/primariamoldovanoua.ro\/index.php\/arhiva-2025\/\",\"url\":\"https:\/\/primariamoldovanoua.ro\/index.php\/arhiva-2025\/\",\"name\":\"Arhiv\u0103 2025 - Prim\u0103riaMoldovaNou\u0103.ro\",\"isPartOf\":{\"@id\":\"https:\/\/primariamoldovanoua.ro\/#website\"},\"datePublished\":\"2025-07-07T12:52:43+00:00\",\"dateModified\":\"2025-07-09T14:10:42+00:00\",\"breadcrumb\":{\"@id\":\"https:\/\/primariamoldovanoua.ro\/index.php\/arhiva-2025\/#breadcrumb\"},\"inLanguage\":\"en-US\",\"potentialAction\":[{\"@type\":\"ReadAction\",\"target\":[\"https:\/\/primariamoldovanoua.ro\/index.php\/arhiva-2025\/\"]}]},{\"@type\":\"BreadcrumbList\",\"@id\":\"https:\/\/primariamoldovanoua.ro\/index.php\/arhiva-2025\/#breadcrumb\",\"itemListElement\":[{\"@type\":\"ListItem\",\"position\":1,\"name\":\"Home\",\"item\":\"https:\/\/primariamoldovanoua.ro\/\"},{\"@type\":\"ListItem\",\"position\":2,\"name\":\"Arhiv\u0103 2025\"}]},{\"@type\":\"WebSite\",\"@id\":\"https:\/\/primariamoldovanoua.ro\/#website\",\"url\":\"https:\/\/primariamoldovanoua.ro\/\",\"name\":\"Prim\u0103riaMoldovaNou\u0103.ro\",\"description\":\"Site-ul oficial al UAT Moldova Nou\u0103, jude\u0163ul Cara\u015f-Severin\",\"publisher\":{\"@id\":\"https:\/\/primariamoldovanoua.ro\/#organization\"},\"potentialAction\":[{\"@type\":\"SearchAction\",\"target\":{\"@type\":\"EntryPoint\",\"urlTemplate\":\"https:\/\/primariamoldovanoua.ro\/?s={search_term_string}\"},\"query-input\":{\"@type\":\"PropertyValueSpecification\",\"valueRequired\":true,\"valueName\":\"search_term_string\"}}],\"inLanguage\":\"en-US\"},{\"@type\":\"Organization\",\"@id\":\"https:\/\/primariamoldovanoua.ro\/#organization\",\"name\":\"Prim\u0103riaMoldovaNou\u0103.ro\",\"url\":\"https:\/\/primariamoldovanoua.ro\/\",\"logo\":{\"@type\":\"ImageObject\",\"inLanguage\":\"en-US\",\"@id\":\"https:\/\/primariamoldovanoua.ro\/#\/schema\/logo\/image\/\",\"url\":\"https:\/\/primariamoldovanoua.ro\/wp-content\/uploads\/2021\/04\/cropped-Logo-Moldova-Noua-M-1.png\",\"contentUrl\":\"https:\/\/primariamoldovanoua.ro\/wp-content\/uploads\/2021\/04\/cropped-Logo-Moldova-Noua-M-1.png\",\"width\":158,\"height\":250,\"caption\":\"Prim\u0103riaMoldovaNou\u0103.ro\"},\"image\":{\"@id\":\"https:\/\/primariamoldovanoua.ro\/#\/schema\/logo\/image\/\"}}]}<\/script>\n<!-- \/ Yoast SEO plugin. -->","yoast_head_json":{"title":"Arhiv\u0103 2025 - Prim\u0103riaMoldovaNou\u0103.ro","robots":{"index":"index","follow":"follow","max-snippet":"max-snippet:-1","max-image-preview":"max-image-preview:large","max-video-preview":"max-video-preview:-1"},"canonical":"https:\/\/primariamoldovanoua.ro\/index.php\/arhiva-2025\/","og_locale":"en_US","og_type":"article","og_title":"Arhiv\u0103 2025 - Prim\u0103riaMoldovaNou\u0103.ro","og_description":"PRIMAR: VICEPRIMAR: SECRETAR: DIRECTOR EXECUTIV: ADMINISTRATOR PUBLIC: AUDITOR: INGINER \u015eEF \u0218EFI\/COORDONATORI SERVICII, BIROURI \u015eI COMPARTIMENTE: INSPECTORI: REFEREN\u021aI: CONSILIERI JURIDICI: POLI\u021aIA LOCAL\u0102:","og_url":"https:\/\/primariamoldovanoua.ro\/index.php\/arhiva-2025\/","og_site_name":"Prim\u0103riaMoldovaNou\u0103.ro","article_modified_time":"2025-07-09T14:10:42+00:00","twitter_card":"summary_large_image","twitter_misc":{"Est. reading time":"1 minute"},"schema":{"@context":"https:\/\/schema.org","@graph":[{"@type":"WebPage","@id":"https:\/\/primariamoldovanoua.ro\/index.php\/arhiva-2025\/","url":"https:\/\/primariamoldovanoua.ro\/index.php\/arhiva-2025\/","name":"Arhiv\u0103 2025 - Prim\u0103riaMoldovaNou\u0103.ro","isPartOf":{"@id":"https:\/\/primariamoldovanoua.ro\/#website"},"datePublished":"2025-07-07T12:52:43+00:00","dateModified":"2025-07-09T14:10:42+00:00","breadcrumb":{"@id":"https:\/\/primariamoldovanoua.ro\/index.php\/arhiva-2025\/#breadcrumb"},"inLanguage":"en-US","potentialAction":[{"@type":"ReadAction","target":["https:\/\/primariamoldovanoua.ro\/index.php\/arhiva-2025\/"]}]},{"@type":"BreadcrumbList","@id":"https:\/\/primariamoldovanoua.ro\/index.php\/arhiva-2025\/#breadcrumb","itemListElement":[{"@type":"ListItem","position":1,"name":"Home","item":"https:\/\/primariamoldovanoua.ro\/"},{"@type":"ListItem","position":2,"name":"Arhiv\u0103 2025"}]},{"@type":"WebSite","@id":"https:\/\/primariamoldovanoua.ro\/#website","url":"https:\/\/primariamoldovanoua.ro\/","name":"Prim\u0103riaMoldovaNou\u0103.ro","description":"Site-ul oficial al UAT Moldova Nou\u0103, jude\u0163ul Cara\u015f-Severin","publisher":{"@id":"https:\/\/primariamoldovanoua.ro\/#organization"},"potentialAction":[{"@type":"SearchAction","target":{"@type":"EntryPoint","urlTemplate":"https:\/\/primariamoldovanoua.ro\/?s={search_term_string}"},"query-input":{"@type":"PropertyValueSpecification","valueRequired":true,"valueName":"search_term_string"}}],"inLanguage":"en-US"},{"@type":"Organization","@id":"https:\/\/primariamoldovanoua.ro\/#organization","name":"Prim\u0103riaMoldovaNou\u0103.ro","url":"https:\/\/primariamoldovanoua.ro\/","logo":{"@type":"ImageObject","inLanguage":"en-US","@id":"https:\/\/primariamoldovanoua.ro\/#\/schema\/logo\/image\/","url":"https:\/\/primariamoldovanoua.ro\/wp-content\/uploads\/2021\/04\/cropped-Logo-Moldova-Noua-M-1.png","contentUrl":"https:\/\/primariamoldovanoua.ro\/wp-content\/uploads\/2021\/04\/cropped-Logo-Moldova-Noua-M-1.png","width":158,"height":250,"caption":"Prim\u0103riaMoldovaNou\u0103.ro"},"image":{"@id":"https:\/\/primariamoldovanoua.ro\/#\/schema\/logo\/image\/"}}]}},"_links":{"self":[{"href":"https:\/\/primariamoldovanoua.ro\/index.php\/wp-json\/wp\/v2\/pages\/11998","targetHints":{"allow":["GET"]}}],"collection":[{"href":"https:\/\/primariamoldovanoua.ro\/index.php\/wp-json\/wp\/v2\/pages"}],"about":[{"href":"https:\/\/primariamoldovanoua.ro\/index.php\/wp-json\/wp\/v2\/types\/page"}],"author":[{"embeddable":true,"href":"https:\/\/primariamoldovanoua.ro\/index.php\/wp-json\/wp\/v2\/users\/5"}],"replies":[{"embeddable":true,"href":"https:\/\/primariamoldovanoua.ro\/index.php\/wp-json\/wp\/v2\/comments?post=11998"}],"version-history":[{"count":5,"href":"https:\/\/primariamoldovanoua.ro\/index.php\/wp-json\/wp\/v2\/pages\/11998\/revisions"}],"predecessor-version":[{"id":12106,"href":"https:\/\/primariamoldovanoua.ro\/index.php\/wp-json\/wp\/v2\/pages\/11998\/revisions\/12106"}],"wp:attachment":[{"href":"https:\/\/primariamoldovanoua.ro\/index.php\/wp-json\/wp\/v2\/media?parent=11998"}],"curies":[{"name":"wp","href":"https:\/\/api.w.org\/{rel}","templated":true}]}}