{"id":3581,"date":"2019-01-18T13:18:10","date_gmt":"2019-01-18T11:18:10","guid":{"rendered":"https:\/\/primariamoldovanoua.ro\/?page_id=3581"},"modified":"2025-08-08T08:54:09","modified_gmt":"2025-08-08T06:54:09","slug":"svsu","status":"publish","type":"page","link":"https:\/\/primariamoldovanoua.ro\/index.php\/svsu\/","title":{"rendered":"SVSU"},"content":{"rendered":"\n<h3 class=\"wp-block-heading\"><strong>1.Informa\u0163ii utile:<\/strong><\/h3>\n\n\n\n<h4 class=\"wp-block-heading\">Reguli pentru prevenirea incendiilor \u00een sezonul rece &#8211; <strong><a href=\"https:\/\/primariamoldovanoua.ro\/wp-content\/uploads\/2021\/04\/Reguli-pentru-prevenirea-incendiilor-in-sezonul-rece.pdf\" target=\"_blank\" rel=\"noreferrer noopener\">Descarc\u0103<\/a><\/strong><\/h4>\n\n\n\n<h4 class=\"wp-block-heading\" id=\"mce_0\"><strong>M\u0103suri de ap\u0103rare \u00eempotriva incendiilor la arderea miri\u015ftilor, vegeta\u0163iei uscate \u015fi resturilor vegetale<\/strong> &#8211; <strong><a rel=\"noreferrer noopener\" aria-label=\" (se deschide \u00eentr-o fil\u0103 nou\u0103)\" href=\"https:\/\/primariamoldovanoua.ro\/wp-content\/uploads\/2019\/01\/Informare-arderi-miristi.pdf\" target=\"_blank\">Descarc\u0103<\/a><\/strong><\/h4>\n\n\n\n<h4 class=\"wp-block-heading\" id=\"mce_0\"><strong>Semnifica\u021bia semnalelor de alarmare acustic\u0103 a popula\u021biei<\/strong> &#8211; <strong><a href=\"https:\/\/primariamoldovanoua.ro\/wp-content\/uploads\/2019\/08\/Semnifica\u021bia-semnalelor-de-alarmare-acustic\u0103-a-popula\u021biei.pdf\" target=\"_blank\" rel=\"noreferrer noopener\" aria-label=\" (opens in a new tab)\">Descarc\u0103<\/a><\/strong><\/h4>\n\n\n\n<h4 class=\"wp-block-heading\" id=\"mce_0\">Semnifica\u0163ia codurilor de culori pentru avertiz\u0103rile hidro-meteorologice &#8211; <strong><a href=\"https:\/\/primariamoldovanoua.ro\/wp-content\/uploads\/2019\/08\/Semnifica\u0163ia-codurilor-de-culori-pentru-avertiz\u0103rile-hidro-meteorologice.pdf\" target=\"_blank\" rel=\"noreferrer noopener\" aria-label=\" (opens in a new tab)\">Descarc\u0103<\/a><\/strong><\/h4>\n\n\n\n<h4 class=\"wp-block-heading\" id=\"mce_0\">Ziua inform\u0103rii preventive &#8211; IGSU &#8211; <strong><a rel=\"noreferrer noopener\" aria-label=\" (opens in a new tab)\" href=\"https:\/\/primariamoldovanoua.ro\/wp-content\/uploads\/2019\/08\/Ziua-inform\u0103rii-preventive.pdf\" target=\"_blank\">Descarc\u0103<\/a><\/strong><\/h4>\n\n\n\n<h4 class=\"wp-block-heading\" id=\"mce_0\">Reguli de protec\u0163ie \u00een perioadele caniculare &#8211; IGSU- <strong><a rel=\"noreferrer noopener\" aria-label=\" (opens in a new tab)\" href=\"https:\/\/primariamoldovanoua.ro\/wp-content\/uploads\/2019\/08\/Reguli-de-protec\u0163ie-\u00een-perioadele-caniculare.pdf\" target=\"_blank\">Descarc\u0103<\/a><\/strong><\/h4>\n\n\n\n<h4 class=\"wp-block-heading\" id=\"mce_0\">Reguli de protec\u0163ie \u00een timpul furtunilor &#8211; IGSU &#8211; <strong><a rel=\"noreferrer noopener\" aria-label=\" (opens in a new tab)\" href=\"https:\/\/primariamoldovanoua.ro\/wp-content\/uploads\/2019\/08\/Reguli-de-protec\u0163ie-\u00een-timpul-furtunilor.pdf\" target=\"_blank\">Descarc\u0103<\/a><\/strong><\/h4>\n\n\n\n<h3 class=\"wp-block-heading\" id=\"mce_0\"><strong>2.Fi\u0219a SVSU:<\/strong><\/h3>\n\n\n\n<h4 class=\"wp-block-heading\">Tabel nominal cu personalul ce \u00eencadreaz\u0103 SVSU Moldova Nou\u0103 2019 &#8211; <strong><a rel=\"noreferrer noopener\" aria-label=\" (opens in a new tab)\" href=\"https:\/\/primariamoldovanoua.ro\/wp-content\/uploads\/2019\/04\/Tabel-nominal-cu-personalul-ce-\u00eencadreaz\u0103-SVSU-Moldova-Nou\u0103-2019-rev.2.pdf\" target=\"_blank\">Descarc\u0103<\/a><\/strong> <\/h4>\n\n\n\n<p><\/p>\n\n\n\n<p><strong>Contact: 0761 760 586 &#8211; Nov\u0103cescu Gabriel &#8211; Gheorghe<\/strong><\/p>\n","protected":false},"excerpt":{"rendered":"<p>1.Informa\u0163ii utile: Reguli pentru prevenirea incendiilor \u00een sezonul rece &#8211; Descarc\u0103 M\u0103suri de ap\u0103rare \u00eempotriva incendiilor la arderea miri\u015ftilor, vegeta\u0163iei uscate \u015fi resturilor vegetale &#8211; Descarc\u0103 Semnifica\u021bia semnalelor de alarmare acustic\u0103 a popula\u021biei &#8211; Descarc\u0103 Semnifica\u0163ia codurilor de culori pentru avertiz\u0103rile hidro-meteorologice &#8211; Descarc\u0103 Ziua inform\u0103rii preventive &#8211; IGSU &#8211; Descarc\u0103 Reguli de protec\u0163ie \u00een [&hellip;]<\/p>\n","protected":false},"author":1,"featured_media":0,"parent":0,"menu_order":0,"comment_status":"closed","ping_status":"closed","template":"","meta":{"site-sidebar-layout":"default","site-content-layout":"default","ast-site-content-layout":"default","site-content-style":"default","site-sidebar-style":"default","ast-global-header-display":"","ast-banner-title-visibility":"","ast-main-header-display":"","ast-hfb-above-header-display":"","ast-hfb-below-header-display":"","ast-hfb-mobile-header-display":"","site-post-title":"","ast-breadcrumbs-content":"","ast-featured-img":"","footer-sml-layout":"","theme-transparent-header-meta":"default","adv-header-id-meta":"","stick-header-meta":"default","header-above-stick-meta":"","header-main-stick-meta":"","header-below-stick-meta":"","astra-migrate-meta-layouts":"set","ast-page-background-enabled":"default","ast-page-background-meta":{"desktop":{"background-color":"","background-image":"","background-repeat":"repeat","background-position":"center center","background-size":"auto","background-attachment":"scroll","background-type":"","background-media":"","overlay-type":"","overlay-color":"","overlay-gradient":""},"tablet":{"background-color":"","background-image":"","background-repeat":"repeat","background-position":"center center","background-size":"auto","background-attachment":"scroll","background-type":"","background-media":"","overlay-type":"","overlay-color":"","overlay-gradient":""},"mobile":{"background-color":"","background-image":"","background-repeat":"repeat","background-position":"center center","background-size":"auto","background-attachment":"scroll","background-type":"","background-media":"","overlay-type":"","overlay-color":"","overlay-gradient":""}},"ast-content-background-meta":{"desktop":{"background-color":"var(--ast-global-color-5)","background-image":"","background-repeat":"repeat","background-position":"center center","background-size":"auto","background-attachment":"scroll","background-type":"","background-media":"","overlay-type":"","overlay-color":"","overlay-gradient":""},"tablet":{"background-color":"var(--ast-global-color-5)","background-image":"","background-repeat":"repeat","background-position":"center center","background-size":"auto","background-attachment":"scroll","background-type":"","background-media":"","overlay-type":"","overlay-color":"","overlay-gradient":""},"mobile":{"background-color":"var(--ast-global-color-5)","background-image":"","background-repeat":"repeat","background-position":"center center","background-size":"auto","background-attachment":"scroll","background-type":"","background-media":"","overlay-type":"","overlay-color":"","overlay-gradient":""}},"footnotes":""},"class_list":["post-3581","page","type-page","status-publish","hentry"],"yoast_head":"<!-- This site is optimized with the Yoast SEO plugin v27.0 - https:\/\/yoast.com\/product\/yoast-seo-wordpress\/ -->\n<title>SVSU - Prim\u0103riaMoldovaNou\u0103.ro<\/title>\n<meta name=\"robots\" content=\"index, follow, max-snippet:-1, max-image-preview:large, max-video-preview:-1\" \/>\n<link rel=\"canonical\" href=\"https:\/\/primariamoldovanoua.ro\/index.php\/svsu\/\" \/>\n<meta property=\"og:locale\" content=\"en_US\" \/>\n<meta property=\"og:type\" content=\"article\" \/>\n<meta property=\"og:title\" content=\"SVSU - Prim\u0103riaMoldovaNou\u0103.ro\" \/>\n<meta property=\"og:description\" content=\"1.Informa\u0163ii utile: Reguli pentru prevenirea incendiilor \u00een sezonul rece &#8211; Descarc\u0103 M\u0103suri de ap\u0103rare \u00eempotriva incendiilor la arderea miri\u015ftilor, vegeta\u0163iei uscate \u015fi resturilor vegetale &#8211; Descarc\u0103 Semnifica\u021bia semnalelor de alarmare acustic\u0103 a popula\u021biei &#8211; Descarc\u0103 Semnifica\u0163ia codurilor de culori pentru avertiz\u0103rile hidro-meteorologice &#8211; Descarc\u0103 Ziua inform\u0103rii preventive &#8211; IGSU &#8211; Descarc\u0103 Reguli de protec\u0163ie \u00een [&hellip;]\" \/>\n<meta property=\"og:url\" content=\"https:\/\/primariamoldovanoua.ro\/index.php\/svsu\/\" \/>\n<meta property=\"og:site_name\" content=\"Prim\u0103riaMoldovaNou\u0103.ro\" \/>\n<meta property=\"article:modified_time\" content=\"2025-08-08T06:54:09+00:00\" \/>\n<meta name=\"twitter:card\" content=\"summary_large_image\" \/>\n<meta name=\"twitter:label1\" content=\"Est. reading time\" \/>\n\t<meta name=\"twitter:data1\" content=\"1 minute\" \/>\n<script type=\"application\/ld+json\" class=\"yoast-schema-graph\">{\"@context\":\"https:\/\/schema.org\",\"@graph\":[{\"@type\":\"WebPage\",\"@id\":\"https:\/\/primariamoldovanoua.ro\/index.php\/svsu\/\",\"url\":\"https:\/\/primariamoldovanoua.ro\/index.php\/svsu\/\",\"name\":\"SVSU - Prim\u0103riaMoldovaNou\u0103.ro\",\"isPartOf\":{\"@id\":\"https:\/\/primariamoldovanoua.ro\/#website\"},\"datePublished\":\"2019-01-18T11:18:10+00:00\",\"dateModified\":\"2025-08-08T06:54:09+00:00\",\"breadcrumb\":{\"@id\":\"https:\/\/primariamoldovanoua.ro\/index.php\/svsu\/#breadcrumb\"},\"inLanguage\":\"en-US\",\"potentialAction\":[{\"@type\":\"ReadAction\",\"target\":[\"https:\/\/primariamoldovanoua.ro\/index.php\/svsu\/\"]}]},{\"@type\":\"BreadcrumbList\",\"@id\":\"https:\/\/primariamoldovanoua.ro\/index.php\/svsu\/#breadcrumb\",\"itemListElement\":[{\"@type\":\"ListItem\",\"position\":1,\"name\":\"Home\",\"item\":\"https:\/\/primariamoldovanoua.ro\/\"},{\"@type\":\"ListItem\",\"position\":2,\"name\":\"SVSU\"}]},{\"@type\":\"WebSite\",\"@id\":\"https:\/\/primariamoldovanoua.ro\/#website\",\"url\":\"https:\/\/primariamoldovanoua.ro\/\",\"name\":\"Prim\u0103riaMoldovaNou\u0103.ro\",\"description\":\"Site-ul oficial al UAT Moldova Nou\u0103, jude\u0163ul Cara\u015f-Severin\",\"publisher\":{\"@id\":\"https:\/\/primariamoldovanoua.ro\/#organization\"},\"potentialAction\":[{\"@type\":\"SearchAction\",\"target\":{\"@type\":\"EntryPoint\",\"urlTemplate\":\"https:\/\/primariamoldovanoua.ro\/?s={search_term_string}\"},\"query-input\":{\"@type\":\"PropertyValueSpecification\",\"valueRequired\":true,\"valueName\":\"search_term_string\"}}],\"inLanguage\":\"en-US\"},{\"@type\":\"Organization\",\"@id\":\"https:\/\/primariamoldovanoua.ro\/#organization\",\"name\":\"Prim\u0103riaMoldovaNou\u0103.ro\",\"url\":\"https:\/\/primariamoldovanoua.ro\/\",\"logo\":{\"@type\":\"ImageObject\",\"inLanguage\":\"en-US\",\"@id\":\"https:\/\/primariamoldovanoua.ro\/#\/schema\/logo\/image\/\",\"url\":\"https:\/\/primariamoldovanoua.ro\/wp-content\/uploads\/2021\/04\/cropped-Logo-Moldova-Noua-M-1.png\",\"contentUrl\":\"https:\/\/primariamoldovanoua.ro\/wp-content\/uploads\/2021\/04\/cropped-Logo-Moldova-Noua-M-1.png\",\"width\":158,\"height\":250,\"caption\":\"Prim\u0103riaMoldovaNou\u0103.ro\"},\"image\":{\"@id\":\"https:\/\/primariamoldovanoua.ro\/#\/schema\/logo\/image\/\"}}]}<\/script>\n<!-- \/ Yoast SEO plugin. -->","yoast_head_json":{"title":"SVSU - Prim\u0103riaMoldovaNou\u0103.ro","robots":{"index":"index","follow":"follow","max-snippet":"max-snippet:-1","max-image-preview":"max-image-preview:large","max-video-preview":"max-video-preview:-1"},"canonical":"https:\/\/primariamoldovanoua.ro\/index.php\/svsu\/","og_locale":"en_US","og_type":"article","og_title":"SVSU - Prim\u0103riaMoldovaNou\u0103.ro","og_description":"1.Informa\u0163ii utile: Reguli pentru prevenirea incendiilor \u00een sezonul rece &#8211; Descarc\u0103 M\u0103suri de ap\u0103rare \u00eempotriva incendiilor la arderea miri\u015ftilor, vegeta\u0163iei uscate \u015fi resturilor vegetale &#8211; Descarc\u0103 Semnifica\u021bia semnalelor de alarmare acustic\u0103 a popula\u021biei &#8211; Descarc\u0103 Semnifica\u0163ia codurilor de culori pentru avertiz\u0103rile hidro-meteorologice &#8211; Descarc\u0103 Ziua inform\u0103rii preventive &#8211; IGSU &#8211; Descarc\u0103 Reguli de protec\u0163ie \u00een [&hellip;]","og_url":"https:\/\/primariamoldovanoua.ro\/index.php\/svsu\/","og_site_name":"Prim\u0103riaMoldovaNou\u0103.ro","article_modified_time":"2025-08-08T06:54:09+00:00","twitter_card":"summary_large_image","twitter_misc":{"Est. reading time":"1 minute"},"schema":{"@context":"https:\/\/schema.org","@graph":[{"@type":"WebPage","@id":"https:\/\/primariamoldovanoua.ro\/index.php\/svsu\/","url":"https:\/\/primariamoldovanoua.ro\/index.php\/svsu\/","name":"SVSU - Prim\u0103riaMoldovaNou\u0103.ro","isPartOf":{"@id":"https:\/\/primariamoldovanoua.ro\/#website"},"datePublished":"2019-01-18T11:18:10+00:00","dateModified":"2025-08-08T06:54:09+00:00","breadcrumb":{"@id":"https:\/\/primariamoldovanoua.ro\/index.php\/svsu\/#breadcrumb"},"inLanguage":"en-US","potentialAction":[{"@type":"ReadAction","target":["https:\/\/primariamoldovanoua.ro\/index.php\/svsu\/"]}]},{"@type":"BreadcrumbList","@id":"https:\/\/primariamoldovanoua.ro\/index.php\/svsu\/#breadcrumb","itemListElement":[{"@type":"ListItem","position":1,"name":"Home","item":"https:\/\/primariamoldovanoua.ro\/"},{"@type":"ListItem","position":2,"name":"SVSU"}]},{"@type":"WebSite","@id":"https:\/\/primariamoldovanoua.ro\/#website","url":"https:\/\/primariamoldovanoua.ro\/","name":"Prim\u0103riaMoldovaNou\u0103.ro","description":"Site-ul oficial al UAT Moldova Nou\u0103, jude\u0163ul Cara\u015f-Severin","publisher":{"@id":"https:\/\/primariamoldovanoua.ro\/#organization"},"potentialAction":[{"@type":"SearchAction","target":{"@type":"EntryPoint","urlTemplate":"https:\/\/primariamoldovanoua.ro\/?s={search_term_string}"},"query-input":{"@type":"PropertyValueSpecification","valueRequired":true,"valueName":"search_term_string"}}],"inLanguage":"en-US"},{"@type":"Organization","@id":"https:\/\/primariamoldovanoua.ro\/#organization","name":"Prim\u0103riaMoldovaNou\u0103.ro","url":"https:\/\/primariamoldovanoua.ro\/","logo":{"@type":"ImageObject","inLanguage":"en-US","@id":"https:\/\/primariamoldovanoua.ro\/#\/schema\/logo\/image\/","url":"https:\/\/primariamoldovanoua.ro\/wp-content\/uploads\/2021\/04\/cropped-Logo-Moldova-Noua-M-1.png","contentUrl":"https:\/\/primariamoldovanoua.ro\/wp-content\/uploads\/2021\/04\/cropped-Logo-Moldova-Noua-M-1.png","width":158,"height":250,"caption":"Prim\u0103riaMoldovaNou\u0103.ro"},"image":{"@id":"https:\/\/primariamoldovanoua.ro\/#\/schema\/logo\/image\/"}}]}},"_links":{"self":[{"href":"https:\/\/primariamoldovanoua.ro\/index.php\/wp-json\/wp\/v2\/pages\/3581","targetHints":{"allow":["GET"]}}],"collection":[{"href":"https:\/\/primariamoldovanoua.ro\/index.php\/wp-json\/wp\/v2\/pages"}],"about":[{"href":"https:\/\/primariamoldovanoua.ro\/index.php\/wp-json\/wp\/v2\/types\/page"}],"author":[{"embeddable":true,"href":"https:\/\/primariamoldovanoua.ro\/index.php\/wp-json\/wp\/v2\/users\/1"}],"replies":[{"embeddable":true,"href":"https:\/\/primariamoldovanoua.ro\/index.php\/wp-json\/wp\/v2\/comments?post=3581"}],"version-history":[{"count":1,"href":"https:\/\/primariamoldovanoua.ro\/index.php\/wp-json\/wp\/v2\/pages\/3581\/revisions"}],"predecessor-version":[{"id":12247,"href":"https:\/\/primariamoldovanoua.ro\/index.php\/wp-json\/wp\/v2\/pages\/3581\/revisions\/12247"}],"wp:attachment":[{"href":"https:\/\/primariamoldovanoua.ro\/index.php\/wp-json\/wp\/v2\/media?parent=3581"}],"curies":[{"name":"wp","href":"https:\/\/api.w.org\/{rel}","templated":true}]}}