{"id":3910,"date":"2025-11-06T08:57:00","date_gmt":"2025-11-06T06:57:00","guid":{"rendered":"https:\/\/primariamoldovanoua.ro\/?page_id=3910"},"modified":"2026-04-27T13:53:37","modified_gmt":"2026-04-27T11:53:37","slug":"taxe-si-impozite-2","status":"publish","type":"page","link":"https:\/\/primariamoldovanoua.ro\/index.php\/taxe-si-impozite-2\/","title":{"rendered":"Taxe si Impozite"},"content":{"rendered":"\n<p class=\"has-text-align-left has-large-font-size\">ANUNTURI TAXE SI IMPOZITE<\/p>\n\n\n\n<p><a href=\"https:\/\/primariamoldovanoua.ro\/wp-content\/uploads\/2025\/02\/Anunt.-Comunicare-prin-publicitate-a-actelor-administrative-fiscale-29.01.pdf\" target=\"_blank\" rel=\"noreferrer noopener\">Comunicare prin publicitate a actelor administrative fiscale 29.012025.pdf<\/a><\/p>\n\n\n\n<p><a href=\"https:\/\/primariamoldovanoua.ro\/wp-content\/uploads\/2025\/02\/Anunt.-Comunicare-prin-publicitate-a-actelor-administrative-fiscale.05.02.202.pdf\" target=\"_blank\" rel=\"noreferrer noopener\">Comunicare prin publicitate a actelor administrative fiscale.05.02.2025.pdf<\/a><\/p>\n\n\n\n<p><a href=\"https:\/\/primariamoldovanoua.ro\/wp-content\/uploads\/2025\/02\/Anunt.-Comunicare-prin-publicitate-a-actelor-administrative-fiscale-29.01-1.pdf\" target=\"_blank\" rel=\"noreferrer noopener\">Anun\u0163 colectiv pentru comunicarea prin publicitate a actelor administrative fiscale.11.02.2025.pdf<\/a><\/p>\n\n\n\n<p><a href=\"https:\/\/primariamoldovanoua.ro\/wp-content\/uploads\/2025\/03\/SKM_C250i25030508500.pdf\">Anun\u0163 colectiv pentru comunicarea prin publicitate a actelor administrative fiscale.28.02.2025<\/a><\/p>\n\n\n\n<p><a href=\"https:\/\/primariamoldovanoua.ro\/wp-content\/uploads\/2025\/03\/Anunt-colectiv-pentru-comunicarea-prin-publicitate-a-actelor-administrative-fiscale.19.03.2025-1.pdf\">Anun\u0163 colectiv pentru comunicarea prin publicitate a actelor administrative fiscale.19.03.2025<\/a><\/p>\n\n\n\n<p><a href=\"https:\/\/primariamoldovanoua.ro\/wp-content\/uploads\/2025\/05\/anunt-colectiv-12.05.2025.pdf\">Anun\u0163 colectiv pentru comunicarea prin publicitate a actelor administrative fiscale 12.05.2025<\/a><\/p>\n\n\n\n<p><a href=\"https:\/\/primariamoldovanoua.ro\/wp-content\/uploads\/2025\/07\/Anunt-colectiv-pentru-comunicarea-prin-publicitate-a-actelor-administrative-fiscale-01.07.2025-1.pdf\">Anun\u0163 colectiv pentru comunicarea prin publicitate a actelor administrative fiscale 01.07.2025<\/a><\/p>\n\n\n\n<p><a href=\"https:\/\/primariamoldovanoua.ro\/wp-content\/uploads\/2025\/07\/Anunt-colectiv-pentru-comunicarea-prin-publicitate-a-actelor-administrative-fiscale-18.07.2025.pdf\">Anun\u021b colectiv pentru comunicarea prin publicitate a actelor administrative fiscale 18.07.2025<\/a><\/p>\n\n\n\n<p><a href=\"https:\/\/primariamoldovanoua.ro\/wp-content\/uploads\/2025\/08\/SSITB08580625082710580.pdf\">Anun\u0163 colectiv pentru comunicarea prin publicitate a actelor administrative fiscale 26.08.2025<\/a><\/p>\n\n\n\n<p><a href=\"https:\/\/primariamoldovanoua.ro\/wp-content\/uploads\/2025\/09\/ANUNT-COLECTIV-16.09.2025.pdf\">Anun\u0163 colectiv pentru comunicarea prin publicitate a actelor administrative fiscale 16.09.2025<\/a><\/p>\n\n\n\n<p><a href=\"https:\/\/primariamoldovanoua.ro\/wp-content\/uploads\/2025\/10\/ANUNT-COLECTIV-02.10.2025.pdf\">Anun\u0163 colectiv pentru comunicarea prin publicitate a actelor administrative fiscale 02.10.2025<\/a><\/p>\n\n\n\n<p><a href=\"https:\/\/primariamoldovanoua.ro\/wp-content\/uploads\/2025\/10\/ANUNT-COLECTIV-09.10.2025.pdf\">Anun\u0163 colectiv pentru comunicarea prin publicitate a actelor administrative fiscale 09.10.2025<\/a><\/p>\n\n\n\n<p><a href=\"https:\/\/primariamoldovanoua.ro\/wp-content\/uploads\/2025\/10\/ANUNT-COLECTIV-NR.8881.pdf\">Anun\u0163 colectiv pentru comunicarea prin publicitate a actelor administrative fiscale 10.10.2025<\/a><\/p>\n\n\n\n<p><a href=\"https:\/\/primariamoldovanoua.ro\/wp-content\/uploads\/2025\/10\/ANUNT-COLECTIV-14.10.2025.pdf\">Anun\u0163 colectiv pentru comunicarea prin publicitate a actelor administrative fiscale 14.10.2025<\/a><\/p>\n\n\n\n<p><a href=\"https:\/\/primariamoldovanoua.ro\/wp-content\/uploads\/2025\/10\/ANUNT-COLECTIV-20.10.2025.pdf\">Anun\u0163 colectiv pentru comunicarea prin publicitate a actelor administrative fiscale 20.10.2025<\/a><\/p>\n\n\n\n<p><a href=\"https:\/\/primariamoldovanoua.ro\/wp-content\/uploads\/2025\/11\/ANUNT-COLECTIV-06.11.2025.pdf\">Anun\u0163 colectiv pentru comunicarea prin publicitate a actelor administrative fiscale 06.11.2025<\/a><\/p>\n\n\n\n<p><a href=\"https:\/\/primariamoldovanoua.ro\/wp-content\/uploads\/2025\/11\/SKM_C250i25111006250.pdf\">Anun\u0163 colectiv pentru comunicarea prin publicitate a actelor administrative fiscale. 06.11.2025<\/a><\/p>\n\n\n\n<p><a href=\"https:\/\/primariamoldovanoua.ro\/wp-content\/uploads\/2025\/11\/ANUNT-COLECTIV-11.11.2025.pdf\">Anun\u0163 colectiv pentru comunicarea prin publicitate a actelor administrative fiscale. 11.11.2025<\/a><\/p>\n\n\n\n<p><a href=\"https:\/\/primariamoldovanoua.ro\/wp-content\/uploads\/2025\/11\/Anunt-proiect-supus-dezbaterii-publice.-taxe-si-impozite-locale-pentru-anul-2026.pdf\">Anun\u021b&nbsp;&#8211; Proiect de hot\u0103r\u00e2re supus dezbaterii publice&nbsp;03.11.2025<\/a><\/p>\n\n\n\n<p><a href=\"https:\/\/primariamoldovanoua.ro\/wp-content\/uploads\/2025\/11\/ANUNT-COLECTIV-17.11.2025.pdf\">Anun\u0163 colectiv pentru comunicarea prin publicitate a actelor administrative fiscale. 17.11.2025<\/a><\/p>\n\n\n\n<p><a href=\"https:\/\/primariamoldovanoua.ro\/wp-content\/uploads\/2025\/11\/ANUNT-COLECTIV-19.11.2025.pdf\">Anun\u0163 colectiv pentru comunicarea prin publicitate a actelor administrative fiscale. 19.11.2025<\/a><\/p>\n\n\n\n<p><a href=\"https:\/\/primariamoldovanoua.ro\/wp-content\/uploads\/2025\/12\/ANUNT-COLECTIV-28.11.2025.pdf\">Anun\u0163 colectiv pentru comunicarea prin publicitate a actelor administrative fiscale. 28.11.2025<\/a><\/p>\n\n\n\n<p><a href=\"https:\/\/primariamoldovanoua.ro\/wp-content\/uploads\/2025\/12\/ANUNT-COLECTIV-10486-08.12.2025.pdf\">Anun\u0163 colectiv pentru comunicarea prin publicitate a actelor administrative fiscale. 08.12.2025<\/a><\/p>\n\n\n\n<p><a href=\"https:\/\/primariamoldovanoua.ro\/wp-content\/uploads\/2025\/12\/ANUNT-COLECTIV-10640-11.12.2025.pdf\">Anun\u0163 colectiv pentru comunicarea prin publicitate a actelor administrative fiscale. 11.12.2025<\/a><\/p>\n\n\n\n<p><a href=\"https:\/\/primariamoldovanoua.ro\/wp-content\/uploads\/2025\/12\/Anunt-Colectiv-17.12.2025.pdf\">Anun\u0163 colectiv pentru comunicarea prin publicitate a actelor administrative fiscale. 17.12.2025<\/a><\/p>\n\n\n\n<p><a href=\"https:\/\/primariamoldovanoua.ro\/wp-content\/uploads\/2025\/12\/KMNB422009192B9_007629.pdf\">Anun\u0163 privind activitatea cu publicul a Serviciului Taxe \u015fi Impozite Locale \u00een perioada 24.12.2025-08.01.2026<\/a><\/p>\n\n\n\n<p><a href=\"https:\/\/primariamoldovanoua.ro\/wp-content\/uploads\/2026\/01\/ANUNT-COLECTIV-30.12.2025.pdf\">Anun\u0163 colectiv pentru comunicarea prin publicitate a actelor administrative fiscale. 30.12.2025<\/a><\/p>\n\n\n\n<p><a href=\"https:\/\/primariamoldovanoua.ro\/wp-content\/uploads\/2026\/03\/ANUNT-COLECTIV-09.02.2026.pdf\">Anun\u0163 colectiv pentru comunicarea prin publicitate 09.02.2026<\/a><\/p>\n\n\n\n<p><a href=\"https:\/\/primariamoldovanoua.ro\/wp-content\/uploads\/2026\/03\/ANUNT-COLECTIV-25.02.2026.pdf\">Anun\u0163 colectiv pentru comunicarea prin publicitate a actelor administrative fiscale 25.02.2026<\/a><\/p>\n\n\n\n<p><a href=\"https:\/\/primariamoldovanoua.ro\/wp-content\/uploads\/2026\/02\/SKM_C250i26022713360.pdf\">Anun\u021b &#8211; Proiect de hot\u0103r\u00e2re supus dezbaterii publice 27.02.2026<\/a><\/p>\n\n\n\n<p><a href=\"https:\/\/primariamoldovanoua.ro\/wp-content\/uploads\/2026\/03\/ANUNT-COLECTIV-03.03.2026-1.pdf\">Anun\u0163 colectiv pentru comunicarea prin publicitate 03.03.2026<\/a><\/p>\n\n\n\n<p><a href=\"https:\/\/primariamoldovanoua.ro\/wp-content\/uploads\/2026\/03\/ANUNT-COLECTIV-11.03.2026.pdf\">Anun\u0163 colectiv pentru comunicarea prin publicitate a actelor administrative fiscale 11.03.2026<\/a><\/p>\n\n\n\n<p><a href=\"https:\/\/primariamoldovanoua.ro\/wp-content\/uploads\/2026\/03\/ANUNT-COLECTIV-25.03.2026.pdf\">Anun\u0163 colectiv pentru comunicarea prin publicitate a actelor administrative fiscale 25.03.2026<\/a><\/p>\n\n\n\n<p><a href=\"https:\/\/primariamoldovanoua.ro\/wp-content\/uploads\/2026\/04\/Anunt-Colectiv-06.04.2026.pdf\">Anun\u0163 colectiv pentru comunicarea prin publicitate a actelor administrative fiscale 06.04.2026<\/a><\/p>\n\n\n\n<p><a href=\"https:\/\/primariamoldovanoua.ro\/wp-content\/uploads\/2026\/04\/ANUNT-COLECTIV-21.04.2026.pdf\">Anun\u0163 colectiv pentru comunicarea prin publicitate a actelor administrative fiscale 21.04.2026<\/a><\/p>\n\n\n\n<p><a href=\"https:\/\/primariamoldovanoua.ro\/wp-content\/uploads\/2026\/04\/ANUNT-COLECTIV-23.04.2026.pdf\">Anun\u0163 colectiv pentru comunicarea prin publicitate a actelor administrative fiscale 23.04.2026<\/a><\/p>\n\n\n\n<p><a href=\"https:\/\/primariamoldovanoua.ro\/wp-content\/uploads\/2026\/04\/ANUNT-COLECTIV-27.04.2026.pdf\">Anun\u0163 colectiv pentru comunicarea prin publicitate a actelor administrative fiscale 27.04.2026<\/a><\/p>\n\n\n\n<p>Email: <a href=\"mailto:taxe@primariamoldovanoua.ro\" target=\"_blank\" rel=\"noreferrer noopener\">taxe@primariamoldovanoua.ro<\/a><\/p>\n\n\n\n<p><\/p>\n","protected":false},"excerpt":{"rendered":"<p>ANUNTURI TAXE SI IMPOZITE Comunicare prin publicitate a actelor administrative fiscale 29.012025.pdf Comunicare prin publicitate a actelor administrative fiscale.05.02.2025.pdf Anun\u0163 colectiv pentru comunicarea prin publicitate a actelor administrative fiscale.11.02.2025.pdf Anun\u0163 colectiv pentru comunicarea prin publicitate a actelor administrative fiscale.28.02.2025 Anun\u0163 colectiv pentru comunicarea prin publicitate a actelor administrative fiscale.19.03.2025 Anun\u0163 colectiv pentru comunicarea prin publicitate [&hellip;]<\/p>\n","protected":false},"author":1,"featured_media":0,"parent":0,"menu_order":0,"comment_status":"closed","ping_status":"closed","template":"","meta":{"site-sidebar-layout":"default","site-content-layout":"default","ast-site-content-layout":"default","site-content-style":"default","site-sidebar-style":"default","ast-global-header-display":"","ast-banner-title-visibility":"","ast-main-header-display":"","ast-hfb-above-header-display":"","ast-hfb-below-header-display":"","ast-hfb-mobile-header-display":"","site-post-title":"","ast-breadcrumbs-content":"","ast-featured-img":"","footer-sml-layout":"","theme-transparent-header-meta":"default","adv-header-id-meta":"","stick-header-meta":"default","header-above-stick-meta":"","header-main-stick-meta":"","header-below-stick-meta":"","astra-migrate-meta-layouts":"set","ast-page-background-enabled":"default","ast-page-background-meta":{"desktop":{"background-color":"","background-image":"","background-repeat":"repeat","background-position":"center center","background-size":"auto","background-attachment":"scroll","background-type":"","background-media":"","overlay-type":"","overlay-color":"","overlay-gradient":""},"tablet":{"background-color":"","background-image":"","background-repeat":"repeat","background-position":"center center","background-size":"auto","background-attachment":"scroll","background-type":"","background-media":"","overlay-type":"","overlay-color":"","overlay-gradient":""},"mobile":{"background-color":"","background-image":"","background-repeat":"repeat","background-position":"center center","background-size":"auto","background-attachment":"scroll","background-type":"","background-media":"","overlay-type":"","overlay-color":"","overlay-gradient":""}},"ast-content-background-meta":{"desktop":{"background-color":"var(--ast-global-color-5)","background-image":"","background-repeat":"repeat","background-position":"center center","background-size":"auto","background-attachment":"scroll","background-type":"","background-media":"","overlay-type":"","overlay-color":"","overlay-gradient":""},"tablet":{"background-color":"var(--ast-global-color-5)","background-image":"","background-repeat":"repeat","background-position":"center center","background-size":"auto","background-attachment":"scroll","background-type":"","background-media":"","overlay-type":"","overlay-color":"","overlay-gradient":""},"mobile":{"background-color":"var(--ast-global-color-5)","background-image":"","background-repeat":"repeat","background-position":"center center","background-size":"auto","background-attachment":"scroll","background-type":"","background-media":"","overlay-type":"","overlay-color":"","overlay-gradient":""}},"footnotes":""},"class_list":["post-3910","page","type-page","status-publish","hentry"],"yoast_head":"<!-- This site is optimized with the Yoast SEO plugin v27.0 - https:\/\/yoast.com\/product\/yoast-seo-wordpress\/ -->\n<title>Taxe si Impozite - Prim\u0103riaMoldovaNou\u0103.ro<\/title>\n<meta name=\"robots\" content=\"index, follow, max-snippet:-1, max-image-preview:large, max-video-preview:-1\" \/>\n<link rel=\"canonical\" href=\"https:\/\/primariamoldovanoua.ro\/index.php\/taxe-si-impozite-2\/\" \/>\n<meta property=\"og:locale\" content=\"en_US\" \/>\n<meta property=\"og:type\" content=\"article\" \/>\n<meta property=\"og:title\" content=\"Taxe si Impozite - Prim\u0103riaMoldovaNou\u0103.ro\" \/>\n<meta property=\"og:description\" content=\"ANUNTURI TAXE SI IMPOZITE Comunicare prin publicitate a actelor administrative fiscale 29.012025.pdf Comunicare prin publicitate a actelor administrative fiscale.05.02.2025.pdf Anun\u0163 colectiv pentru comunicarea prin publicitate a actelor administrative fiscale.11.02.2025.pdf Anun\u0163 colectiv pentru comunicarea prin publicitate a actelor administrative fiscale.28.02.2025 Anun\u0163 colectiv pentru comunicarea prin publicitate a actelor administrative fiscale.19.03.2025 Anun\u0163 colectiv pentru comunicarea prin publicitate [&hellip;]\" \/>\n<meta property=\"og:url\" content=\"https:\/\/primariamoldovanoua.ro\/index.php\/taxe-si-impozite-2\/\" \/>\n<meta property=\"og:site_name\" content=\"Prim\u0103riaMoldovaNou\u0103.ro\" \/>\n<meta property=\"article:modified_time\" content=\"2026-04-27T11:53:37+00:00\" \/>\n<meta name=\"twitter:card\" content=\"summary_large_image\" \/>\n<meta name=\"twitter:label1\" content=\"Est. reading time\" \/>\n\t<meta name=\"twitter:data1\" content=\"2 minutes\" \/>\n<script type=\"application\/ld+json\" class=\"yoast-schema-graph\">{\"@context\":\"https:\/\/schema.org\",\"@graph\":[{\"@type\":\"WebPage\",\"@id\":\"https:\/\/primariamoldovanoua.ro\/index.php\/taxe-si-impozite-2\/\",\"url\":\"https:\/\/primariamoldovanoua.ro\/index.php\/taxe-si-impozite-2\/\",\"name\":\"Taxe si Impozite - Prim\u0103riaMoldovaNou\u0103.ro\",\"isPartOf\":{\"@id\":\"https:\/\/primariamoldovanoua.ro\/#website\"},\"datePublished\":\"2025-11-06T06:57:00+00:00\",\"dateModified\":\"2026-04-27T11:53:37+00:00\",\"breadcrumb\":{\"@id\":\"https:\/\/primariamoldovanoua.ro\/index.php\/taxe-si-impozite-2\/#breadcrumb\"},\"inLanguage\":\"en-US\",\"potentialAction\":[{\"@type\":\"ReadAction\",\"target\":[\"https:\/\/primariamoldovanoua.ro\/index.php\/taxe-si-impozite-2\/\"]}]},{\"@type\":\"BreadcrumbList\",\"@id\":\"https:\/\/primariamoldovanoua.ro\/index.php\/taxe-si-impozite-2\/#breadcrumb\",\"itemListElement\":[{\"@type\":\"ListItem\",\"position\":1,\"name\":\"Home\",\"item\":\"https:\/\/primariamoldovanoua.ro\/\"},{\"@type\":\"ListItem\",\"position\":2,\"name\":\"Taxe si Impozite\"}]},{\"@type\":\"WebSite\",\"@id\":\"https:\/\/primariamoldovanoua.ro\/#website\",\"url\":\"https:\/\/primariamoldovanoua.ro\/\",\"name\":\"Prim\u0103riaMoldovaNou\u0103.ro\",\"description\":\"Site-ul oficial al UAT Moldova Nou\u0103, jude\u0163ul Cara\u015f-Severin\",\"publisher\":{\"@id\":\"https:\/\/primariamoldovanoua.ro\/#organization\"},\"potentialAction\":[{\"@type\":\"SearchAction\",\"target\":{\"@type\":\"EntryPoint\",\"urlTemplate\":\"https:\/\/primariamoldovanoua.ro\/?s={search_term_string}\"},\"query-input\":{\"@type\":\"PropertyValueSpecification\",\"valueRequired\":true,\"valueName\":\"search_term_string\"}}],\"inLanguage\":\"en-US\"},{\"@type\":\"Organization\",\"@id\":\"https:\/\/primariamoldovanoua.ro\/#organization\",\"name\":\"Prim\u0103riaMoldovaNou\u0103.ro\",\"url\":\"https:\/\/primariamoldovanoua.ro\/\",\"logo\":{\"@type\":\"ImageObject\",\"inLanguage\":\"en-US\",\"@id\":\"https:\/\/primariamoldovanoua.ro\/#\/schema\/logo\/image\/\",\"url\":\"https:\/\/primariamoldovanoua.ro\/wp-content\/uploads\/2021\/04\/cropped-Logo-Moldova-Noua-M-1.png\",\"contentUrl\":\"https:\/\/primariamoldovanoua.ro\/wp-content\/uploads\/2021\/04\/cropped-Logo-Moldova-Noua-M-1.png\",\"width\":158,\"height\":250,\"caption\":\"Prim\u0103riaMoldovaNou\u0103.ro\"},\"image\":{\"@id\":\"https:\/\/primariamoldovanoua.ro\/#\/schema\/logo\/image\/\"}}]}<\/script>\n<!-- \/ Yoast SEO plugin. -->","yoast_head_json":{"title":"Taxe si Impozite - Prim\u0103riaMoldovaNou\u0103.ro","robots":{"index":"index","follow":"follow","max-snippet":"max-snippet:-1","max-image-preview":"max-image-preview:large","max-video-preview":"max-video-preview:-1"},"canonical":"https:\/\/primariamoldovanoua.ro\/index.php\/taxe-si-impozite-2\/","og_locale":"en_US","og_type":"article","og_title":"Taxe si Impozite - Prim\u0103riaMoldovaNou\u0103.ro","og_description":"ANUNTURI TAXE SI IMPOZITE Comunicare prin publicitate a actelor administrative fiscale 29.012025.pdf Comunicare prin publicitate a actelor administrative fiscale.05.02.2025.pdf Anun\u0163 colectiv pentru comunicarea prin publicitate a actelor administrative fiscale.11.02.2025.pdf Anun\u0163 colectiv pentru comunicarea prin publicitate a actelor administrative fiscale.28.02.2025 Anun\u0163 colectiv pentru comunicarea prin publicitate a actelor administrative fiscale.19.03.2025 Anun\u0163 colectiv pentru comunicarea prin publicitate [&hellip;]","og_url":"https:\/\/primariamoldovanoua.ro\/index.php\/taxe-si-impozite-2\/","og_site_name":"Prim\u0103riaMoldovaNou\u0103.ro","article_modified_time":"2026-04-27T11:53:37+00:00","twitter_card":"summary_large_image","twitter_misc":{"Est. reading time":"2 minutes"},"schema":{"@context":"https:\/\/schema.org","@graph":[{"@type":"WebPage","@id":"https:\/\/primariamoldovanoua.ro\/index.php\/taxe-si-impozite-2\/","url":"https:\/\/primariamoldovanoua.ro\/index.php\/taxe-si-impozite-2\/","name":"Taxe si Impozite - Prim\u0103riaMoldovaNou\u0103.ro","isPartOf":{"@id":"https:\/\/primariamoldovanoua.ro\/#website"},"datePublished":"2025-11-06T06:57:00+00:00","dateModified":"2026-04-27T11:53:37+00:00","breadcrumb":{"@id":"https:\/\/primariamoldovanoua.ro\/index.php\/taxe-si-impozite-2\/#breadcrumb"},"inLanguage":"en-US","potentialAction":[{"@type":"ReadAction","target":["https:\/\/primariamoldovanoua.ro\/index.php\/taxe-si-impozite-2\/"]}]},{"@type":"BreadcrumbList","@id":"https:\/\/primariamoldovanoua.ro\/index.php\/taxe-si-impozite-2\/#breadcrumb","itemListElement":[{"@type":"ListItem","position":1,"name":"Home","item":"https:\/\/primariamoldovanoua.ro\/"},{"@type":"ListItem","position":2,"name":"Taxe si Impozite"}]},{"@type":"WebSite","@id":"https:\/\/primariamoldovanoua.ro\/#website","url":"https:\/\/primariamoldovanoua.ro\/","name":"Prim\u0103riaMoldovaNou\u0103.ro","description":"Site-ul oficial al UAT Moldova Nou\u0103, jude\u0163ul Cara\u015f-Severin","publisher":{"@id":"https:\/\/primariamoldovanoua.ro\/#organization"},"potentialAction":[{"@type":"SearchAction","target":{"@type":"EntryPoint","urlTemplate":"https:\/\/primariamoldovanoua.ro\/?s={search_term_string}"},"query-input":{"@type":"PropertyValueSpecification","valueRequired":true,"valueName":"search_term_string"}}],"inLanguage":"en-US"},{"@type":"Organization","@id":"https:\/\/primariamoldovanoua.ro\/#organization","name":"Prim\u0103riaMoldovaNou\u0103.ro","url":"https:\/\/primariamoldovanoua.ro\/","logo":{"@type":"ImageObject","inLanguage":"en-US","@id":"https:\/\/primariamoldovanoua.ro\/#\/schema\/logo\/image\/","url":"https:\/\/primariamoldovanoua.ro\/wp-content\/uploads\/2021\/04\/cropped-Logo-Moldova-Noua-M-1.png","contentUrl":"https:\/\/primariamoldovanoua.ro\/wp-content\/uploads\/2021\/04\/cropped-Logo-Moldova-Noua-M-1.png","width":158,"height":250,"caption":"Prim\u0103riaMoldovaNou\u0103.ro"},"image":{"@id":"https:\/\/primariamoldovanoua.ro\/#\/schema\/logo\/image\/"}}]}},"_links":{"self":[{"href":"https:\/\/primariamoldovanoua.ro\/index.php\/wp-json\/wp\/v2\/pages\/3910","targetHints":{"allow":["GET"]}}],"collection":[{"href":"https:\/\/primariamoldovanoua.ro\/index.php\/wp-json\/wp\/v2\/pages"}],"about":[{"href":"https:\/\/primariamoldovanoua.ro\/index.php\/wp-json\/wp\/v2\/types\/page"}],"author":[{"embeddable":true,"href":"https:\/\/primariamoldovanoua.ro\/index.php\/wp-json\/wp\/v2\/users\/1"}],"replies":[{"embeddable":true,"href":"https:\/\/primariamoldovanoua.ro\/index.php\/wp-json\/wp\/v2\/comments?post=3910"}],"version-history":[{"count":85,"href":"https:\/\/primariamoldovanoua.ro\/index.php\/wp-json\/wp\/v2\/pages\/3910\/revisions"}],"predecessor-version":[{"id":13793,"href":"https:\/\/primariamoldovanoua.ro\/index.php\/wp-json\/wp\/v2\/pages\/3910\/revisions\/13793"}],"wp:attachment":[{"href":"https:\/\/primariamoldovanoua.ro\/index.php\/wp-json\/wp\/v2\/media?parent=3910"}],"curies":[{"name":"wp","href":"https:\/\/api.w.org\/{rel}","templated":true}]}}