{"id":6558,"date":"2021-05-29T16:28:19","date_gmt":"2021-05-29T14:28:19","guid":{"rendered":"https:\/\/primariamoldovanoua.ro\/?page_id=6558"},"modified":"2022-04-11T10:36:23","modified_gmt":"2022-04-11T08:36:23","slug":"hotarari-2021","status":"publish","type":"page","link":"https:\/\/primariamoldovanoua.ro\/index.php\/hotarari-2021\/","title":{"rendered":"Arhiv\u0103 2021"},"content":{"rendered":"\n<p><strong>Hot\u0103r\u00e2ri 2021<\/strong><\/p>\n\n\n\n<p><a href=\"https:\/\/primariamoldovanoua.ro\/wp-content\/uploads\/2021\/05\/1-1.pdf\" target=\"_blank\" rel=\"noreferrer noopener\">1\/20.04.2021 &#8211; Hot\u0103r\u00e2re privind organizarea comisiilor de specialitate ale Consiliului Local al ora\u0219ului Moldova Nou\u0103, jude\u021bul Cara\u0219-Severin<\/a><\/p>\n\n\n\n<p><a href=\"https:\/\/primariamoldovanoua.ro\/wp-content\/uploads\/2021\/05\/2.pdf\" target=\"_blank\" rel=\"noreferrer noopener\">2\/20.04.2021 &#8211; Hot\u0103r\u00e2re privind constituirea Comisiei de validare \u0219i de num\u0103rare a voturilor<\/a><\/p>\n\n\n\n<p><a href=\"https:\/\/primariamoldovanoua.ro\/wp-content\/uploads\/2021\/05\/3-1.pdf\" target=\"_blank\" rel=\"noreferrer noopener\">3\/20.04.2021 &#8211; Hot\u0103r\u00e2re privind alegerea Viceprimarului ora\u0219ului Moldova Nou\u0103<\/a><\/p>\n\n\n\n<p><a href=\"https:\/\/primariamoldovanoua.ro\/wp-content\/uploads\/2021\/05\/4-2.pdf\" target=\"_blank\" rel=\"noreferrer noopener\">4\/22.04.2021 &#8211; Hot\u0103r\u00e2re privind aprobarea utiliz\u0103rii excedentului bugetar al anului 2020 ca m\u0103sur\u0103 de finan\u021bare a cheltuielilor sec\u021biunii de dezvoltare aferente bugetului local al ora\u0219ului Moldova Nou\u0103 pe anul 2021<\/a><\/p>\n\n\n\n<p><a href=\"https:\/\/primariamoldovanoua.ro\/wp-content\/uploads\/2021\/05\/5-1.pdf\" target=\"_blank\" rel=\"noreferrer noopener\">5\/22.04.2021 &#8211; Hot\u0103r\u00e2re privind aprobarea bugetului local al ora\u0219ului Moldova Nou\u0103 pe anul 2021 \u0219i a bugetului activit\u0103\u021bilor finan\u021bate integral sau par\u021bial din venituri proprii pe anul 2021<\/a><\/p>\n\n\n\n<p><a rel=\"noreferrer noopener\" href=\"https:\/\/primariamoldovanoua.ro\/wp-content\/uploads\/2021\/05\/6-1.pdf\" target=\"_blank\">6\/22.04.2021 &#8211; Hot\u0103r\u00e2re privind modificarea statului de functii si al statului de personal ale aparatului de specialitate al primarului ora\u0219ului Moldova Nou\u0103<\/a><\/p>\n\n\n\n<p><a href=\"https:\/\/primariamoldovanoua.ro\/wp-content\/uploads\/2021\/06\/7-2021.pdf\" target=\"_blank\" rel=\"noreferrer noopener\">7\/29.04.2021 \u2013 Hot\u0103r\u00e2re privind aprobarea acord\u0103rii de scutire de la plata impozitului pe cl\u0103diri pentru Casa de Ajutor Reciproc IM Moldova Nou\u0103<\/a><\/p>\n\n\n\n<p><a href=\"https:\/\/primariamoldovanoua.ro\/wp-content\/uploads\/2021\/06\/8-2021.pdf\" target=\"_blank\" rel=\"noreferrer noopener\">8\/29.04.2021 \u2013 Hot\u0103r\u00e2re privind aprobarea acord\u0103rii de&nbsp; scutire de la plata&nbsp; impozitului pe cl\u0103direa folosit\u0103&nbsp; ca&nbsp; domiciliu, \u0219i\/sau alte cl\u0103diri si terenurile aferente cl\u0103dirii de&nbsp; domiciliu&nbsp; \u0219i\/sau alte&nbsp; terenuri aflate&nbsp; \u00een&nbsp; proprietatea sau coproprietatea d-lui Busioc Costel, cu domiciliul&nbsp; \u00een localitatea M\u0103ce\u0219ti, nr.157<\/a><\/p>\n\n\n\n<p><a href=\"https:\/\/primariamoldovanoua.ro\/wp-content\/uploads\/2021\/06\/9-2021.pdf\" target=\"_blank\" rel=\"noreferrer noopener\">9\/29.04.2021 &#8211; Hot\u0103r\u00e2re privind aprobarea Regulamentului de organizare \u0219i func\u021bionare al Bazelor sportive din ora\u0219ul Moldova Nou\u0103<\/a><\/p>\n\n\n\n<p><a href=\"https:\/\/primariamoldovanoua.ro\/wp-content\/uploads\/2021\/06\/10-2021.pdf\" target=\"_blank\" rel=\"noreferrer noopener\">10\/29.04.2021 &#8211; Hot\u0103r\u00e2re privind aprobarea Planului de ordine si siguranta publica al unitatii administrative teritoriale \u2013 orasul Moldova Noua pentru anul 2021<\/a><\/p>\n\n\n\n<p><a href=\"https:\/\/primariamoldovanoua.ro\/wp-content\/uploads\/2021\/06\/11-2021.pdf\" target=\"_blank\" rel=\"noreferrer noopener\">11\/29.04.2021 &#8211; Hot\u0103r\u00e2re privind constituirea la nivelul ora\u0219ului Moldova Nou\u0103 a Comisiei Locale de ordine public\u0103<\/a><\/p>\n\n\n\n<p><a href=\"https:\/\/primariamoldovanoua.ro\/wp-content\/uploads\/2021\/06\/12-2021.pdf\" target=\"_blank\" rel=\"noreferrer noopener\">12\/29.04.2021 &#8211; Hot\u0103r\u00e2re pentru aprobarea organiz\u0103rii re\u021belei \u0219colare a unit\u0103\u021bilor de \u00eenv\u0103\u021b\u0103m\u00e2nt preuniversitar de stat \u0219i particular de pe teritoriul ora\u0219ului Moldova Nou\u0103 pentru anul \u0219colar 2021-2022<\/a><\/p>\n\n\n\n<p><a href=\"https:\/\/primariamoldovanoua.ro\/wp-content\/uploads\/2021\/06\/13-2021.pdf\" target=\"_blank\" rel=\"noreferrer noopener\">13\/29.04.2021 &#8211; Hot\u0103r\u00e2re privind aprobarea proiectului tehnic \u0219i a indicatorilor tehnico-economici pentru obiectivul de investitie \u201dCRE\u0218TEREA EFICIEN\u021aEI ENERGETICE A BLOCURILOR DE LOCUIN\u021aE NR. 11, 12 \u0218I 13. STRADA LILIACULUI, MOLDOVA NOU\u0102\u201d COMPONENTA BL. 11<\/a><\/p>\n\n\n\n<p><a href=\"https:\/\/primariamoldovanoua.ro\/wp-content\/uploads\/2021\/06\/14-2021.pdf\" target=\"_blank\" rel=\"noreferrer noopener\">14\/29.04.2021 &#8211; Hot\u0103r\u00e2re privind aprobarea proiectului tehnic \u0219i a indicatorilor tehnico-economici pentru obiectivul de investitie \u201dCRE\u0218TEREA EFICIEN\u021aEI ENERGETICE A BLOCURILOR DE LOCUIN\u021aE NR. 11, 12 \u0218I 13. STRADA LILIACULUI, MOLDOVA NOU\u0102\u201d COMPONENTA BL. 12<\/a><\/p>\n\n\n\n<p><a href=\"https:\/\/primariamoldovanoua.ro\/wp-content\/uploads\/2021\/06\/15-2021.pdf\" target=\"_blank\" rel=\"noreferrer noopener\">15\/29.04.2021 &#8211; Hot\u0103r\u00e2re privind aprobarea proiectului tehnic \u0219i a indicatorilor tehnico-economici pentru obiectivul de investitie \u201dCRE\u0218TEREA EFICIEN\u021aEI ENERGETICE A BLOCURILOR DE LOCUIN\u021aE NR. 11, 12 \u0218I 13. STRADA LILIACULUI, MOLDOVA NOU\u0102\u201d COMPONENTA BL. 13<\/a><\/p>\n\n\n\n<p><a href=\"https:\/\/primariamoldovanoua.ro\/wp-content\/uploads\/2021\/06\/16-2021.pdf\" target=\"_blank\" rel=\"noreferrer noopener\">16\/29.04.2021 &#8211; Hot\u0103r\u00e2re privind achizi\u021bionarea serviciilor de proiectare \u0219i execu\u021bie a lucr\u0103rilor de racordare la re\u021beaua electric\u0103 a locului de consum ,, Bazin de \u00eenot \u0219i Cartier locuin\u021be tineret\u201d din ora\u0219ul Moldova Nou\u0103, strada Or\u0219ovei, FN<\/a><\/p>\n\n\n\n<p><a href=\"https:\/\/primariamoldovanoua.ro\/wp-content\/uploads\/2021\/06\/17-2021.pdf\" target=\"_blank\" rel=\"noreferrer noopener\">17\/29.04.2021 &#8211; Hot\u0103r\u00e2re privind aprobarea efectu\u0103rii lucrarilor de amenajare a padurilor ce fac parte din fondul forestier \u2013 prorietatea publica a orasului Moldova Nou\u0103<\/a><\/p>\n\n\n\n<p><a rel=\"noreferrer noopener\" href=\"https:\/\/primariamoldovanoua.ro\/wp-content\/uploads\/2021\/06\/18-2021.pdf\" target=\"_blank\">18\/29.04.2021 &#8211; Hot\u0103r\u00e2re privind desemnarea reprezen\u021bilor&nbsp; Consiliului Local al ora\u0219ului Moldova Nou\u0103 \u00een Consiliul de Administra\u021bie al Liceului Tehnologic ,,Clisura Dun\u0103rii\u201d Moldova Nou\u0103, Gr\u0103dini\u021bei cu Program Prelungit ,,Sf. Stelian\u201d Moldova Nou\u0103, \u0218colii Postliceale ,,Henri Coand\u0103\u201d Moldova Nou\u0103, pe anul \u0219colar 2020-2021 \u0219i desemnarea reprezen\u021bilor&nbsp; Consiliului Local al ora\u0219ului Moldova Nou\u0103 \u00een Comisia de evaluare \u0219i asigurare a calit\u0103\u021bii (CEAC) a Liceului Tehnologic ,,Clisura Dun\u0103rii\u201d Moldova Nou\u0103 \u0219i Gr\u0103dini\u021bei cu Program Prelungit ,,Sf. Stelian\u201d Moldova Nou\u0103, pe anul \u0219colar 2020-2021. 19\/29.04.2021 &#8211; Hot\u0103r\u00e2re&nbsp;&nbsp; privind&nbsp; desemnarea Directorului executiv si Directorului adjunct sportiv care vor face parte din Comitetul Director al Clubului Sportiv Moldova Noua<\/a><\/p>\n\n\n\n<p><a rel=\"noreferrer noopener\" href=\"https:\/\/primariamoldovanoua.ro\/wp-content\/uploads\/2021\/06\/19-2021.pdf\" target=\"_blank\">19\/29.04.2021 &#8211; Hot\u0103r\u00e2re&nbsp;&nbsp; privind&nbsp; desemnarea Directorului executiv si Directorului adjunct sportiv care vor face parte din Comitetul Director al Clubului Sportiv Moldova Noua.<\/a><\/p>\n\n\n\n<p><a href=\"https:\/\/primariamoldovanoua.ro\/wp-content\/uploads\/2021\/06\/20.pdf\" target=\"_blank\" rel=\"noreferrer noopener\">20\/13.05.2021 &#8211; Hot\u0103r\u00e2re privind aprobarea proiectului&nbsp;,,Achizi\u021bionarea de echipamente IT \u00een vederea desf\u0103\u0219ur\u0103rii activit\u0103\u021bilor \u0219colare \u00een contextul SARS-COV-2\u201d \u0219i a cheltuielilor legate de proiect<\/a><\/p>\n\n\n\n<p><a href=\"https:\/\/primariamoldovanoua.ro\/wp-content\/uploads\/2021\/06\/21.pdf\" target=\"_blank\" rel=\"noreferrer noopener\">21\/13.05.2021 &#8211; Hot\u0103r\u00e2re privind aprobarea actualiz\u0103rii documenta\u021biilor tehnico-economice \u2013 faza DALI pentru obiectivele de investi\u021bii \u201dExtindere teatru de var\u0103 prin \u00eenfiin\u021barea \u0219i dotarea Centrului Multicultural, ora\u0219 Moldova Nou\u0103\u201d, \u201d\u00cenfiin\u021bare spa\u021bii verzi adiacente Centrului Multicultural, ora\u0219ul Moldova Nou\u0103\u201d \u0219i&nbsp; \u201d\u00cembun\u0103t\u0103\u021birea infrastructurii de transport rutier intermodal \u00een zona de frontier\u0103 \u00een localitatea Moldova Nou\u0103\u201d&nbsp; din cadrul proiectului \u201d\u00cembun\u0103t\u0103\u021birea calit\u0103\u021bii vie\u021bii popula\u021biei \u00een ora\u0219ele mici \u0219i mijlocii din Rom\u00e2nia din cadrul POR 2014 &#8211; 2020<\/a><\/p>\n\n\n\n<p><a href=\"https:\/\/primariamoldovanoua.ro\/wp-content\/uploads\/2021\/06\/22.pdf\" target=\"_blank\" rel=\"noreferrer noopener\">22\/13.05.2021 &#8211; Hot\u0103r\u00e2re privind aprobarea ini\u021bierii demersurilor pentru Rezilierea Contractului de Finan\u021bare nr. 3972\/01.03.2019 \u00eencheiat \u00eentre Ministerul Dezvolt\u0103rii Regionale \u0219i Administra\u021biei Publice, Agen\u021bia pentru Dezvoltare Regional\u0103 Vest \u0219i UAT Ora\u0219 Moldova Nou\u0103 pentru proiectul \u201dEficientizarea energetic\u0103 a liceului Tehnologic Clisura Dun\u0103rii Moldova Nou\u0103 \u2013 corpul A cu sala de sport si atelierul scoala si centrala termica&#8221;, cod SMIS 118586, finan\u0163at prin POR 2014 \u2013 2020<\/a><\/p>\n\n\n\n<p><a href=\"https:\/\/primariamoldovanoua.ro\/wp-content\/uploads\/2021\/06\/23.pdf\" target=\"_blank\" rel=\"noreferrer noopener\">23\/13.05.2021 &#8211; Hot\u0103r\u00e2re privind aprobarea ini\u021bierii demersurilor pentru Rezilierea Contractului de Finan\u021bare nr. 4068\/15.03.2019 \u00eencheiat \u00eentre Ministerul Dezvolt\u0103rii Regionale \u0219i Administra\u021biei Publice, Agen\u021bia pentru Dezvoltare Regional\u0103 Vest \u0219i UAT Ora\u0219 Moldova Nou\u0103 pentru proiectul \u201dEficientizarea energetic\u0103 a Liceului Tehnologic Clisura Dun\u0103rii Moldova Nou\u0103 \u2013 corpul B&#8221;, cod SMIS 118585, finan\u0163at prin POR 2014 \u2013 2020<\/a><\/p>\n\n\n\n<p><a href=\"https:\/\/primariamoldovanoua.ro\/wp-content\/uploads\/2021\/06\/24.pdf\" target=\"_blank\" rel=\"noreferrer noopener\">24\/13.05.2021 &#8211; Hot\u0103r\u00e2re privind aprobarea caietului de sarcini si a aplicarii procedurii de achizitie directa in vederea in vederea incheierii unui Contract de prestari servicii pentru efectuarea activitatilor serviciului de dezinsectie, deratizare si dezinfectie pentru imobilele si spatiile publice din orasului Moldova Noua<\/a><\/p>\n\n\n\n<p><a href=\"https:\/\/primariamoldovanoua.ro\/wp-content\/uploads\/2021\/06\/25.pdf\" target=\"_blank\" rel=\"noreferrer noopener\">25\/13.05.2021 &#8211; Hot\u0103r\u00e2re privind aprobarea indicatorilor tehnico-economici pentru obiectivul de investi\u021bii \u201cRepara\u021bii la Monumentul Eroului Miner \u0219i la aleile de leg\u0103tur\u0103\u201d<\/a><\/p>\n\n\n\n<p><a href=\"https:\/\/primariamoldovanoua.ro\/wp-content\/uploads\/2021\/06\/26.pdf\" target=\"_blank\" rel=\"noreferrer noopener\">26\/13.05.2021 &#8211; Hot\u0103r\u00e2re privind aprobarea indicatorilor tehnico-economici pentru obiectivul de investi\u021bii \u201cConstruire \u00eenvelitoare la anexele sediului Prim\u0103riei\u201d<\/a><\/p>\n\n\n\n<p><a href=\"https:\/\/primariamoldovanoua.ro\/wp-content\/uploads\/2021\/06\/27.pdf\" target=\"_blank\" rel=\"noreferrer noopener\">27\/13.05.2021 &#8211; Hot\u0103r\u00e2re privind aprobarea indicatorilor tehnico-economici pentru obiectivul de investi\u021bii \u201cRepara\u021bii drumuri prin metoda stropiri succesive\u201d<\/a><\/p>\n\n\n\n<p><a href=\"https:\/\/primariamoldovanoua.ro\/wp-content\/uploads\/2021\/06\/28.pdf\" target=\"_blank\" rel=\"noreferrer noopener\">28\/13.05.2021 &#8211; Hot\u0103r\u00e2re privind alocarea sumei de 30.000,00 lei \u00een vederea achizi\u021bion\u0103rii de pubele din plastic de 120 litri<\/a><\/p>\n\n\n\n<p><a href=\"https:\/\/primariamoldovanoua.ro\/wp-content\/uploads\/2021\/06\/29.pdf\" target=\"_blank\" rel=\"noreferrer noopener\">29\/13.05.2021 &#8211; Hot\u0103r\u00e2re privind aprobarea modific\u0103rii structurii organizatorice a Spitalului Or\u0103\u0219enesc Moldova Nou\u0103<\/a><\/p>\n\n\n\n<p><a rel=\"noreferrer noopener\" href=\"https:\/\/primariamoldovanoua.ro\/wp-content\/uploads\/2021\/06\/30.pdf\" target=\"_blank\">30\/13.05.2021 &#8211; Hot\u0103r\u00e2re privind modificarea statului de func\u021bii \u0219i a statului de personal ale aparatului de specialitate al primarului ora\u0219ului Moldova Nou\u0103<\/a><\/p>\n\n\n\n<p><a href=\"https:\/\/primariamoldovanoua.ro\/wp-content\/uploads\/2021\/07\/31-2021.pdf\" target=\"_blank\" rel=\"noreferrer noopener\">31\/31.05.2021 &#8211; Hot\u0103r\u00e2re privind aprobarea&nbsp; regulamentulului de organizare \u015fi func\u0163ionare a Consiliului Local al ora\u0219ului Moldova Nou\u0103<\/a><\/p>\n\n\n\n<p><a href=\"https:\/\/primariamoldovanoua.ro\/wp-content\/uploads\/2021\/06\/32-2021.pdf\" target=\"_blank\" rel=\"noreferrer noopener\">32\/31.05.2021 &#8211; Hot\u0103r\u00e2re privind rectificarea bugetului local al ora\u0219ului Moldova Nou\u0103 pe anul 2021<\/a><\/p>\n\n\n\n<p><a href=\"https:\/\/primariamoldovanoua.ro\/wp-content\/uploads\/2021\/06\/33-2021.pdf\" target=\"_blank\" rel=\"noreferrer noopener\">33\/31.05.2021 &#8211; Hot\u0103r\u00e2re privind rectificarea bugetului de venituri \u0219i cheltuieli al Spitalului Or\u0103\u0219enesc Moldova Nou\u0103 pe anul 2021<\/a><\/p>\n\n\n\n<p><a href=\"https:\/\/primariamoldovanoua.ro\/wp-content\/uploads\/2021\/06\/34-2021.pdf\" target=\"_blank\" rel=\"noreferrer noopener\">34\/31.05.2021 &#8211; Hot\u0103r\u00e2re privind stabilirea cuantumului indemnizatiei lunare pentru participarea consilierilor locali la sedintele Consiliului Local al orasului Moldova Nou\u0103 si ale comisiilor de specialitate ale acestuia<\/a><\/p>\n\n\n\n<p><a href=\"https:\/\/primariamoldovanoua.ro\/wp-content\/uploads\/2021\/06\/35-2021.pdf\" target=\"_blank\" rel=\"noreferrer noopener\">35\/31.05.2021 &#8211; Hot\u0103r\u00e2re privind desemnarea unui reprezentant al ora\u0219ului Moldova Nou\u0103 \u00een Adunarea General\u0103&nbsp; a Asocia\u021bilor SC Eoliana Cara\u0219 SRL<\/a><\/p>\n\n\n\n<p><a href=\"https:\/\/primariamoldovanoua.ro\/wp-content\/uploads\/2021\/06\/36-2021.pdf\" target=\"_blank\" rel=\"noreferrer noopener\">36\/31.05.2021 &#8211;&nbsp; Hot\u0103r\u00e2re privind aprobarea componen\u0163ei \u015fi atribu\u0163iile Comisiei sociale de analiz\u0103 a solicit\u0103rilor de locuin\u0163e sociale \u0219i de locuin\u021be pentru tineri construite din fondurile ANL aflate \u00een administrarea Serviciului Patrimoniu, Taxe, Impozite \u0219i Administrarea Pie\u021belor<\/a><\/p>\n\n\n\n<p><a href=\"https:\/\/primariamoldovanoua.ro\/wp-content\/uploads\/2021\/06\/37-2021.pdf\" target=\"_blank\" rel=\"noreferrer noopener\">37\/31.05.2021 &#8211; Hot\u0103r\u00e2re privind indexarea impozitelor si taxelor&nbsp; locale care&nbsp; constau intr-o anumita suma in lei sau care sunt stabilite pe baza unei anumite sume in lei , a taxelor speciale&nbsp; precum si limitele amenzilor care&nbsp; se&nbsp; fac&nbsp; venit&nbsp; la&nbsp; bugetul local , pentru anul&nbsp; fiscal 2022 in orasul Moldova Noua<\/a><\/p>\n\n\n\n<p><a href=\"https:\/\/primariamoldovanoua.ro\/wp-content\/uploads\/2021\/06\/38-2021.pdf\" target=\"_blank\" rel=\"noreferrer noopener\">38\/31.05.2021 &#8211; Hot\u0103r\u00e2re&nbsp; privind aprobarea d\u0103rii \u00een folosin\u021b\u0103 gratuit\u0103 a echipamentelor pentru situa\u021bii de urgen\u021b\u0103 c\u0103tre INSPECTORATUL PENTRU SITUA\u021aII DE URGEN\u021a\u0102 ,,SEMENIC\u201d AL JUDE\u021aULUI CARA\u0218-SEVERIN<\/a><\/p>\n\n\n\n<p><a href=\"https:\/\/primariamoldovanoua.ro\/wp-content\/uploads\/2021\/06\/39-2021.pdf\" target=\"_blank\" rel=\"noreferrer noopener\">39\/31.05.2021- Hot\u0103r\u00e2re privind aprobarea bugetului de venituri si cheltuieli al SC EOLIANA CARA\u0218 SRL pe anul 2021<\/a><\/p>\n\n\n\n<p><a rel=\"noreferrer noopener\" href=\"https:\/\/primariamoldovanoua.ro\/wp-content\/uploads\/2021\/06\/40-2021.pdf\" target=\"_blank\">40\/31.05.2021 &#8211; Hot\u0103r\u00e2re privind aprobarea d\u0103rii \u00een folosin\u021b\u0103 gratuit\u0103 a unor imobile-spa\u021bii \u00een suprafa\u021b\u0103 de 86,40 mp \u0219i imobil teren \u00een suprafa\u021b\u0103 de 21 mp din CF. nr. 30359, situate \u00een Spitalul Or\u0103\u0219enesc Moldova Nou\u0103, str. Sf. Varvara, nr. 1, jud. Cara\u0219-Severin, c\u0103tre INSPECTORATUL PENTRU SITUA\u021aII DE URGNE\u021a\u0102 \u201dSEMENIC\u201d AL JUDE\u021aULUI CARA\u0218-SEVERIN<\/a><\/p>\n\n\n\n<p><a href=\"https:\/\/primariamoldovanoua.ro\/wp-content\/uploads\/2021\/06\/41-2021.pdf\" target=\"_blank\" rel=\"noreferrer noopener\">41\/15.06.2021- Hot\u0103r\u00e2re privind constatarea \u00eencetarii de drept a mandatului de consilier local al domnului LAZAROVICI IOSIF-FLORIN, prin demisie \u0219i vacantarea locului de\u021binut de acesta<\/a><\/p>\n\n\n\n<p><a rel=\"noreferrer noopener\" href=\"https:\/\/primariamoldovanoua.ro\/wp-content\/uploads\/2021\/06\/42-2021.pdf\" target=\"_blank\">42\/15.06.2021 &#8211; Hot\u0103r\u00e2re privind aprobarea Proiectului tehnic si a indicatorilor tehnico \u2013 economici pentru obiectivul de investitie &#8220;MODERNIZAREA, EXTINDEREA SI CRESTEREA EFICIENTEI ENERGETICE, A RETELEI DE ILUMINAT PUBLIC DIN ORASUL MOLDOVA NOUA&#8220;<\/a><\/p>\n\n\n\n<p><a rel=\"noreferrer noopener\" href=\"https:\/\/primariamoldovanoua.ro\/wp-content\/uploads\/2021\/06\/43-2021.pdf\" target=\"_blank\">43\/15.06.2021 &#8211; Hot\u0103r\u00e2re privind aprobarea Proiectului tehnic si a indicatorilor tehnico \u2013 economici pentru obiectivul de investitie &#8220;Infiintarea Centrului Cultural pentru Tineret in cadrul cladirii existente a Bibliotecii prin schimbarea functiunii acesteia, modernizarea si dotarea Centrului Cultural de Tineret cat si imbunatatirea spatiilor publice adiacente&#8220; Cod SMIS 125796.<\/a><\/p>\n\n\n\n<p><a href=\"https:\/\/primariamoldovanoua.ro\/wp-content\/uploads\/2021\/08\/HCL-44-2021.pdf\" target=\"_blank\" rel=\"noreferrer noopener\">44\/30.06.2021 &#8211; Hot\u0103r\u00e2re privind&nbsp;modificarea organigramei, a statului de func\u021bii si a statului de personal ale aparatului de specialitate al primarului orasului Moldova Nou\u0103<\/a><\/p>\n\n\n\n<p><a href=\"https:\/\/primariamoldovanoua.ro\/wp-content\/uploads\/2021\/08\/HCL-45-2021.pdf\" target=\"_blank\" rel=\"noreferrer noopener\">45\/30.06.2021  &#8211; Hot\u0103r\u00e2re privind rectificarea bugetului local al ora\u0219ului Moldova Nou\u0103 pe anul 2021<\/a><\/p>\n\n\n\n<p><a href=\"https:\/\/primariamoldovanoua.ro\/wp-content\/uploads\/2021\/08\/HCL-46-2021.pdf\" target=\"_blank\" rel=\"noreferrer noopener\">46\/30.06.2021  &#8211; Hot\u0103r\u00e2re privind aprobarea alocarii din bugetul local al orasului Moldova Noua,&nbsp; a sumei de 5.000 lei, \u00een vederea acord\u0103rii unui premiu aniversar domnului BURTESCU EMIL, veteran de r\u0103zboi, domiciliat pe raza orasului Moldova Noua, cu prilejul \u00eemplinirii v\u00e2rstei de 100 de ani<\/a><\/p>\n\n\n\n<p><a href=\"https:\/\/primariamoldovanoua.ro\/wp-content\/uploads\/2021\/08\/HCL-47-2021.pdf\" target=\"_blank\" rel=\"noreferrer noopener\">47\/30.06.2021  &#8211; Hot\u0103r\u00e2re privind aprobarea aloc\u0103rii sumei de 6.000 lei din bugetul local al ora\u0219ului Moldova Nou\u0103&nbsp; pe anul 2021 pentru premierea unor elevi din cadrul Liceului Tehnologic\u201d Clisura Dun\u0103rii Moldova Nou\u0103\u201d, cu ocazia finaliz\u0103rii anului \u0219colar 2020-2021<\/a><\/p>\n\n\n\n<p><a href=\"https:\/\/primariamoldovanoua.ro\/wp-content\/uploads\/2021\/08\/HCL-48-2021.pdf\" target=\"_blank\" rel=\"noreferrer noopener\">48\/30.06.2021  &#8211; Hot\u0103r\u00e2re privind modificarea organigramei si a Statului de func\u021bii ale&nbsp; Spitalului Or\u0103\u0219enesc Moldova Nou\u0103<\/a><\/p>\n\n\n\n<p><a href=\"https:\/\/primariamoldovanoua.ro\/wp-content\/uploads\/2021\/08\/HCL-49-2021.pdf\" target=\"_blank\" rel=\"noreferrer noopener\">49\/30.06.2021  &#8211; Hot\u0103r\u00e2re privind aprobarea Regulamentului de Organizare \u0219i Func\u021bionare al Spitalului Or\u0103\u0219enesc Moldova Nou\u0103<\/a><\/p>\n\n\n\n<p><a href=\"https:\/\/primariamoldovanoua.ro\/wp-content\/uploads\/2021\/08\/HCL-50-2021.pdf\" target=\"_blank\" rel=\"noreferrer noopener\">50\/30.06.2021&nbsp; &#8211; Hot\u0103r\u00e2re privind aprobarea Regulamentului Intern al Spitalului Or\u0103\u0219enesc Moldova Nou\u0103<\/a><\/p>\n\n\n\n<p><a href=\"https:\/\/primariamoldovanoua.ro\/wp-content\/uploads\/2021\/08\/HCL-51-2021.pdf\" target=\"_blank\" rel=\"noreferrer noopener\">51\/30.06.2021  &#8211; Hot\u0103r\u00e2re privind aprobarea planului de actiuni pentru repartizarea orelor de munc\u0103, prev\u0103zut de Legea nr. 416\/2001 privind venitul minim garantat, cu modific\u0103rile si complet\u0103rile ulterioare, pentru anul 2021<\/a><\/p>\n\n\n\n<p><a href=\"https:\/\/primariamoldovanoua.ro\/wp-content\/uploads\/2021\/08\/HCL-52-2021.pdf\" target=\"_blank\" rel=\"noreferrer noopener\">52\/30.06.2021  &#8211; Hot\u0103r\u00e2re privind aprobarea darii&nbsp; \u00een folosin\u0163\u0103 gratuit\u0103 a unui spa\u021biu E08, \u00een suprafa\u021b\u0103 de 10,75 mp, situat la Centru de Afaceri din ora\u0219ul&nbsp; Moldova Nou\u0103, al. Mihai Viteazu nr. 36A , jud. Cara\u0219 Severin,&nbsp;c\u0103tre Asocia\u021bia Pensionarilor din Banat Clisura Dun\u0103rii \u2013 2014<\/a><\/p>\n\n\n\n<p><a href=\"https:\/\/primariamoldovanoua.ro\/wp-content\/uploads\/2021\/08\/HCL-53-2021.pdf\" target=\"_blank\" rel=\"noreferrer noopener\">53\/30.06.2021&nbsp; &#8211; Hot\u0103r\u00e2re privind atribuirea la cerere, in mod gratuit si cu prioritate a locurilor de parcare apar\u021bin\u00e2nd domeniului public al ora\u0219ului Moldova Nou\u0103, pentru anumite categorii de persoane \u00eencadrate \u00een grad de handicap<\/a><\/p>\n\n\n\n<p><a href=\"https:\/\/primariamoldovanoua.ro\/wp-content\/uploads\/2021\/08\/HCL-54-2021.pdf\" target=\"_blank\" rel=\"noreferrer noopener\">54\/30.06.2021  &#8211; Hot\u0103r\u00e2re privind aprobarea propunerii listei de prioritat\u0103\u021bi, respectiv de repartizare a unor locuin\u021be \u00een regim de \u00eenchiriere pentru tineri construite prin ANL \u00een ora\u0219ul Moldova Nou\u0103, care sunt sau vor deveni disponibile \u00een cursul anului 2021<\/a><\/p>\n\n\n\n<p><a href=\"https:\/\/primariamoldovanoua.ro\/wp-content\/uploads\/2021\/08\/HCL-55-2021.pdf\" target=\"_blank\" rel=\"noreferrer noopener\">55\/08.07.2021  &#8211; Hot\u0103r\u00e2re privind aprobarea&nbsp;Documentatiilor faza SF\/DALI si a indicatorilor tehnico &#8211; economici aferenti obiectivelor de investitii din cadrul proiectului&nbsp; &#8220;Imbunatatirea calitatii vietii populatiei in orasele mici si mijlocii din Romania, din cadrul Programului Operational Regional 2014 \u2013 2020&#8220;<\/a><\/p>\n\n\n\n<p><a href=\"https:\/\/primariamoldovanoua.ro\/wp-content\/uploads\/2021\/08\/HCL-56-2021.pdf\" target=\"_blank\" rel=\"noreferrer noopener\">56\/08.07.2021  &#8211; Hot\u0103r\u00e2re privind desemnarea directorului adjunct administrativ care va&nbsp;&nbsp;&nbsp; face parte din Comitetul Director al Clubului Sportiv Moldova Noua<\/a><\/p>\n\n\n\n<p><a href=\"https:\/\/primariamoldovanoua.ro\/wp-content\/uploads\/2021\/08\/HCL-57-2021.pdf\" target=\"_blank\" rel=\"noreferrer noopener\">57\/08.07.2021  &#8211; Hot\u0103r\u00e2re privind aprobarea unui act aditional la contractul de prestari servicii nr. 882\/13.02.2003, cu modificarile si completarile ulterioare<\/a><\/p>\n\n\n\n<p><a href=\"https:\/\/primariamoldovanoua.ro\/wp-content\/uploads\/2021\/08\/HCL-58-2021.pdf\" target=\"_blank\" rel=\"noreferrer noopener\">58\/08.07.2021  &#8211; Hot\u0103r\u00e2re privind organizarea manifest\u0103rilor dedicate ,,Zilelor ora\u0219ului Moldova Nou\u0103\u201d \u2013 2021<\/a><\/p>\n\n\n\n<p><a href=\"https:\/\/primariamoldovanoua.ro\/wp-content\/uploads\/2021\/08\/HCL-59-2021.pdf\" target=\"_blank\" rel=\"noreferrer noopener\">59\/08.07.2021  &#8211; Hot\u0103r\u00e2re privind aprobarea unor taxe pentru utilizarea temporar\u0103 a locurilor publice apar\u021bin\u00e2nd domeniului public sau privat al ora\u0219ului Moldova Nou\u0103, jud. Cara\u0219-Severin<\/a><\/p>\n\n\n\n<p><a href=\"https:\/\/primariamoldovanoua.ro\/wp-content\/uploads\/2021\/08\/HCL-60-2021.pdf\" target=\"_blank\" rel=\"noreferrer noopener\">60\/08.07.2021  &#8211; Hot\u0103r\u00e2re privind desemnarea unui reprezentant al ora\u0219ului Moldova Nou\u0103 \u00een Adunarea General\u0103&nbsp; a Asocia\u021bilor SC Eoliana Cara\u0219 SRL<\/a><\/p>\n\n\n\n<p><a href=\"https:\/\/primariamoldovanoua.ro\/wp-content\/uploads\/2021\/08\/61-2021.pdf\" target=\"_blank\" rel=\"noreferrer noopener\">61\/15.07.2021 &#8211; Hot\u0103r\u00e2re privind constatarea \u00eencetarii de drept a mandatului de consilier local al domnului BALEANU EUGEN, prin demisie \u0219i vacantarea locului de\u021binut de acesta.<\/a>&nbsp;<\/p>\n\n\n\n<p><a href=\"https:\/\/primariamoldovanoua.ro\/wp-content\/uploads\/2021\/08\/62-2021.pdf\" target=\"_blank\" rel=\"noreferrer noopener\">62\/15.07.2021 &#8211; Hot\u0103r\u00e2re privind rectificarea bugetului local al ora\u0219ului Moldova Nou\u0103 pe anul 2021.<\/a><\/p>\n\n\n\n<p><a href=\"https:\/\/primariamoldovanoua.ro\/wp-content\/uploads\/2021\/08\/63-2021.pdf\" target=\"_blank\" rel=\"noreferrer noopener\">63\/29.07.2021 &#8211; Hot\u0103r\u00e2re privind rectificarea bugetului local al ora\u0219ului Moldova Nou\u0103 pe anul 2021.<\/a><\/p>\n\n\n\n<p><a href=\"https:\/\/primariamoldovanoua.ro\/wp-content\/uploads\/2021\/08\/64-2021.pdf\" target=\"_blank\" rel=\"noreferrer noopener\">64\/29.07.2021 &#8211; Hot\u0103r\u00e2re privind aprobarea v\u00e2nz\u0103rii cu drept de preem\u021biune a imobilului \u2013teren \u00een suprafa\u021b\u0103 de 550 mp, nr. cad. 33492, \u00eenscris \u00een C.F. 33492 a ora\u0219ului Moldova Nou\u0103,&nbsp; proprietatea privat\u0103 a ora\u0219ului Moldova Nou\u0103, jud. Cara\u0219-Severin.<\/a><\/p>\n\n\n\n<p><a href=\"https:\/\/primariamoldovanoua.ro\/wp-content\/uploads\/2021\/08\/65-2021.pdf\" target=\"_blank\" rel=\"noreferrer noopener\">65\/29.07.2021 &#8211; Hot\u0103r\u00e2re&nbsp; privind aprobarea v\u00e2nz\u0103rii cu drept de preem\u021biune a imobilului \u2013teren \u00een suprafa\u021b\u0103 de 267 mp, nr. cad. 33489, \u00eenscris \u00een C.F. 33489 a ora\u0219ului Moldova Nou\u0103,&nbsp; proprietatea privat\u0103 a ora\u0219ului Moldova Nou\u0103, jud. Cara\u0219-Severin.<\/a><\/p>\n\n\n\n<p><a href=\"https:\/\/primariamoldovanoua.ro\/wp-content\/uploads\/2021\/08\/66-2021.pdf\" target=\"_blank\" rel=\"noreferrer noopener\">66\/29.07.2021 &#8211; Hot\u0103r\u00e2re&nbsp; privind aprobarea dezlipirii unui teren&nbsp;apar\u0163in\u00e2nd domeniului privat al ora\u015fului Moldova Nou\u0103.<\/a><\/p>\n\n\n\n<p><a href=\"https:\/\/primariamoldovanoua.ro\/wp-content\/uploads\/2021\/08\/67-2021.pdf\" target=\"_blank\" rel=\"noreferrer noopener\">67\/29.07.2021 &#8211; Hot\u0103r\u00e2re&nbsp;privind aprobarea dezlipirii unor terenuri&nbsp;apar\u0163in\u00e2nd domeniului privat al ora\u015fului Moldova Nou\u0103.<\/a><\/p>\n\n\n\n<p><a href=\"https:\/\/primariamoldovanoua.ro\/wp-content\/uploads\/2021\/08\/68-2021.pdf\" target=\"_blank\" rel=\"noreferrer noopener\">68\/29.07.2021 &#8211; Hot\u0103r\u00e2re privind&nbsp;aprobarea dezmembr\u0103rii unor terenuri&nbsp;apar\u0163in\u00e2nd domeniului privat al ora\u015fului Moldova Nou\u0103.<\/a><\/p>\n\n\n\n<p><a href=\"https:\/\/primariamoldovanoua.ro\/wp-content\/uploads\/2021\/08\/69-2021.pdf\" target=\"_blank\" rel=\"noreferrer noopener\">69\/29.07.2021 &#8211; Hot\u0103r\u00e2re&nbsp;privind aprobarea indicatorilor tehnico-economici pentru obiectivul de investitii \u201dExtinderea si modernizarea ad\u0103postului pentru c\u00e2ini comunitari Moldova Nou\u0103, inclusiv lucr\u0103ri de instalatii sanitare.\u201d<\/a><\/p>\n\n\n\n<p><a href=\"https:\/\/primariamoldovanoua.ro\/wp-content\/uploads\/2021\/08\/70-2021.pdf\" target=\"_blank\" rel=\"noreferrer noopener\">70\/29.07.2021 &#8211; Hot\u0103r\u00e2re&nbsp;privind aprobarea indicatorilor tehnico-economici pentru obiectivul de investitii \u201dreparatie hidroizola\u021bie teras\u0103 la corpul fostului Internat al Liceului Tehnologic Clisura Dun\u0103rii\u201d.<\/a><\/p>\n\n\n\n<p><a href=\"https:\/\/primariamoldovanoua.ro\/wp-content\/uploads\/2021\/08\/71-2021.pdf\" target=\"_blank\" rel=\"noreferrer noopener\">71\/29.07.2021 &#8211; Hot\u0103r\u00e2re&nbsp;privind&nbsp;aprobarea regulamentului&nbsp;pentru gestionarea c\u00e2inilor f\u0103r\u0103 st\u0103p\u00e2n al ora\u0219ului Moldova Nou\u0103.<\/a><\/p>\n\n\n\n<p><a href=\"https:\/\/primariamoldovanoua.ro\/wp-content\/uploads\/2021\/08\/72-2021.pdf\" target=\"_blank\" rel=\"noreferrer noopener\">72\/29.07.2021 &#8211; Hot\u0103r\u00e2re&nbsp;&nbsp;privind&nbsp;repartizarea, \u00een vederea&nbsp; \u00eenchirierii f\u0103r\u0103 licita\u021bie public\u0103, a unui spa\u021biu, Alian\u021bei pentru Unirea Rom\u00e2nilor&nbsp;filiala Cara\u0219 Severin \u2013 ca sediu de partid.<\/a><\/p>\n\n\n\n<p><a href=\"https:\/\/primariamoldovanoua.ro\/wp-content\/uploads\/2021\/08\/73-2021.pdf\" target=\"_blank\" rel=\"noreferrer noopener\">73\/29.07.2021 &#8211; Hot\u0103r\u00e2re privind privind trecerea in proprietatea privat\u0103 a ora\u0219ului Moldova Nou\u0103 \u0219i \u00een administrarea Prim\u0103riei ora\u0219ului Moldova Nou\u0103 a imobilelor construc\u021bii agrozootehnice \u00een suprafa\u021b\u0103 de 786 mp \u0219i teren aferent \u00een suprafa\u021b\u0103 total\u0103 de 18.362 mp, curti construc\u021bii, ce au apar\u021binut Cooperativei agricole de produc\u021bie desfiin\u021bate.<\/a><\/p>\n\n\n\n<p><a href=\"https:\/\/primariamoldovanoua.ro\/wp-content\/uploads\/2021\/08\/74-2021.pdf\" target=\"_blank\" rel=\"noreferrer noopener\">74\/29.07.2021 &#8211; Hot\u0103r\u00e2re privind aprobarea aloc\u0103rii sumei de 25.000 lei din bugetul local al ora\u0219ului Moldova Nou\u0103&nbsp;pe anul 2021 pentru achizi\u021bionarea materialelor necesare efectu\u0103rii de repara\u021bii \u00een cadrul Liceului Tehnologic\u201d Clisura Dun\u0103rii Moldova Nou\u0103\u201d.<\/a><\/p>\n\n\n\n<p><a href=\"https:\/\/primariamoldovanoua.ro\/wp-content\/uploads\/2021\/08\/75-2021.pdf\" target=\"_blank\" rel=\"noreferrer noopener\">75\/29.07.2021 &#8211; Hot\u0103r\u00e2re privind aprobarea indicatorilor tehnico-economici pentru obiectivul de investitii&nbsp;\u201dLucr\u0103ri de repara\u021bii, complet\u0103ri alei \u0219i delimitare parc Biserica Ortodox\u0103\u201d<\/a><\/p>\n\n\n\n<p><a href=\"https:\/\/primariamoldovanoua.ro\/wp-content\/uploads\/2021\/08\/76-2021.pdf\" target=\"_blank\" rel=\"noreferrer noopener\">76\/29.07.2021 &#8211; Hot\u0103r\u00e2re privind aprobarea indicatorilor tehnico-economici pentru obiectivul de investitii&nbsp;\u201dLucr\u0103ri de repara\u021bii la trotuarul de acces, sc\u0103ri \u0219i \u00eemprejmuire la Gr\u0103dini\u021ba Nikola Gavrilovici Moldova Veche\u201d. <\/a><\/p>\n\n\n\n<p><a rel=\"noreferrer noopener\" href=\"https:\/\/primariamoldovanoua.ro\/wp-content\/uploads\/2021\/08\/77-2021.pdf\" target=\"_blank\">77\/29.07.2021 &#8211; Hot\u0103r\u00e2re privind aprobarea transform\u0103rii unor functii publice de executie din cadrul aparatului de specialitate al primarului orasului Moldova Nou\u0103.<\/a><\/p>\n\n\n\n<p><a href=\"https:\/\/primariamoldovanoua.ro\/wp-content\/uploads\/2021\/10\/78-2021.pdf\" target=\"_blank\" rel=\"noreferrer noopener\">78\/31.08.2021 \u2013 Hot\u0103r\u00e2re privind rectificarea bugetului local al ora\u0219ului Moldova Nou\u0103 pe anul 2021.<\/a><\/p>\n\n\n\n<p><a href=\"https:\/\/primariamoldovanoua.ro\/wp-content\/uploads\/2021\/10\/79-2021.pdf\" target=\"_blank\" rel=\"noreferrer noopener\">79\/31.08.2021 \u2013 Hot\u0103r\u00e2re privind rectificarea bugetului de venituri \u0219i cheltuieli al Spitalului Or\u0103\u0219enesc Moldova Nou\u0103 pe anul 2021.<\/a><\/p>\n\n\n\n<p><a href=\"https:\/\/primariamoldovanoua.ro\/wp-content\/uploads\/2021\/10\/80-2021.pdf\" target=\"_blank\" rel=\"noreferrer noopener\">80\/31.08.2021 \u2013 Hot\u0103r\u00e2re privind stabilirea salariilor de baz\u0103 pentru func\u021biile publice si contractuale din cadrul aparatului de specialitate al primarului orasului Moldova Nou\u0103 si a Serviciilor Publice cu personalitate juridic\u0103 \u2013 functii publice si contractuale.<\/a><\/p>\n\n\n\n<p><a href=\"https:\/\/primariamoldovanoua.ro\/wp-content\/uploads\/2021\/10\/81-2021.pdf\" target=\"_blank\" rel=\"noreferrer noopener\">81\/31.08.2021 \u2013 Hot\u0103r\u00e2re privind modificarea&nbsp; Organigramei, a Statului de personal si a Statului de functii din cadrul aparatului de specialitate al primarului orasului Moldova Nou\u0103.<\/a><\/p>\n\n\n\n<p><a href=\"https:\/\/primariamoldovanoua.ro\/wp-content\/uploads\/2021\/10\/82-2021.pdf\" target=\"_blank\" rel=\"noreferrer noopener\">82\/31.08.2021 \u2013 Hot\u0103r\u00e2re privind achizi\u021bionarea unui autoturism nou necesar pentru buna desf\u0103\u0219urare a activit\u0103\u021bii institu\u021biei Prim\u0103riei ora\u0219ului Moldova Nou\u0103, jude\u021bul Cara\u0219-Severin.<\/a><\/p>\n\n\n\n<p><a href=\"https:\/\/primariamoldovanoua.ro\/wp-content\/uploads\/2021\/10\/83-2021.pdf\" target=\"_blank\" rel=\"noreferrer noopener\">83\/31.08.2021 \u2013 Hot\u0103r\u00e2re privind aprobarea modalit\u0103\u021bii de gestiune pentru activit\u0103\u021bile de m\u0103turat,sp\u0103lat, stropit \u0219i \u00eentre\u021binere a c\u0103ilor publice \u00een ora\u0219ul Moldova Nou\u0103 din cadrul Serviciului de salubrizare.<\/a><\/p>\n\n\n\n<p><a rel=\"noreferrer noopener\" href=\"https:\/\/primariamoldovanoua.ro\/wp-content\/uploads\/2021\/10\/84-2021.pdf\" target=\"_blank\">84\/31.08.2021 &#8211; Hot\u0103r\u00e2re<\/a><a href=\"https:\/\/primariamoldovanoua.ro\/wp-content\/uploads\/2021\/10\/84-2021.pdf\" target=\"_blank\" rel=\"noreferrer noopener\"> <\/a><a rel=\"noreferrer noopener\" href=\"https:\/\/primariamoldovanoua.ro\/wp-content\/uploads\/2021\/10\/84-2021.pdf\" target=\"_blank\">privind constituirea Comisiei de dare \u00een plat\u0103 \u0219i aprobarea documenta\u021biei care \u00eenso\u021be\u0219te cererea debitelor, conform art. 263 din Legea nr. 207\/2015 privind Codul de procedur\u0103 fiscal\u0103, cu modific\u0103rile \u0219i complet\u0103rile ulterioare.<\/a><\/p>\n\n\n\n<p><a href=\"https:\/\/primariamoldovanoua.ro\/wp-content\/uploads\/2021\/10\/85-2021.pdf\" target=\"_blank\" rel=\"noreferrer noopener\">85\/31.08.2021 &#8211; Hot\u0103r\u00e2re privind modificarea articolului 1 din Hot\u0103r\u00e2rea Consiliului Local nr. 126\/31.10.2016 privind&nbsp; aprobarea componentei Comisiei de Sistematizare a Circulatiei in orasul Moldova Noua si a Regulamentului de functionare al acesteia.<\/a><\/p>\n\n\n\n<p><a href=\"https:\/\/primariamoldovanoua.ro\/wp-content\/uploads\/2021\/10\/86-2021.pdf\" target=\"_blank\" rel=\"noreferrer noopener\">86\/31.08.2021 &#8211; Hot\u0103r\u00e2re privind modificarea articolului 2 din Hot\u0103r\u00e2rea Consiliului Local nr. 66\/21.04.2017&nbsp; privind aprobarea deschiderii unui cont curent \u00een RON, la Banca de Export-Import a Rom\u00e2niei EximBank S.A. \u2013 Agen\u021bia Timi\u0219oara.<\/a><\/p>\n\n\n\n<p><a href=\"https:\/\/primariamoldovanoua.ro\/wp-content\/uploads\/2021\/10\/87-2021.pdf\" target=\"_blank\" rel=\"noreferrer noopener\">87\/31.08.2021 &#8211; Hot\u0103r\u00e2re privind modificarea articolului 2 din Hot\u0103r\u00e2rea Consiliului Local nr. 11\/29.04.2021 privind&nbsp; constituirea la nivelul ora\u0219ului Moldova Nou\u0103 a Comisiei Locale de ordine public\u0103.<\/a><\/p>\n\n\n\n<p><a href=\"https:\/\/primariamoldovanoua.ro\/wp-content\/uploads\/2021\/10\/88-2021.pdf\" target=\"_blank\" rel=\"noreferrer noopener\">88\/31.08.2021 &#8211; Hot\u0103r\u00e2re privind analiza stadiului de \u00eenscriere a datelor \u00een Registrul Agricol pentru semestrul I al anului 2021 \u0219i stabilirea m\u0103surilor pentru eficientizarea acestei activi\u0103\u021bi \u00een anul 2021.<\/a><\/p>\n\n\n\n<p><a href=\"https:\/\/primariamoldovanoua.ro\/wp-content\/uploads\/2021\/10\/89-2021.pdf\" target=\"_blank\" rel=\"noreferrer noopener\">89\/31.08.2021 &#8211; Hot\u0103r\u00e2re privind aprobarea&nbsp; Regulamentului de Organizare \u0219i Func\u021bionare al Direc\u021biei de asisten\u021b\u0103 social\u0103 Moldova Nou\u0103.<\/a><\/p>\n\n\n\n<p><a href=\"https:\/\/primariamoldovanoua.ro\/wp-content\/uploads\/2021\/10\/90-2021.pdf\" target=\"_blank\" rel=\"noreferrer noopener\">90\/31.08.2021 &#8211; Hot\u0103r\u00e2re privind aprobarea Strategiei Locale de Dezvoltare a Serviciilor Sociale la nivelul ora\u0219ului Moldova Nou\u0103.<\/a><\/p>\n\n\n\n<p><a href=\"https:\/\/primariamoldovanoua.ro\/wp-content\/uploads\/2021\/10\/91-2021.pdf\" target=\"_blank\" rel=\"noreferrer noopener\">91\/31.08.2021 &#8211; Hot\u0103r\u00e2re privind aprobarea indicatorilor tehnico-economici pentru obiectivul de investi\u021bii \u201cExecu\u021bie foraj cu diametrul de 125 mm necesar aliment\u0103rii cu ap\u0103 pentru ad\u0103postul de c\u00e2ini din zona V\u0103rad\u201d.<\/a><\/p>\n\n\n\n<p><a href=\"https:\/\/primariamoldovanoua.ro\/wp-content\/uploads\/2021\/10\/92-2021.pdf\" target=\"_blank\" rel=\"noreferrer noopener\">92\/31.08.2021 &#8211; Hot\u0103r\u00e2re privind aprobarea Proiectului tehnic \u015fi a indicatorilor tehnico-economici pentru obiectivul de investi\u0163ie \u201cMODERNIZAREA \u0218I REABILITAREA DRUMURILOR PUBLICE, PARC\u0102RILOR, PARCURILOR \u0218I SPA\u021aIILOR VERZI DIN ZONA ADIACENT\u0102 \u0218COLII GIMNAZIALE SOFIA ARCAN\u201d.<\/a><\/p>\n\n\n\n<p><a href=\"https:\/\/primariamoldovanoua.ro\/wp-content\/uploads\/2021\/10\/93-2021.pdf\" target=\"_blank\" rel=\"noreferrer noopener\">93\/31.08.2021 &#8211; Hot\u0103r\u00e2re privind aprobarea v\u00e2nz\u0103rii unei locuin\u021be din fondul locativ de stat doamnei PERA GEORGINA, domiciliat\u0103 \u00een Moldova Nou\u0103, Ale. Francesco Griselini, bl. 43, sc. 6, ap. 18, jud. Cara\u0219-Severin.<\/a><\/p>\n\n\n\n<p><a href=\"https:\/\/primariamoldovanoua.ro\/wp-content\/uploads\/2021\/10\/94-2021-1.pdf\" target=\"_blank\" rel=\"noreferrer noopener\">94\/31.08.2021 &#8211; Hot\u0103r\u00e2re privind aprobarea proiectului ,,Imbun\u0103t\u0103\u021bitrea calitatii vietii populatiei in ora\u0219ele mici si mijlocii din Rom\u00e2nia, din cadrul Programului Operational Regional 2014-2020\u201d si a cheltuielilor legate de proiect.<\/a><\/p>\n\n\n\n<p><a href=\"https:\/\/primariamoldovanoua.ro\/wp-content\/uploads\/2021\/10\/95-2021.pdf\" target=\"_blank\" rel=\"noreferrer noopener\">95\/09.09.2021 &#8211; Hot\u0103r\u00e2re privind aprobarea achizi\u021bion\u0103rii serviciilor de actualizare a documenta\u021biilor tehnico-economice faza DALI pentru obiectivele de investi\u021bii \u201dRevitalizarea \u0219i dezvoltarea zonelor marginalizate din Moldova Nou\u0103\u201d \u0219i \u201dReabilitare si modernizare strazi in orasul Moldova Noua\u201d.<\/a><\/p>\n\n\n\n<p><a href=\"https:\/\/primariamoldovanoua.ro\/wp-content\/uploads\/2021\/10\/96-2021.pdf\" target=\"_blank\" rel=\"noreferrer noopener\">96\/09.09.2021 &#8211;&nbsp; Hot\u0103r\u00e2re&nbsp; privind aprobarea achizi\u021bion\u0103rii serviciilor de actualizare a documenta\u021biilor tehnico-economice faza SF pentru obiectivul de investi\u021bii \u201d\u00cenfiin\u021bare re\u021bea alimentare cu ap\u0103 \u00een localitatea Moldovi\u021ba\u201d.<\/a><\/p>\n\n\n\n<p><a href=\"https:\/\/primariamoldovanoua.ro\/wp-content\/uploads\/2021\/10\/97-2021.pdf\" target=\"_blank\" rel=\"noreferrer noopener\">97\/09.09.2021 &#8211; Hot\u0103r\u00e2re privind aprobarea achizi\u021bion\u0103rii serviciilor de actualizare a documenta\u021biilor tehnico-economice faza SF pentru obiectivul de investi\u021bii \u201d\u00cenfiin\u021bare re\u021bea de canalizare \u0219i sta\u021bie de epurare \u00een localitatea Moldovi\u021ba, ora\u0219 Moldova Nou\u0103, jude\u021bul Cara\u0219-Severin\u201d.<\/a><\/p>\n\n\n\n<p><a href=\"https:\/\/primariamoldovanoua.ro\/wp-content\/uploads\/2021\/10\/98-2021.pdf\" target=\"_blank\" rel=\"noreferrer noopener\">98\/09.09.2021 &#8211; Hot\u0103r\u00e2re privind aprobarea achizi\u021bion\u0103rii serviciilor de actualizare a documenta\u021biilor tehnico-economice faza PT pentru obiectivul de investi\u021bii \u201dEficientizarea energetic\u0103 a Liceului Tehnologic Clisura Dun\u0103rii Moldova Nou\u0103 \u2013 corpul A cu sal\u0103 de sport \u0219i atelierul \u0219coal\u0103 \u0219i central\u0103 termic\u0103\u201d.&nbsp;<\/a>&nbsp;&nbsp;&nbsp;&nbsp;&nbsp;&nbsp;&nbsp;&nbsp;&nbsp;&nbsp;&nbsp;&nbsp;&nbsp;&nbsp;&nbsp;&nbsp;&nbsp;&nbsp;&nbsp;&nbsp;&nbsp;&nbsp;&nbsp;&nbsp;&nbsp;&nbsp;&nbsp;&nbsp;&nbsp;&nbsp;&nbsp;&nbsp;&nbsp;&nbsp;&nbsp;&nbsp;&nbsp;&nbsp;&nbsp;&nbsp;&nbsp;&nbsp;&nbsp;&nbsp;&nbsp;&nbsp;&nbsp;&nbsp;&nbsp;&nbsp;&nbsp;&nbsp;&nbsp;&nbsp;&nbsp;&nbsp;&nbsp;&nbsp;&nbsp;&nbsp;&nbsp;&nbsp;&nbsp;&nbsp;&nbsp;&nbsp;&nbsp;&nbsp;&nbsp;&nbsp;&nbsp;&nbsp;&nbsp;&nbsp;&nbsp;&nbsp;&nbsp;&nbsp;&nbsp;&nbsp;&nbsp;&nbsp;&nbsp;&nbsp;&nbsp;&nbsp;&nbsp;&nbsp;&nbsp;&nbsp;&nbsp;&nbsp;&nbsp;&nbsp;&nbsp;&nbsp;&nbsp;&nbsp;&nbsp;&nbsp;&nbsp;&nbsp;&nbsp;&nbsp;&nbsp;<\/p>\n\n\n\n<p><a href=\"https:\/\/primariamoldovanoua.ro\/wp-content\/uploads\/2021\/10\/99-2021.pdf\" target=\"_blank\" rel=\"noreferrer noopener\">99\/09.09.2021 &#8211; Hot\u0103r\u00e2re privind aprobarea Documenta\u0163iilor faza SF\/DALI \u015fi a indicatorilor tehnico-economici aferen\u021bi obiectivelor de investi\u0163ii din cadrul proiectului ,,\u00cembunat\u0103\u021birea calit\u0103\u021bii vie\u021bii popula\u021biei \u00een ora\u0219ele mici \u0219i mijlocii din Rom\u00e2nia, din cadrul Programului Operational Regional 2014-2020\u201d.<\/a><\/p>\n\n\n\n<p><a href=\"https:\/\/primariamoldovanoua.ro\/wp-content\/uploads\/2021\/10\/100-2021.pdf\" target=\"_blank\" rel=\"noreferrer noopener\">100\/09.09.2021 &#8211; Hot\u0103r\u00e2re privind achizi\u0163ionarea serviciilor de elaborare a documenta\u0163iilor tehnico-economice faza SF pentru investi\u021bia ,,Extindere Spital Or\u0103\u0219enesc Moldova Nou\u0103 prin Construire \u0219i amenajare corp nou cu destina\u021bia bloc operator \u0219i terapie intensiv\u0103\u201d.<\/a><\/p>\n\n\n\n<p><a href=\"https:\/\/primariamoldovanoua.ro\/wp-content\/uploads\/2021\/10\/101-2021.pdf\" target=\"_blank\" rel=\"noreferrer noopener\">101\/09.09.2021 &#8211; Hot\u0103r\u00e2re privind acodarea pentru anul 2021 a unor facilit\u0103\u021bi la transportul public local pentru elevii cu domiciliul \u00een ora\u0219ul Moldova Nou\u0103.<\/a><\/p>\n\n\n\n<p><a rel=\"noreferrer noopener\" href=\"https:\/\/primariamoldovanoua.ro\/wp-content\/uploads\/2021\/10\/102-2021.pdf\" target=\"_blank\">102\/13.09.2021 &#8211; Hot\u0103r\u00e2re pentru aprobarea complet\u0103rii HCL nr. 94\/31.08.2021 privind aprobarea proiectului \u201d\u00cembunat\u0103\u021birea calit\u0103\u021bii vie\u021bii popula\u021biei \u00een ora\u0219ele mici \u0219i mijlocii din Rom\u00e2nia, din cadrul Programului Operational Regional 2014-2020\u201d \u0219i a cheltuielilor legate de proiect.<\/a><\/p>\n\n\n\n<p><a rel=\"noreferrer noopener\" href=\"https:\/\/primariamoldovanoua.ro\/wp-content\/uploads\/2021\/10\/103-2021.pdf\" target=\"_blank\">103\/22.09.2021- Hot\u0103r\u00e2re&nbsp;&nbsp;privind aprobarea modific\u0103rii HCL. nr. 102\/13.09.2021 pentru aprobarea complet\u0103rii HCL nr. 94\/31.08.2021 privind aprobarea proiectului \u201d\u00cembunat\u0103\u021birea calit\u0103\u021bii vie\u021bii popula\u021biei \u00een ora\u0219ele mici \u0219i mijlocii din Rom\u00e2nia, din cadrul Programului Operational Regional 2014-2020\u201d \u0219i a cheltuielilor legate de proiect.<\/a><\/p>\n\n\n\n<p><a href=\"https:\/\/primariamoldovanoua.ro\/wp-content\/uploads\/2021\/11\/104-2021.pdf\" target=\"_blank\" rel=\"noreferrer noopener\">104\/28.09.2021 &#8211; Hot\u0103r\u00e2re privind desemnarea reprezentantilor&nbsp; Consiliului Local al ora\u0219ului Moldova Nou\u0103 \u00een Consiliul de Administra\u021bie al Liceului Tehnologic ,,Clisura Dun\u0103rii\u201d Moldova Nou\u0103, Gr\u0103dini\u021bei cu Program Prelungit ,,Sf. Stelian\u201d Moldova Nou\u0103, \u0218colii Postliceale ,,Henri Coand\u0103\u201d Moldova Nou\u0103, pe anul \u0219colar 2021-2022 \u0219i desemnarea reprezentantilor&nbsp; Consiliului Local al ora\u0219ului Moldova Nou\u0103 \u00een Comisia de evaluare \u0219i asigurare a calit\u0103\u021bii (CEAC) a Liceului Tehnologic ,,Clisura Dun\u0103rii\u201d Moldova Nou\u0103 \u0219i Gr\u0103dini\u021bei cu Program Prelungit ,,Sf. Stelian\u201d Moldova Nou\u0103, pe anul \u0219colar 2021-2022.<\/a><\/p>\n\n\n\n<p><a href=\"https:\/\/primariamoldovanoua.ro\/wp-content\/uploads\/2021\/11\/105-2021.pdf\" target=\"_blank\" rel=\"noreferrer noopener\">105\/28.09.2021 &#8211; Hot\u0103r\u00e2re privind arondarea cre\u0219ei de pe raza ora\u0219ului Moldova Nou\u0103 la Unitatea de Inv\u0103\u021b\u0103m\u00e2nt cu personalitate juridic\u0103 \u2013 Gr\u0103dini\u021ba cu Program Prelungit ,,Sf. Stelian\u201d Moldova Nou\u0103.<\/a><\/p>\n\n\n\n<p><a href=\"https:\/\/primariamoldovanoua.ro\/wp-content\/uploads\/2021\/11\/106-2021.pdf\" target=\"_blank\" rel=\"noreferrer noopener\">106\/28.09.2021 &#8211; Hot\u0103r\u00e2re privind&nbsp; aprobarea sus\u021binerii financiare a CLUBULUI SPORTIV MOLDOVA NOU\u0102 \u00een anul 2021.<\/a><\/p>\n\n\n\n<p><a href=\"https:\/\/primariamoldovanoua.ro\/wp-content\/uploads\/2021\/11\/107-2021.pdf\" target=\"_blank\" rel=\"noreferrer noopener\">107\/28.09.2021 &#8211; Hot\u0103r\u00e2re privind modificarea Organigramei, a statului de personal si a Statului de functii din cadrul aparatului de specialitate al primarului orasului Moldova Nou\u0103.<\/a><\/p>\n\n\n\n<p><a href=\"https:\/\/primariamoldovanoua.ro\/wp-content\/uploads\/2021\/11\/108-2021.pdf\" target=\"_blank\" rel=\"noreferrer noopener\">108\/28.09.2021 &#8211; Hot\u0103r\u00e2re privind rectificarea bugetului local al ora\u0219ului Moldova Nou\u0103 pe anul 2021.<\/a><\/p>\n\n\n\n<p><a href=\"https:\/\/primariamoldovanoua.ro\/wp-content\/uploads\/2021\/11\/109-2021.pdf\" target=\"_blank\" rel=\"noreferrer noopener\">109\/28.09.2021 &#8211; Hot\u0103r\u00e2re privind rectificarea bugetului de venituri \u0219i cheltuieli al Spitalului Or\u0103\u0219enesc Moldova Nou\u0103 pe anul 2021.<\/a><\/p>\n\n\n\n<p><a href=\"https:\/\/primariamoldovanoua.ro\/wp-content\/uploads\/2021\/11\/110-2021.pdf\" target=\"_blank\" rel=\"noreferrer noopener\">110\/28.09.2021 &#8211; Hot\u0103r\u00e2re privind aprobarea aloc\u0103rii unei sume de bani din bugetul local al ora\u0219ului Moldova&nbsp; Nou\u0103 pe anul 2021.<\/a><\/p>\n\n\n\n<p><a href=\"https:\/\/primariamoldovanoua.ro\/wp-content\/uploads\/2021\/11\/111-2021.pdf\" target=\"_blank\" rel=\"noreferrer noopener\">111\/28.09.2021 &#8211; Hot\u0103r\u00e2re privind aprobarea propunerii listei de priorit\u0103\u021bi, respectiv de repartizare a unor locuin\u021be \u00een regim de \u00eenchiriere pentru tineri construite prin ANL, \u00een ora\u0219ul Moldova Nou\u0103, care sunt sau vor deveni disponibile \u00een cursul anului 2021.<\/a><\/p>\n\n\n\n<p><a rel=\"noreferrer noopener\" href=\"https:\/\/primariamoldovanoua.ro\/wp-content\/uploads\/2021\/11\/112-2021.pdf\" target=\"_blank\">112\/28.09.2021 &#8211; Hot\u0103r\u00e2re privind aprobarea Regulamentului privind repartizarea, \u00eenchirierea \u0219i administrarea locuin\u021belor sociale, a locuin\u021belor din fondul locativ de stat aflate \u00een proprietatea ora\u0219ului Moldova Nou\u0103 \u0219i a altor locuin\u021be, aprobarea Criteriilor de ierarhizare \u00een vederea repartiz\u0103rii locuin\u021belor \u0219i aprobarea modific\u0103rii modelului de contract de \u00eenchiriere pentru suprafe\u021be locative cu destina\u021bie de locuin\u021b\u0103.<\/a><\/p>\n\n\n\n<p><a href=\"https:\/\/primariamoldovanoua.ro\/wp-content\/uploads\/2021\/11\/113-2021-1.pdf\" target=\"_blank\" rel=\"noreferrer noopener\">113\/28.09.2021 &#8211; Hot\u0103r\u00e2re privind aprobarea inventarului bunurilor imobile care apar\u021bin domeniului privat al ora\u0219ului Moldova Nou\u0103, jude\u021bul Cara\u0219-Severin.<\/a><\/p>\n\n\n\n<p><a rel=\"noreferrer noopener\" href=\"https:\/\/primariamoldovanoua.ro\/wp-content\/uploads\/2021\/11\/114-2021.pdf\" target=\"_blank\">114\/28.09.2021 &#8211; Hot\u0103r\u00e2re<\/a><a href=\"https:\/\/primariamoldovanoua.ro\/wp-content\/uploads\/2021\/11\/114-2021.pdf\" target=\"_blank\" rel=\"noreferrer noopener\"> <\/a><a rel=\"noreferrer noopener\" href=\"https:\/\/primariamoldovanoua.ro\/wp-content\/uploads\/2021\/11\/114-2021.pdf\" target=\"_blank\">privind aprobarea alipirii a dou\u0103 imobile \u2013 teren \u00een suprafa\u021b\u0103 de 813 mp., \u00eenscris \u00een Cartea Funciar\u0103 nr. 32899 Moldova Nou\u0103 \u0219i teren \u00een suprafa\u021b\u0103 de 500 mp., \u00eenscris \u00een Cartea Funciar\u0103 nr. 30392 Moldova Nou\u0103.<\/a><\/p>\n\n\n\n<p><a rel=\"noreferrer noopener\" href=\"https:\/\/primariamoldovanoua.ro\/wp-content\/uploads\/2021\/11\/115-2021.pdf\" target=\"_blank\">115\/28.09.2021 &#8211; Hot\u0103r\u00e2re<\/a><a href=\"https:\/\/primariamoldovanoua.ro\/wp-content\/uploads\/2021\/11\/115-2021.pdf\" target=\"_blank\" rel=\"noreferrer noopener\"> <\/a><a rel=\"noreferrer noopener\" href=\"https:\/\/primariamoldovanoua.ro\/wp-content\/uploads\/2021\/11\/115-2021.pdf\" target=\"_blank\">privind aprobarea dezmembr\u0103rii unor terenuri apar\u021bin\u00e2nd domeniului public al ora\u0219ului Moldova Nou\u0103.<\/a><\/p>\n\n\n\n<p><a href=\"https:\/\/primariamoldovanoua.ro\/wp-content\/uploads\/2021\/11\/116-2021.pdf\" target=\"_blank\" rel=\"noreferrer noopener\">116\/28.09.2021 &#8211; Hot\u0103r\u00e2re privind stabilirea unor suprafe\u021be de teren \u00een vederea depozit\u0103rii temporare a de\u0219eurilor biodegradabile de pe raza ora\u0219ului Moldova Nou\u0103.<\/a><\/p>\n\n\n\n<p><a href=\"https:\/\/primariamoldovanoua.ro\/wp-content\/uploads\/2021\/11\/117-2021.pdf\" target=\"_blank\" rel=\"noreferrer noopener\">117\/28.09.2021 &#8211; Hot\u0103r\u00e2re privind stabilirea unor suprafe\u021be de teren \u00een vederea depozit\u0103rii temporare a de\u0219eurilor inerte provenite din activit\u0103\u021bile de construc\u021bii \u0219i demol\u0103ri de pe raza ora\u0219ului Moldova Nou\u0103.<\/a><\/p>\n\n\n\n<p><a href=\"https:\/\/primariamoldovanoua.ro\/wp-content\/uploads\/2021\/11\/118-2021.pdf\" target=\"_blank\" rel=\"noreferrer noopener\">118\/28.09.2021 &#8211; Hot\u0103r\u00e2re privind modificarea Hotararii Consiliului Local Nr. 97 \/30.09.2010 pentru aprobarea tarifului de inchiriere a nacelei tractate cu brat articulat din cadrul Primariei orasului Moldova Noua.<\/a><\/p>\n\n\n\n<p><a href=\"https:\/\/primariamoldovanoua.ro\/wp-content\/uploads\/2021\/11\/119-2021-1.pdf\" target=\"_blank\" rel=\"noreferrer noopener\">119\/28.09.2021 &#8211; Hot\u0103r\u00e2re privind aprobarea indicatorilor tehnico-economici pentru obiectivul de investi\u021bii \u201cReabilitare teren baschet din incinta Liceului Tehnologic Clisura Dun\u0103rii&nbsp; Moldova Nou\u0103\u201d.<\/a><\/p>\n\n\n\n<p><a href=\"https:\/\/primariamoldovanoua.ro\/wp-content\/uploads\/2021\/11\/120-2021.pdf\" target=\"_blank\" rel=\"noreferrer noopener\">120\/28.09.2021 &#8211; Hot\u0103r\u00e2re&nbsp; privind&nbsp; aprobarea indicatorilor tehnico-economici pentru obiectivul de investi\u021bii \u201cAmenajare teren de sport, parcare si drum de acces \u00een zona Valea Mare,&nbsp; Moldova Nou\u0103\u201d.<\/a><\/p>\n\n\n\n<p><a href=\"https:\/\/primariamoldovanoua.ro\/wp-content\/uploads\/2021\/11\/121-2021-1.pdf\" target=\"_blank\" rel=\"noreferrer noopener\">121\/28.09.2021 &#8211; Hot\u0103r\u00e2re&nbsp; privind&nbsp; aprobarea indicatorilor tehnico-economici pentru obiectivul de investi\u021bii \u201cAmenajare teren de sport si parcare pe strada 1 Decembrie 1918,&nbsp; Moldova Nou\u0103\u201d.<\/a><\/p>\n\n\n\n<p><a href=\"https:\/\/primariamoldovanoua.ro\/wp-content\/uploads\/2021\/11\/122-2021.pdf\" target=\"_blank\" rel=\"noreferrer noopener\">122\/28.09.2021 &#8211; Hot\u0103r\u00e2re privind&nbsp; aprobarea indicatorilor tehnico-economici pentru obiectivul de investi\u021bii \u201cEvacuare ape pluviale strada Iagod\u0103riei, Moldova Nou\u0103\u201d.<\/a><\/p>\n\n\n\n<p><a href=\"https:\/\/primariamoldovanoua.ro\/wp-content\/uploads\/2021\/11\/123-2021.pdf\" target=\"_blank\" rel=\"noreferrer noopener\">123\/28.09.2021 &#8211; Hot\u0103r\u00e2re privind&nbsp; aprobarea indicatorilor tehnico-economici pentru obiectivul de investi\u021bii \u201cDirijarea apelor meteorice la intersec\u021bia str\u0103zii Tudor Vladimirescu cu strazile 8 Martie si 9 Mai din Moldova Nou\u0103\u201d.<\/a><\/p>\n\n\n\n<p><a href=\"https:\/\/primariamoldovanoua.ro\/wp-content\/uploads\/2021\/11\/124-2021.pdf\" target=\"_blank\" rel=\"noreferrer noopener\">124\/28.09.2021 &#8211; &nbsp;Hot\u0103r\u00e2re privind&nbsp; modificarea si completarea Hot\u0103r\u00e2rii Consiliului Local nr. 138\/30.06.2020 privind concesionarea serviciului public local pentru gestionarea c\u00e2inilor f\u0103r\u0103 st\u0103p\u00e2n al orasului Moldova Nou\u0103.<\/a><\/p>\n\n\n\n<p><a href=\"https:\/\/primariamoldovanoua.ro\/wp-content\/uploads\/2021\/11\/125-2021.pdf\" target=\"_blank\" rel=\"noreferrer noopener\">125\/04.10.2021 \u2013 Hot\u0103r\u00e2re privind aprobarea ajust\u0103rii valorii restului de executat \u00een cadrul contractului de lucr\u0103ri nr. 11544\/22.10.2020 \u00eencheiat \u00eentre Ora\u0219ul Moldova Nou\u0103 \u0219i SC IPD IMEX SRL pentru execu\u021bia lucr\u0103rilor \u00een cadrul proiectului ,,Reabilitare energetic\u0103 Gradini\u0163a cu program prelungit \u201cSf Stelian\u201d Moldova Nou\u0103\u201d \u2013 Cod SMIS 114685.<\/a><\/p>\n\n\n\n<p><a href=\"https:\/\/primariamoldovanoua.ro\/wp-content\/uploads\/2021\/11\/126-2021.pdf\" target=\"_blank\" rel=\"noreferrer noopener\">126\/04.10.2021 \u2013 Hot\u0103r\u00e2re privind probarea ajust\u0103rii valorii restului de executat \u00een cadrul contractului de lucr\u0103ri nr. 5308\/07.06.2021 \u00eencheiat \u00eentre Ora\u0219ul Moldova Nou\u0103 \u0219i SC PAVAJ GRUP SRL pentru execu\u021bia lucr\u0103rilor \u00een cadrul proiectului ,,Reabilitare, modernizare \u0218coala Gimnazial\u0103 Alexandru Moisi Moldova Nou\u0103, sala de sport \u0219i dependin\u021be\u201d \u2013 Cod SMIS 118446.<\/a><\/p>\n\n\n\n<p><a href=\"https:\/\/primariamoldovanoua.ro\/wp-content\/uploads\/2022\/04\/127.29.10.2021.pdf\" target=\"_blank\" rel=\"noreferrer noopener\">127\/29.10.2021 \u2013 Hot\u0103r\u00e2re privind rectificarea bugetului local al ora\u0219ului Moldova Nou\u0103 pe anul 2021<\/a><\/p>\n\n\n\n<p><a href=\"https:\/\/primariamoldovanoua.ro\/wp-content\/uploads\/2022\/04\/128.29.10.2021.pdf\" target=\"_blank\" rel=\"noreferrer noopener\">128\/29.10.2021 \u2013 Hot\u0103r\u00e2re privind rectificarea bugetului de venituri \u0219i cheltuieli al Spitalului Or\u0103\u0219enesc Moldova Nou\u0103 pe anul 2021.<\/a><\/p>\n\n\n\n<p><a href=\"https:\/\/primariamoldovanoua.ro\/wp-content\/uploads\/2022\/04\/129.29.10.2021.pdf\" target=\"_blank\" rel=\"noreferrer noopener\">129\/29.10.2021 \u2013 Hot\u0103r\u00e2re privind transformarea unor func\u021bii publice din cadrul aparatului de specialitate al primarului ora\u0219ului Moldova Nou\u0103<\/a><\/p>\n\n\n\n<p><a href=\"https:\/\/primariamoldovanoua.ro\/wp-content\/uploads\/2022\/04\/130.29.10.2021.pdf\" target=\"_blank\" rel=\"noreferrer noopener\">130\/29.10.2021 \u2013 Hot\u0103r\u00e2re pentru aprobarea Regulamentului privind colectarea \u0219i transportul de\u0219eurilor vegetale biodegradabile din ora\u0219ul Moldova Nou\u0103<\/a><\/p>\n\n\n\n<p><a href=\"https:\/\/primariamoldovanoua.ro\/wp-content\/uploads\/2022\/04\/131.-29.10.2021.pdf\" target=\"_blank\" rel=\"noreferrer noopener\">131\/29.10.2021 \u2013 Hot\u0103r\u00e2re privind aprobarea Regulamentului de gestionare a de\u0219eurilor provenite din activit\u0103\u021bile de construc\u021bii \u0219i demol\u0103ri de pe raza ora\u0219ului Moldova Nou\u0103<\/a><\/p>\n\n\n\n<p><a href=\"https:\/\/primariamoldovanoua.ro\/wp-content\/uploads\/2022\/04\/132.29.10.2021.pdf\" target=\"_blank\" rel=\"noreferrer noopener\">132\/29.10.2021 \u2013 Hot\u0103r\u00e2re privind aprobarea achizi\u021bion\u0103rii serviciilor de arhivare pentru documentele de\u021binute de Prim\u0103ria ora\u0219ului Moldova Nou\u0103<\/a><\/p>\n\n\n\n<p><a href=\"https:\/\/primariamoldovanoua.ro\/wp-content\/uploads\/2022\/04\/133.29.10.2021.pdf\" target=\"_blank\" rel=\"noreferrer noopener\">133\/29.10.2021 \u2013 Hot\u0103r\u00e2re privind aprobarea achizi\u021bion\u0103rii directe a unui container monobloc cu grup sanitar \u00een vederea dot\u0103rii ad\u0103postului pentru c\u00e2inii f\u0103r\u0103 st\u0103p\u00e2n din Moldova Nou\u0103<\/a><\/p>\n\n\n\n<p><a href=\"https:\/\/primariamoldovanoua.ro\/wp-content\/uploads\/2022\/04\/134.29.10.2021.pdf\" target=\"_blank\" rel=\"noreferrer noopener\">134\/29.10.2021 \u2013 Hot\u0103r\u00e2re privind aprobarea tarifului pentru \u00eenchirierea aparatului GPS RTK Stonex S850 A<\/a><\/p>\n\n\n\n<p><a href=\"https:\/\/primariamoldovanoua.ro\/wp-content\/uploads\/2022\/04\/135.29.10.2021.pdf\" target=\"_blank\" rel=\"noreferrer noopener\">135\/29.10.2021 \u2013 Hot\u0103r\u00e2re privind aprobarea cererii de finan\u021bare \u0219i a devizului general estimativ a obiectivului de investi\u021bie \u201eReabilitare \u0219i modernizare str\u0103zi \u00een ora\u0219ul Moldova Nou\u0103\u201d \u2013 Obiect nr. 1 \u201eReabilitare carosabil \u0219i trotuare la str\u0103zi betonate Lot 1\u201d<\/a><\/p>\n\n\n\n<p><a href=\"https:\/\/primariamoldovanoua.ro\/wp-content\/uploads\/2022\/04\/136.29.10.2021.pdf\" target=\"_blank\" rel=\"noreferrer noopener\">136\/29.10.2021 \u2013 Hot\u0103r\u00e2re privind aprobarea indicatorilor tehnico-economici pentru obiectivul de investi\u021bii \u201eRepara\u021bii locuri de parcare \u00een zona Bisericii Ortodoxe Sf. Mare Mucenic Gheorghe din Moldova Nou\u0103\u201d<\/a><\/p>\n\n\n\n<p><a href=\"https:\/\/primariamoldovanoua.ro\/wp-content\/uploads\/2022\/04\/137.29.10.2021.pdf\" target=\"_blank\" rel=\"noreferrer noopener\">137\/29.10.2021 \u2013 Hot\u0103r\u00e2re privind aprobarea indicatorilor tehnico-economici pentru obiectivul de investi\u021bii \u201eLucr\u0103ri de repara\u021bii la calea de acces a Liceului Tehnologic Clisura Dun\u0103rii\u201d<\/a><\/p>\n\n\n\n<p><a href=\"https:\/\/primariamoldovanoua.ro\/wp-content\/uploads\/2022\/04\/138.29.10.2021.pdf\" target=\"_blank\" rel=\"noreferrer noopener\">138\/29.10.2021 \u2013 Hot\u0103r\u00e2re privind aprobarea indicatorilor tehnico-economici pentru obiectivul de investi\u021bii \u201eLuc\u0103ri de repara\u021bii la parcarea din fa\u021ba blocului nr. 42 Aleea Eftimie Murgu, Localitatea Moldova Nou\u0103\u201d<\/a><\/p>\n\n\n\n<p><a href=\"https:\/\/primariamoldovanoua.ro\/wp-content\/uploads\/2022\/04\/139.02.11.2021.pdf\" target=\"_blank\" rel=\"noreferrer noopener\">139\/02.11.2021 &#8211; Hot\u0103r\u00e2re privind desemnarea unui reprezentant al Consiliului local al ora\u0219ului Moldova Nou\u0103, \u00een vederea constituirii comisiei de evaluare a probei de interviu \u00een cadrul concursului pentru ocuparea func\u021biilor de director \u0219i director adjunct din unit\u0103\u021bile de \u00eenv\u0103\u021b\u0103m\u00e2nt preuniversitar de stat, pentru unit\u0103\u021bile de \u00eev\u0103\u021b\u0103m\u00e2nt de pe raza unit\u0103\u021bii administrativ teritoriale, ora\u0219ul Moldova Nou\u0103 &#8211; \u201eLiceul Tehnologic Clisura Dun\u0103rii Moldova Nou\u0103\u201d \u0219i \u201eGr\u0103dini\u021ba cu Program Prelungit Sf. Stelian Moldova Nou\u0103\u201d<\/a><\/p>\n\n\n\n<p><a href=\"https:\/\/primariamoldovanoua.ro\/wp-content\/uploads\/2022\/04\/140.26.11.2021.pdf\" target=\"_blank\" rel=\"noreferrer noopener\">140\/26.11.2021 \u2013 Hot\u0103r\u00e2re privind rectificarea bugetului local al ora\u0219ului Moldova Nou\u0103 pe anul 2021<\/a><\/p>\n\n\n\n<p><a href=\"https:\/\/primariamoldovanoua.ro\/wp-content\/uploads\/2022\/04\/141.26.11.2021.pdf\" target=\"_blank\" rel=\"noreferrer noopener\">141\/26.11.2021 \u2013 Hot\u0103r\u00e2re privind alocarea unor sume de bani din bugetul local al ora\u0219ului Moldova Nou\u0103 pe anul 2021<\/a><\/p>\n\n\n\n<p><a href=\"https:\/\/primariamoldovanoua.ro\/wp-content\/uploads\/2022\/04\/142.26.11.2021.pdf\" target=\"_blank\" rel=\"noreferrer noopener\">142\/26.11.2021 &#8211; Hot\u0103r\u00e2re privind desemnarea Directorului executiv \u0219i a Directorului adjunct administrativ care vor face parte din Comitetul Director al Clubului Sportiv Moldova Nou\u0103<\/a><\/p>\n\n\n\n<p><a href=\"https:\/\/primariamoldovanoua.ro\/wp-content\/uploads\/2022\/04\/143.26.11.2021.pdf\" target=\"_blank\" rel=\"noreferrer noopener\">143\/26.11.2021 &#8211; Hot\u0103r\u00e2re privind aprobarea trecerii din domeniul public \u00een domeniul privat al ora\u0219ului Moldova Nou\u0103, a terenului \u00een suprafa\u021b\u0103 de 100 mp \u00eenscris \u00een C.F. nr. 32945 Moldova Nou\u0103, nr. cad. 32945<\/a><\/p>\n\n\n\n<p><a href=\"https:\/\/primariamoldovanoua.ro\/wp-content\/uploads\/2022\/04\/144.26.11.2021.pdf\" target=\"_blank\" rel=\"noreferrer noopener\">144\/26.11.2021 &#8211; Hot\u0103r\u00e2re privind aprobarea concesion\u0103rii directe a terenului \u00een suprafa\u021b\u0103 de 100 mp, \u00eenscris \u00een CF 32945 Moldova Nou\u0103, proprietate privat\u0103 a ora\u0219ului Moldova Nou\u0103, c\u0103tre Tism\u0103naru Alina Gabriela, \u00een vederea extinderii construc\u021biilor de pe terenul al\u0103turat<\/a><\/p>\n\n\n\n<p><a href=\"https:\/\/primariamoldovanoua.ro\/wp-content\/uploads\/2022\/04\/145.26.11.2021.pdf\" target=\"_blank\" rel=\"noreferrer noopener\">145\/26.11.2021 &#8211; Hot\u0103r\u00e2re privind aprobarea demar\u0103rii lucr\u0103rilor de proiectare \u0219i execu\u021bie de c\u0103tre Ocolul Silvic Moldova Nou\u0103 a unui drum forestier punct de \u00eenceput \u2013 intersec\u021bie DJ 571B (l\u00e2ng\u0103 podul Radimna) \u0219i punct de terminare \u2013 borna 231, cu o suprafa\u021b\u0103 de 0,96 ha. Proprietatea ora\u0219ului Moldova Nou\u0103<\/a><\/p>\n\n\n\n<p><a href=\"https:\/\/primariamoldovanoua.ro\/wp-content\/uploads\/2022\/04\/146.26.11.2021.pdf\" target=\"_blank\" rel=\"noreferrer noopener\">146\/26.11.2021 &#8211; Hot\u0103r\u00e2re privind constatarea apartenen\u021bei la domeniul privat al ora\u0219ului Moldova Nou\u0103 a unui imobil aflat \u00een proprietatea Statului Rom\u00e2n<\/a><\/p>\n\n\n\n<p><a href=\"https:\/\/primariamoldovanoua.ro\/wp-content\/uploads\/2022\/04\/147.26.11.2021.pdf\" target=\"_blank\" rel=\"noreferrer noopener\">147\/26.11.2021 &#8211; Hot\u0103r\u00e2re privind constatarea apartenen\u021bei la domeniul privat al ora\u0219ului Moldova Nou\u0103 a unui imobil aflat \u00een proprietatea Statului Rom\u00e2n \u00eenscris \u00een CF 32540 Moldova Nou\u0103, nr. top. 859, \u00een suprafa\u021b\u0103 de 881 mp, situat \u00een ora\u0219ul Moldova Nou\u0103, localitatea Moldova Veche nr. 176, jud. Cara\u0219-Severin<\/a><\/p>\n\n\n\n<p><a href=\"https:\/\/primariamoldovanoua.ro\/wp-content\/uploads\/2022\/04\/148.26.11.2021.pdf\" target=\"_blank\" rel=\"noreferrer noopener\">148\/26.11.2021 &#8211; Hot\u0103r\u00e2re privind modificarea tarifelor la abonamentele pentru transportul public local de c\u0103l\u0103tori din ora\u0219ul Moldova Nou\u0103, acordarea unor facilit\u0103\u021bi la transportul public local pentru anumite categorii de persoane \u0219i modificarea unui traseu pentru transportul public local de c\u0103l\u0103tori<\/a><\/p>\n\n\n\n<p><a href=\"https:\/\/primariamoldovanoua.ro\/wp-content\/uploads\/2022\/04\/149.26.11.2021.pdf\" target=\"_blank\" rel=\"noreferrer noopener\">149\/26.11.2021 &#8211; Hot\u0103r\u00e2re privind aprobarea d\u0103rii \u00een folosin\u021b\u0103 a unui spa\u021biu M08,\u00een suprafa\u021b\u0103 de 10,75 mp, situat la Centrul de Afaceri din ora\u0219ul Moldova Nou\u0103, al. Mihai Viteazu nr. 36A, jud. Cara\u0219-Severin, c\u0103tre Asocia\u021bia Dun\u0103rea Moldova Nou\u0103<\/a><\/p>\n\n\n\n<p><a href=\"https:\/\/primariamoldovanoua.ro\/wp-content\/uploads\/2022\/04\/150.26.11.2021.pdf\" target=\"_blank\" rel=\"noreferrer noopener\">150\/26.11.2021 &#8211; Hot\u0103r\u00e2re privind aprobarea Proiectului Tehnic \u0219i a indicatorilor tehnico-economici pentru obiectivul de investi\u021bii \u201eCre\u0219terea eficien\u021bei energetice a blocurilor de locuin\u021be nr. 11,12,13, strada Liliacului, Moldova Nou\u0103\u201d componenta BL. 11<\/a><\/p>\n\n\n\n<p><a href=\"https:\/\/primariamoldovanoua.ro\/wp-content\/uploads\/2022\/04\/151.26.11.2021.pdf\" target=\"_blank\" rel=\"noreferrer noopener\">151\/26.11.2021 &#8211; Hot\u0103r\u00e2re privind aprobarea Proiectului Tehnic \u0219i a indicatorilor tehnico-economici pentru obiectivul de investi\u021bii \u201eCre\u0219terea eficien\u021bei energetice a blocurilor de locuin\u021be nr. 11,12,13, strada Liliacului, Moldova Nou\u0103\u201d componenta BL. 12<\/a><\/p>\n\n\n\n<p><a href=\"https:\/\/primariamoldovanoua.ro\/wp-content\/uploads\/2022\/04\/152.26.11.2021.pdf\" target=\"_blank\" rel=\"noreferrer noopener\">152\/26.11.2021 &#8211; Hot\u0103r\u00e2re privind aprobarea Proiectului Tehnic \u0219i a indicatorilor tehnico-economici pentru obiectivul de investi\u021bii \u201eCre\u0219terea eficien\u021bei energetice a blocurilor de locuin\u021be nr. 11,12,13, strada Liliacului, Moldova Nou\u0103\u201d componenta BL. 13<\/a><\/p>\n\n\n\n<p><a href=\"https:\/\/primariamoldovanoua.ro\/wp-content\/uploads\/2022\/04\/153.26.11.2021.pdf\" target=\"_blank\" rel=\"noreferrer noopener\">153\/26.11.2021 &#8211; Hot\u0103r\u00e2re pentru acordul de principiu privind participarea Liceului Tehnologic \u201eClisura Dun\u0103rii\u201d Moldova Nou\u0103, \u00een calitate de partener al Societ\u0103\u021bii Na\u021bionale de Cruce Ro\u0219ie din Rom\u00e2nia \u2013 Filiala Cara\u0219-Severin, \u00een scopul acces\u0103rii unei finan\u021b\u0103ri nerambursabile \u00een cadrul Programului Opera\u021bional Capital Uman 2014-2021, Axa prioritar\u0103 nr. 6 \u2013 Educa\u021bie \u0219i competen\u021be, \u0219i aprobarea sus\u021binerii din bugetul local a contribu\u021biei de 2\u2105 din valoarea bugetului ce va fi alocat \u00een cadrul proiectului aferent Liceului Tehnologic \u201eClisura Dun\u0103rii\u201d Moldova Nou\u0103<\/a><\/p>\n\n\n\n<p><a href=\"https:\/\/primariamoldovanoua.ro\/wp-content\/uploads\/2022\/04\/154.06.12.2021.pdf\" target=\"_blank\" rel=\"noreferrer noopener\">154\/06.12.2021 &#8211; Hot\u0103r\u00e2re privind rectificarea bugetului local al ora\u0219ului Moldova Nou\u0103 pe anul 2021<\/a><\/p>\n\n\n\n<p><a href=\"https:\/\/primariamoldovanoua.ro\/wp-content\/uploads\/2022\/04\/155.10.12.2021.pdf\" target=\"_blank\" rel=\"noreferrer noopener\">155\/10.12.2021- Hot\u0103r\u00e2re privind rectificarea bugetului local al ora\u0219ului Moldova Nou\u0103 pe anul 2021<\/a><\/p>\n\n\n\n<p><a href=\"https:\/\/primariamoldovanoua.ro\/wp-content\/uploads\/2022\/04\/156.10.12.2021.pdf\" target=\"_blank\" rel=\"noreferrer noopener\">156\/10.12.2021 &#8211; Hot\u0103r\u00e2re privind alocarea unei sume de bani din bugetul local al ora\u0219ului Moldova Nou\u0103 pe anul 2021<\/a><\/p>\n\n\n\n<p><a href=\"https:\/\/primariamoldovanoua.ro\/wp-content\/uploads\/2022\/04\/157.15.12.2021.pdf\" target=\"_blank\" rel=\"noreferrer noopener\">157\/15.12.2021 &#8211; Hot\u0103r\u00e2re privind rectificarea bugetului de venituri \u0219i cheltuieli al Spitalului Or\u0103\u0219enesc Moldova Nou\u0103 pe anul 2021<\/a><\/p>\n\n\n\n<p><a href=\"https:\/\/primariamoldovanoua.ro\/wp-content\/uploads\/2022\/04\/158.15.12.2021.pdf\" target=\"_blank\" rel=\"noreferrer noopener\">158\/15.12.2021 &#8211; Hot\u0103r\u00e2re privind aprobarea \u201ePlanului anual de evolu\u021bie a tarifelor\u201d conform rezultatelor Analizei Cost-Beneficiu pentru \u201eProiectul regional de dezvoltare a infrastructurii de ap\u0103 \u0219i ap\u0103 uzat\u0103 \u00een jude\u021bul Cara\u0219-Severin, \u00een perioada 2014-2020\u201d<\/a><\/p>\n\n\n\n<p><a href=\"https:\/\/primariamoldovanoua.ro\/wp-content\/uploads\/2022\/04\/159.15.12.2021.pdf\" target=\"_blank\" rel=\"noreferrer noopener\">159\/15.12.2021 &#8211; Hot\u0103r\u00e2re privind aprobarea documenta\u021biei tehnico-economice \u201eStudiu de fezabilitate\u201d \u0219i a principalilor indicatori tehnico-economici pentru \u201eProiectul regional de dezvoltare a infrastructurii de ap\u0103 \u0219i ap\u0103 uzat\u0103 \u00een jude\u021bul Cara\u0219-Severin, \u00een perioada 2014-2020\u201d<\/a><\/p>\n\n\n\n<p><a href=\"https:\/\/primariamoldovanoua.ro\/wp-content\/uploads\/2022\/04\/160.15.12.2021.pdf\" target=\"_blank\" rel=\"noreferrer noopener\">160\/15.12.2021 &#8211; Hot\u0103r\u00e2re privind aprobarea valorii investi\u021biilor aferente Consiliului Local al ora\u0219ului Moldova Nou\u0103 \u0219i a particip\u0103rii Consiliului Local al ora\u0219ului Moldova Nou\u0103 la cofinan\u021barea \u201eProiectul regional de dezvoltare a infrastructurii de ap\u0103 \u0219i ap\u0103 uzat\u0103 \u00een jude\u021bul Cara\u0219-Severin, \u00een perioada 2014-2020\u201d<\/a><\/p>\n\n\n\n<p><a href=\"https:\/\/primariamoldovanoua.ro\/wp-content\/uploads\/2022\/04\/161.23.12.2021.pdf\" target=\"_blank\" rel=\"noreferrer noopener\">161\/23.12.2021 &#8211; Hot\u0103r\u00e2re privind rectificarea bugetului local al ora\u0219ului Moldova Nou\u0103 pe anul 2021<\/a><\/p>\n\n\n\n<p><a href=\"https:\/\/primariamoldovanoua.ro\/wp-content\/uploads\/2022\/04\/162.23.12.2021.pdf\" target=\"_blank\" rel=\"noreferrer noopener\">162\/23.12.2021 &#8211; Hot\u0103r\u00e2re privind rectificarea bugetului de venituri \u0219i cheltuieli al Spitalului Or\u0103\u0219enesc Moldova Nou\u0103 pe anul 2021<\/a><\/p>\n\n\n\n<p><a href=\"https:\/\/primariamoldovanoua.ro\/wp-content\/uploads\/2022\/04\/163.23.12.2021.pdf\" target=\"_blank\" rel=\"noreferrer noopener\">163\/23.12.2021 &#8211; Hot\u0103r\u00e2re privind aprobarea actului adi\u021bional nr.6 la Contractul nr.2124\/28.06.2018 privind administrarea fondului forestier de c\u0103tre Direc\u021bia Silvic\u0103 Cara\u0219-Severin prin Ocolul Silvic Moldova Nou\u0103<\/a><\/p>\n\n\n\n<p><a href=\"https:\/\/primariamoldovanoua.ro\/wp-content\/uploads\/2022\/04\/164.28.12.2021.pdf\" target=\"_blank\" rel=\"noreferrer noopener\">164\/28.12.2021 &#8211; Hot\u0103r\u00e2re privind rectificarea bugetului local al ora\u0219ului Moldova Nou\u0103 pe anul 2021<\/a><\/p>\n\n\n\n<p><a href=\"https:\/\/primariamoldovanoua.ro\/wp-content\/uploads\/2022\/04\/165.28.12.2021.pdf\" target=\"_blank\" rel=\"noreferrer noopener\">165\/28.12.2021 \u2013 Hot\u0103r\u00e2re pentru modificarea \u0219i completarea H.C.L.nr. 37\/31.05.2021 privind indexarea impozitelor \u0219i taxelor locale care constau \u00eentr-o anumit\u0103 sum\u0103 \u00een lei sau sunt stabilite pe baza unei anumite sume \u00een lei, a taxelor speciale precum \u0219i limitele amenzilor care se fac venit la bugetul local, pentru anul fiscal 2022 \u00een ora\u0219ul Moldova Nou\u0103<\/a><\/p>\n\n\n\n<p><a href=\"https:\/\/primariamoldovanoua.ro\/wp-content\/uploads\/2022\/04\/166.28.12.2021.pdf\" target=\"_blank\" rel=\"noreferrer noopener\">166\/28.12.2021 &#8211; Hot\u0103r\u00e2re privind acordarea de scutire de la plata impozitului pe cl\u0103direa folosit\u0103 ca domiciliu, terenurile aferente cl\u0103dirii de domiciliu, alte terenuri aflate \u00een proprietate sau coproprietate \u0219i pentru un singur mijloc de transport la alegerea contribuabilului Busioc Costel, cu domiciliul \u00een loc. M\u0103ce\u0219ti, nr.157<\/a><\/p>\n\n\n\n<p><a href=\"https:\/\/primariamoldovanoua.ro\/wp-content\/uploads\/2022\/04\/167.28.12.2021.pdf\" target=\"_blank\" rel=\"noreferrer noopener\">167\/28.12.2021 &#8211; Hot\u0103r\u00e2re privind aprobarea Organigramei, a Statului de personal \u0219i a Statului de func\u021bii din cadrul aparatului de specialitate al primarului ora\u0219ului Moldova Nou\u0103<\/a><\/p>\n\n\n\n<p><a href=\"https:\/\/primariamoldovanoua.ro\/wp-content\/uploads\/2022\/04\/168.28.12.2021.pdf\" target=\"_blank\" rel=\"noreferrer noopener\">168\/28.12.2021 &#8211; Hot\u0103r\u00e2re pentru aprobarea oraganiz\u0103rii re\u021belei \u0219colare a unit\u0103\u021bilor de \u00eenv\u0103\u021b\u0103m\u00e2nt preuniversitar de stat \u0219i particular de pe teritoriul ora\u0219ului Moldova Nou\u0103 pentru anul \u0219colar 2022-2023<\/a><\/p>\n\n\n\n<p><a href=\"https:\/\/primariamoldovanoua.ro\/wp-content\/uploads\/2022\/04\/169.28.12.2021.pdf\" target=\"_blank\" rel=\"noreferrer noopener\">169\/28.12.2021 &#8211; Hot\u0103r\u00e2re privind aprobarea realiz\u0103rii \u0219i amplas\u0103rii unui monument \u00eenchinat memoriei celor care au fost deporta\u021bi \u00een B\u0103r\u0103gan de pe raza localit\u0103\u021bii Moldova Nou\u0103, Moldova Veche, M\u0103ce\u0219ti \u0219i Moldovi\u021ba<\/a><\/p>\n\n\n\n<p><a href=\"https:\/\/primariamoldovanoua.ro\/wp-content\/uploads\/2022\/04\/170.28.12.2021.pdf\" target=\"_blank\" rel=\"noreferrer noopener\">170\/28.12.2021 &#8211; Hot\u0103r\u00e2re pentru aprobarea Regulamentului privind lucr\u0103rile tehnico-edilitare care se execut\u0103 pe domeniul public sau privat al ora\u0219ului Moldova Nou\u0103<\/a><\/p>\n\n\n\n<p><a href=\"https:\/\/primariamoldovanoua.ro\/wp-content\/uploads\/2022\/04\/171.28.12.2021.pdf\" target=\"_blank\" rel=\"noreferrer noopener\">171\/28.12.2021 &#8211; Hot\u0103r\u00e2re pentru aprobarea Listei de priorit\u0103\u021bi pentru anul 2022, \u00een vederea repartiz\u0103rii locuin\u021belor din fondul locativ de stat aflate \u00een proprietatea ora\u0219ului Moldova Nou\u0103 172\/28.12.2021 &#8211; Hot\u0103r\u00e2re privind constatarea apartenen\u021bei la domeniul privat al ora\u0219ului Moldova Nou\u0103 a unui num\u0103r de \u0219ase imobile tern cu destina\u021bia drum situate \u00een ora\u0219ul Moldova Nou\u0103, localitatea Moldovi\u021ba \u0219i localitatea M\u0103ce\u0219ti<\/a><\/p>\n","protected":false},"excerpt":{"rendered":"<p>Hot\u0103r\u00e2ri 2021 1\/20.04.2021 &#8211; Hot\u0103r\u00e2re privind organizarea comisiilor de specialitate ale Consiliului Local al ora\u0219ului Moldova Nou\u0103, jude\u021bul Cara\u0219-Severin 2\/20.04.2021 &#8211; Hot\u0103r\u00e2re privind constituirea Comisiei de validare \u0219i de num\u0103rare a voturilor 3\/20.04.2021 &#8211; Hot\u0103r\u00e2re privind alegerea Viceprimarului ora\u0219ului Moldova Nou\u0103 4\/22.04.2021 &#8211; Hot\u0103r\u00e2re privind aprobarea utiliz\u0103rii excedentului bugetar al anului 2020 ca m\u0103sur\u0103 de [&hellip;]<\/p>\n","protected":false},"author":3,"featured_media":0,"parent":0,"menu_order":0,"comment_status":"closed","ping_status":"closed","template":"","meta":{"site-sidebar-layout":"default","site-content-layout":"default","ast-site-content-layout":"","site-content-style":"default","site-sidebar-style":"default","ast-global-header-display":"","ast-banner-title-visibility":"","ast-main-header-display":"","ast-hfb-above-header-display":"","ast-hfb-below-header-display":"","ast-hfb-mobile-header-display":"","site-post-title":"","ast-breadcrumbs-content":"","ast-featured-img":"","footer-sml-layout":"","theme-transparent-header-meta":"default","adv-header-id-meta":"","stick-header-meta":"default","header-above-stick-meta":"","header-main-stick-meta":"","header-below-stick-meta":"","astra-migrate-meta-layouts":"default","ast-page-background-enabled":"default","ast-page-background-meta":{"desktop":{"background-color":"","background-image":"","background-repeat":"repeat","background-position":"center center","background-size":"auto","background-attachment":"scroll","background-type":"","background-media":"","overlay-type":"","overlay-color":"","overlay-gradient":""},"tablet":{"background-color":"","background-image":"","background-repeat":"repeat","background-position":"center center","background-size":"auto","background-attachment":"scroll","background-type":"","background-media":"","overlay-type":"","overlay-color":"","overlay-gradient":""},"mobile":{"background-color":"","background-image":"","background-repeat":"repeat","background-position":"center center","background-size":"auto","background-attachment":"scroll","background-type":"","background-media":"","overlay-type":"","overlay-color":"","overlay-gradient":""}},"ast-content-background-meta":{"desktop":{"background-color":"var(--ast-global-color-5)","background-image":"","background-repeat":"repeat","background-position":"center center","background-size":"auto","background-attachment":"scroll","background-type":"","background-media":"","overlay-type":"","overlay-color":"","overlay-gradient":""},"tablet":{"background-color":"var(--ast-global-color-5)","background-image":"","background-repeat":"repeat","background-position":"center center","background-size":"auto","background-attachment":"scroll","background-type":"","background-media":"","overlay-type":"","overlay-color":"","overlay-gradient":""},"mobile":{"background-color":"var(--ast-global-color-5)","background-image":"","background-repeat":"repeat","background-position":"center center","background-size":"auto","background-attachment":"scroll","background-type":"","background-media":"","overlay-type":"","overlay-color":"","overlay-gradient":""}},"footnotes":""},"class_list":["post-6558","page","type-page","status-publish","hentry"],"yoast_head":"<!-- This site is optimized with the Yoast SEO plugin v27.0 - https:\/\/yoast.com\/product\/yoast-seo-wordpress\/ -->\n<title>Arhiv\u0103 2021 - Prim\u0103riaMoldovaNou\u0103.ro<\/title>\n<meta name=\"robots\" content=\"index, follow, max-snippet:-1, max-image-preview:large, max-video-preview:-1\" \/>\n<link rel=\"canonical\" href=\"https:\/\/primariamoldovanoua.ro\/index.php\/hotarari-2021\/\" \/>\n<meta property=\"og:locale\" content=\"en_US\" \/>\n<meta property=\"og:type\" content=\"article\" \/>\n<meta property=\"og:title\" content=\"Arhiv\u0103 2021 - Prim\u0103riaMoldovaNou\u0103.ro\" \/>\n<meta property=\"og:description\" content=\"Hot\u0103r\u00e2ri 2021 1\/20.04.2021 &#8211; Hot\u0103r\u00e2re privind organizarea comisiilor de specialitate ale Consiliului Local al ora\u0219ului Moldova Nou\u0103, jude\u021bul Cara\u0219-Severin 2\/20.04.2021 &#8211; Hot\u0103r\u00e2re privind constituirea Comisiei de validare \u0219i de num\u0103rare a voturilor 3\/20.04.2021 &#8211; Hot\u0103r\u00e2re privind alegerea Viceprimarului ora\u0219ului Moldova Nou\u0103 4\/22.04.2021 &#8211; Hot\u0103r\u00e2re privind aprobarea utiliz\u0103rii excedentului bugetar al anului 2020 ca m\u0103sur\u0103 de [&hellip;]\" \/>\n<meta property=\"og:url\" content=\"https:\/\/primariamoldovanoua.ro\/index.php\/hotarari-2021\/\" \/>\n<meta property=\"og:site_name\" content=\"Prim\u0103riaMoldovaNou\u0103.ro\" \/>\n<meta property=\"article:modified_time\" content=\"2022-04-11T08:36:23+00:00\" \/>\n<meta name=\"twitter:card\" content=\"summary_large_image\" \/>\n<meta name=\"twitter:label1\" content=\"Est. reading time\" \/>\n\t<meta name=\"twitter:data1\" content=\"21 minutes\" \/>\n<script type=\"application\/ld+json\" class=\"yoast-schema-graph\">{\"@context\":\"https:\/\/schema.org\",\"@graph\":[{\"@type\":\"WebPage\",\"@id\":\"https:\/\/primariamoldovanoua.ro\/index.php\/hotarari-2021\/\",\"url\":\"https:\/\/primariamoldovanoua.ro\/index.php\/hotarari-2021\/\",\"name\":\"Arhiv\u0103 2021 - Prim\u0103riaMoldovaNou\u0103.ro\",\"isPartOf\":{\"@id\":\"https:\/\/primariamoldovanoua.ro\/#website\"},\"datePublished\":\"2021-05-29T14:28:19+00:00\",\"dateModified\":\"2022-04-11T08:36:23+00:00\",\"breadcrumb\":{\"@id\":\"https:\/\/primariamoldovanoua.ro\/index.php\/hotarari-2021\/#breadcrumb\"},\"inLanguage\":\"en-US\",\"potentialAction\":[{\"@type\":\"ReadAction\",\"target\":[\"https:\/\/primariamoldovanoua.ro\/index.php\/hotarari-2021\/\"]}]},{\"@type\":\"BreadcrumbList\",\"@id\":\"https:\/\/primariamoldovanoua.ro\/index.php\/hotarari-2021\/#breadcrumb\",\"itemListElement\":[{\"@type\":\"ListItem\",\"position\":1,\"name\":\"Home\",\"item\":\"https:\/\/primariamoldovanoua.ro\/\"},{\"@type\":\"ListItem\",\"position\":2,\"name\":\"Arhiv\u0103 2021\"}]},{\"@type\":\"WebSite\",\"@id\":\"https:\/\/primariamoldovanoua.ro\/#website\",\"url\":\"https:\/\/primariamoldovanoua.ro\/\",\"name\":\"Prim\u0103riaMoldovaNou\u0103.ro\",\"description\":\"Site-ul oficial al UAT Moldova Nou\u0103, jude\u0163ul Cara\u015f-Severin\",\"publisher\":{\"@id\":\"https:\/\/primariamoldovanoua.ro\/#organization\"},\"potentialAction\":[{\"@type\":\"SearchAction\",\"target\":{\"@type\":\"EntryPoint\",\"urlTemplate\":\"https:\/\/primariamoldovanoua.ro\/?s={search_term_string}\"},\"query-input\":{\"@type\":\"PropertyValueSpecification\",\"valueRequired\":true,\"valueName\":\"search_term_string\"}}],\"inLanguage\":\"en-US\"},{\"@type\":\"Organization\",\"@id\":\"https:\/\/primariamoldovanoua.ro\/#organization\",\"name\":\"Prim\u0103riaMoldovaNou\u0103.ro\",\"url\":\"https:\/\/primariamoldovanoua.ro\/\",\"logo\":{\"@type\":\"ImageObject\",\"inLanguage\":\"en-US\",\"@id\":\"https:\/\/primariamoldovanoua.ro\/#\/schema\/logo\/image\/\",\"url\":\"https:\/\/primariamoldovanoua.ro\/wp-content\/uploads\/2021\/04\/cropped-Logo-Moldova-Noua-M-1.png\",\"contentUrl\":\"https:\/\/primariamoldovanoua.ro\/wp-content\/uploads\/2021\/04\/cropped-Logo-Moldova-Noua-M-1.png\",\"width\":158,\"height\":250,\"caption\":\"Prim\u0103riaMoldovaNou\u0103.ro\"},\"image\":{\"@id\":\"https:\/\/primariamoldovanoua.ro\/#\/schema\/logo\/image\/\"}}]}<\/script>\n<!-- \/ Yoast SEO plugin. -->","yoast_head_json":{"title":"Arhiv\u0103 2021 - Prim\u0103riaMoldovaNou\u0103.ro","robots":{"index":"index","follow":"follow","max-snippet":"max-snippet:-1","max-image-preview":"max-image-preview:large","max-video-preview":"max-video-preview:-1"},"canonical":"https:\/\/primariamoldovanoua.ro\/index.php\/hotarari-2021\/","og_locale":"en_US","og_type":"article","og_title":"Arhiv\u0103 2021 - Prim\u0103riaMoldovaNou\u0103.ro","og_description":"Hot\u0103r\u00e2ri 2021 1\/20.04.2021 &#8211; Hot\u0103r\u00e2re privind organizarea comisiilor de specialitate ale Consiliului Local al ora\u0219ului Moldova Nou\u0103, jude\u021bul Cara\u0219-Severin 2\/20.04.2021 &#8211; Hot\u0103r\u00e2re privind constituirea Comisiei de validare \u0219i de num\u0103rare a voturilor 3\/20.04.2021 &#8211; Hot\u0103r\u00e2re privind alegerea Viceprimarului ora\u0219ului Moldova Nou\u0103 4\/22.04.2021 &#8211; Hot\u0103r\u00e2re privind aprobarea utiliz\u0103rii excedentului bugetar al anului 2020 ca m\u0103sur\u0103 de [&hellip;]","og_url":"https:\/\/primariamoldovanoua.ro\/index.php\/hotarari-2021\/","og_site_name":"Prim\u0103riaMoldovaNou\u0103.ro","article_modified_time":"2022-04-11T08:36:23+00:00","twitter_card":"summary_large_image","twitter_misc":{"Est. reading time":"21 minutes"},"schema":{"@context":"https:\/\/schema.org","@graph":[{"@type":"WebPage","@id":"https:\/\/primariamoldovanoua.ro\/index.php\/hotarari-2021\/","url":"https:\/\/primariamoldovanoua.ro\/index.php\/hotarari-2021\/","name":"Arhiv\u0103 2021 - Prim\u0103riaMoldovaNou\u0103.ro","isPartOf":{"@id":"https:\/\/primariamoldovanoua.ro\/#website"},"datePublished":"2021-05-29T14:28:19+00:00","dateModified":"2022-04-11T08:36:23+00:00","breadcrumb":{"@id":"https:\/\/primariamoldovanoua.ro\/index.php\/hotarari-2021\/#breadcrumb"},"inLanguage":"en-US","potentialAction":[{"@type":"ReadAction","target":["https:\/\/primariamoldovanoua.ro\/index.php\/hotarari-2021\/"]}]},{"@type":"BreadcrumbList","@id":"https:\/\/primariamoldovanoua.ro\/index.php\/hotarari-2021\/#breadcrumb","itemListElement":[{"@type":"ListItem","position":1,"name":"Home","item":"https:\/\/primariamoldovanoua.ro\/"},{"@type":"ListItem","position":2,"name":"Arhiv\u0103 2021"}]},{"@type":"WebSite","@id":"https:\/\/primariamoldovanoua.ro\/#website","url":"https:\/\/primariamoldovanoua.ro\/","name":"Prim\u0103riaMoldovaNou\u0103.ro","description":"Site-ul oficial al UAT Moldova Nou\u0103, jude\u0163ul Cara\u015f-Severin","publisher":{"@id":"https:\/\/primariamoldovanoua.ro\/#organization"},"potentialAction":[{"@type":"SearchAction","target":{"@type":"EntryPoint","urlTemplate":"https:\/\/primariamoldovanoua.ro\/?s={search_term_string}"},"query-input":{"@type":"PropertyValueSpecification","valueRequired":true,"valueName":"search_term_string"}}],"inLanguage":"en-US"},{"@type":"Organization","@id":"https:\/\/primariamoldovanoua.ro\/#organization","name":"Prim\u0103riaMoldovaNou\u0103.ro","url":"https:\/\/primariamoldovanoua.ro\/","logo":{"@type":"ImageObject","inLanguage":"en-US","@id":"https:\/\/primariamoldovanoua.ro\/#\/schema\/logo\/image\/","url":"https:\/\/primariamoldovanoua.ro\/wp-content\/uploads\/2021\/04\/cropped-Logo-Moldova-Noua-M-1.png","contentUrl":"https:\/\/primariamoldovanoua.ro\/wp-content\/uploads\/2021\/04\/cropped-Logo-Moldova-Noua-M-1.png","width":158,"height":250,"caption":"Prim\u0103riaMoldovaNou\u0103.ro"},"image":{"@id":"https:\/\/primariamoldovanoua.ro\/#\/schema\/logo\/image\/"}}]}},"_links":{"self":[{"href":"https:\/\/primariamoldovanoua.ro\/index.php\/wp-json\/wp\/v2\/pages\/6558","targetHints":{"allow":["GET"]}}],"collection":[{"href":"https:\/\/primariamoldovanoua.ro\/index.php\/wp-json\/wp\/v2\/pages"}],"about":[{"href":"https:\/\/primariamoldovanoua.ro\/index.php\/wp-json\/wp\/v2\/types\/page"}],"author":[{"embeddable":true,"href":"https:\/\/primariamoldovanoua.ro\/index.php\/wp-json\/wp\/v2\/users\/3"}],"replies":[{"embeddable":true,"href":"https:\/\/primariamoldovanoua.ro\/index.php\/wp-json\/wp\/v2\/comments?post=6558"}],"version-history":[{"count":9,"href":"https:\/\/primariamoldovanoua.ro\/index.php\/wp-json\/wp\/v2\/pages\/6558\/revisions"}],"predecessor-version":[{"id":7269,"href":"https:\/\/primariamoldovanoua.ro\/index.php\/wp-json\/wp\/v2\/pages\/6558\/revisions\/7269"}],"wp:attachment":[{"href":"https:\/\/primariamoldovanoua.ro\/index.php\/wp-json\/wp\/v2\/media?parent=6558"}],"curies":[{"name":"wp","href":"https:\/\/api.w.org\/{rel}","templated":true}]}}