{"id":7781,"date":"2022-07-17T20:44:06","date_gmt":"2022-07-17T17:44:06","guid":{"rendered":"https:\/\/primariamoldovanoua.ro\/?page_id=7781"},"modified":"2022-07-20T15:38:03","modified_gmt":"2022-07-20T12:38:03","slug":"arhiva-2022-3","status":"publish","type":"page","link":"https:\/\/primariamoldovanoua.ro\/index.php\/arhiva-2022-3\/","title":{"rendered":"Arhiv\u0103 2022"},"content":{"rendered":"\n<h4 class=\"wp-block-heading\"><strong>PRIMAR:<\/strong><\/h4>\n\n\n\n<ul class=\"wp-block-list\"><li><a href=\"https:\/\/primariamoldovanoua.ro\/wp-content\/uploads\/2022\/07\/Primar.-Chisalita-I.-Ion-1.pdf\" target=\"_blank\" rel=\"noreferrer noopener\">Chis\u0103li\u021b\u0103 I. Ion<\/a><\/li><\/ul>\n\n\n\n<h4 class=\"wp-block-heading\"><strong>VICEPRIMAR:<\/strong><\/h4>\n\n\n\n<ul class=\"wp-block-list\"><li><a href=\"https:\/\/primariamoldovanoua.ro\/wp-content\/uploads\/2022\/07\/Viceprimar.-Moises-I.-Victor-Adrian-1.pdf\" target=\"_blank\" rel=\"noreferrer noopener\">Moise\u0219 I. Victor-Adrian<\/a><\/li><\/ul>\n\n\n\n<h4 class=\"wp-block-heading\"><strong>SECRETAR:<\/strong><\/h4>\n\n\n\n<ul class=\"wp-block-list\"><li><a href=\"https:\/\/primariamoldovanoua.ro\/wp-content\/uploads\/2022\/07\/Secretar-General.-Ciovela-N.-Florin-Ioan-1.pdf\" target=\"_blank\" rel=\"noreferrer noopener\">Ciovela N. Florin-Ioan<\/a><\/li><\/ul>\n\n\n\n<h4 class=\"wp-block-heading\"><strong>DIRECTOR EXECUTIV:<\/strong><\/h4>\n\n\n\n<ul class=\"wp-block-list\"><li><a href=\"https:\/\/primariamoldovanoua.ro\/wp-content\/uploads\/2022\/07\/Director-Executiv.-Titiriga-I.V.-Adriana-2.pdf\" target=\"_blank\" rel=\"noreferrer noopener\">\u021ai\u021birig\u0103 I.V. Adriana<\/a><\/li><\/ul>\n\n\n\n<h4 class=\"wp-block-heading\"><strong>AUDITOR:<\/strong><\/h4>\n\n\n\n<ul class=\"wp-block-list\"><li><a href=\"https:\/\/primariamoldovanoua.ro\/wp-content\/uploads\/2022\/07\/Auditor.-Sdeorna-I.-Carmen-1.pdf\" target=\"_blank\" rel=\"noreferrer noopener\">\u0218deorna I. Carmen<\/a><\/li><\/ul>\n\n\n\n<h4 class=\"wp-block-heading\"><strong>CONSILIER JURIDIC:<\/strong><\/h4>\n\n\n\n<ul class=\"wp-block-list\"><li><a href=\"https:\/\/primariamoldovanoua.ro\/wp-content\/uploads\/2022\/07\/Consilier-Juridic.-Mirovici-G.-Lorena-Maria-Luciana-1.pdf\" target=\"_blank\" rel=\"noreferrer noopener\">Mirovici G. Lorena-Maria-Luciana<\/a><\/li><li><a href=\"https:\/\/primariamoldovanoua.ro\/wp-content\/uploads\/2022\/07\/Consilier-Juridic.-Stoicovici-S.-Casiana-Maria-1.pdf\" target=\"_blank\" rel=\"noreferrer noopener\">Stoicovici S. Casiana-Maria<\/a><\/li><\/ul>\n\n\n\n<h4 class=\"wp-block-heading\"><strong>\u0218EFI\/COORDONATORI SERVICII, BIROURI \u015eI COMPARTIMENTE:<\/strong><\/h4>\n\n\n\n<ul class=\"wp-block-list\"><li><a href=\"https:\/\/primariamoldovanoua.ro\/wp-content\/uploads\/2022\/07\/Sef-Birou.-Bratu-S.-Liviu-Mihaita.pdf\" target=\"_blank\" rel=\"noreferrer noopener\">Bratu S. Liviu-Mih\u0103i\u021b\u0103<\/a><\/li><li><a href=\"https:\/\/primariamoldovanoua.ro\/wp-content\/uploads\/2022\/07\/Sef-birou.-Canpeanu-N.-Mirela-Antonela.pdf\" target=\"_blank\" rel=\"noreferrer noopener\">C\u00e2npeanu N. Mirela-Antonela<\/a><\/li><li><a href=\"https:\/\/primariamoldovanoua.ro\/wp-content\/uploads\/2022\/07\/Sef-Compartiment.-Chisalita-I.-Ilie-1.pdf\" target=\"_blank\" rel=\"noreferrer noopener\">Chis\u0103li\u021b\u0103 I. Ilie<\/a><\/li><li><a href=\"https:\/\/primariamoldovanoua.ro\/wp-content\/uploads\/2022\/07\/Sef-Serviciu.-Chisalita-G.H.E.-Marta-Maria-1.pdf\" target=\"_blank\" rel=\"noreferrer noopener\">Chis\u0103li\u021b\u0103 G.H.E. Marta-Maria<\/a><\/li><li><a href=\"https:\/\/primariamoldovanoua.ro\/wp-content\/uploads\/2022\/07\/Sef-Birou.-Ciovela-G.-Mihaela.pdf\" target=\"_blank\" rel=\"noreferrer noopener\">Ciovela G. Mihaela<\/a><\/li><li><a href=\"https:\/\/primariamoldovanoua.ro\/wp-content\/uploads\/2022\/07\/Coordonator-Compartiment.-Enache-P.-Dumitru-1.pdf\" target=\"_blank\" rel=\"noreferrer noopener\">Enache P. Dumitru<\/a><\/li><li><a href=\"https:\/\/primariamoldovanoua.ro\/wp-content\/uploads\/2022\/07\/Sef-Birou.-Nistoran-D.-Dumitru-1.pdf\" target=\"_blank\" rel=\"noreferrer noopener\">Nistoran D. Dumitru<\/a><\/li><li><a href=\"https:\/\/primariamoldovanoua.ro\/wp-content\/uploads\/2022\/07\/Sef-Serviciu.-Nistoran-G.-Ilie-1.pdf\" target=\"_blank\" rel=\"noreferrer noopener\">Nistoran G. Ilie<\/a><\/li><li><a href=\"https:\/\/primariamoldovanoua.ro\/wp-content\/uploads\/2022\/07\/Sef-Serviciu.-Stanoevici-S.-Victor-1.pdf\" target=\"_blank\" rel=\"noreferrer noopener\">Stanoevici S. Victor<\/a><\/li><li><a href=\"https:\/\/primariamoldovanoua.ro\/wp-content\/uploads\/2022\/07\/Sef-Serviciu.-Stefanovici-S.-Antal-1.pdf\" target=\"_blank\" rel=\"noreferrer noopener\">Stefanovici S. Antal<\/a><\/li><li><a href=\"https:\/\/primariamoldovanoua.ro\/wp-content\/uploads\/2022\/07\/Sef-Birou.-Szekely-S.-Radmila.pdf\" target=\"_blank\" rel=\"noreferrer noopener\">Szekely S. Radmila<\/a><\/li><li><a href=\"https:\/\/primariamoldovanoua.ro\/wp-content\/uploads\/2022\/07\/Sef-Compartiment.-Tismanariu-I.-Dorin-Marius-1.pdf\" target=\"_blank\" rel=\"noreferrer noopener\">Tism\u0103nariu I. Dorin-Marius<\/a><\/li><\/ul>\n\n\n\n<h4 class=\"wp-block-heading\"><strong>INSPECTORI:<\/strong><\/h4>\n\n\n\n<ul class=\"wp-block-list\"><li><a href=\"https:\/\/primariamoldovanoua.ro\/wp-content\/uploads\/2022\/07\/Inspector.-Bencze-L.-Laszlo-Ocsi-1.pdf\" target=\"_blank\" rel=\"noreferrer noopener\">Bencze L. Laszlo-Ocsi<\/a><\/li><li><a href=\"https:\/\/primariamoldovanoua.ro\/wp-content\/uploads\/2022\/07\/Inspector.-Blidariu-T.-Daniel-Petru-1.pdf\" target=\"_blank\" rel=\"noreferrer noopener\">Blidariu T. Daniel-Petru<\/a><\/li><li><a href=\"https:\/\/primariamoldovanoua.ro\/wp-content\/uploads\/2022\/07\/Inspector.-Constantinovici-N.-Lavinia-1.pdf\" target=\"_blank\" rel=\"noreferrer noopener\">Constantinovici N. Lavinia<\/a><\/li><li><a href=\"https:\/\/primariamoldovanoua.ro\/wp-content\/uploads\/2022\/07\/Inspetor.-Dascalu-M.-Aura-Mihaela.pdf\" target=\"_blank\" rel=\"noreferrer noopener\">Dasc\u0103lu M. Aura-Mihaela<\/a><\/li><li><a href=\"https:\/\/primariamoldovanoua.ro\/wp-content\/uploads\/2022\/07\/Inspector.-Firan-I.-Carmen-Iuliana-1.pdf\" target=\"_blank\" rel=\"noreferrer noopener\">Firan I. Carmen-Iuliana<\/a><\/li><li><a href=\"https:\/\/primariamoldovanoua.ro\/wp-content\/uploads\/2022\/07\/Inspector.-Ghiba-V.-Constantin-1.pdf\" target=\"_blank\" rel=\"noreferrer noopener\">Ghiba V. Constantin<\/a><\/li><li><a href=\"https:\/\/primariamoldovanoua.ro\/wp-content\/uploads\/2022\/07\/Inspector-Superior.-Grecu-P.-Madelina-1.pdf\" target=\"_blank\" rel=\"noreferrer noopener\">Grecu P. Madelina<\/a><\/li><li><a href=\"https:\/\/primariamoldovanoua.ro\/wp-content\/uploads\/2022\/07\/Inspector-Asistent.-Ion-A.-Andra-Alina-1.pdf\" target=\"_blank\" rel=\"noreferrer noopener\">Ion A. Andra-Alina<\/a><\/li><li><a href=\"https:\/\/primariamoldovanoua.ro\/wp-content\/uploads\/2022\/07\/Inspector.-Izvernariu-G.-Geanina-Adelina-1.pdf\" target=\"_blank\" rel=\"noreferrer noopener\">Izvernariu G. Geanina-Adelina<\/a><\/li><li><a href=\"https:\/\/primariamoldovanoua.ro\/wp-content\/uploads\/2022\/07\/Inspector.-Jian-G.-Daniel-Gheorghe-1.pdf\" target=\"_blank\" rel=\"noreferrer noopener\">Jian G. Daniel-Gheorghe<\/a><\/li><li><a href=\"https:\/\/primariamoldovanoua.ro\/wp-content\/uploads\/2022\/07\/Inspector.-Lazarovici-I.-Iosif-Florin-1.pdf\" target=\"_blank\" rel=\"noreferrer noopener\">Lazarovici I. Iosif-Florin<\/a><\/li><li><a href=\"https:\/\/primariamoldovanoua.ro\/wp-content\/uploads\/2022\/07\/Inspector.-Nastase-V.-Alina-Ramona-1.pdf\" target=\"_blank\" rel=\"noreferrer noopener\">N\u0103stase V. Alina-Ramona<\/a><\/li><li><a href=\"https:\/\/primariamoldovanoua.ro\/wp-content\/uploads\/2022\/07\/Inspector.-Nicola-I.-Romeo-1.pdf\" target=\"_blank\" rel=\"noreferrer noopener\">Nicola I. Romeo<\/a><\/li><li><a href=\"https:\/\/primariamoldovanoua.ro\/wp-content\/uploads\/2022\/07\/Inspector.-Nistoran-N.-Vuti-Aida-1.pdf\" target=\"_blank\" rel=\"noreferrer noopener\">Nistoran N. Vu\u021bi-Aida<\/a><\/li><li><a href=\"https:\/\/primariamoldovanoua.ro\/wp-content\/uploads\/2022\/07\/Inspector.-Novacescu-A.-Adrian-Alexandru-1.pdf\" target=\"_blank\" rel=\"noreferrer noopener\">Nov\u0103cescu A. Adrian-Alexandru<\/a><\/li><li><a href=\"https:\/\/primariamoldovanoua.ro\/wp-content\/uploads\/2022\/07\/Inspector.-Novacovici-G.-Ramona-Mirabela-1.pdf\" target=\"_blank\" rel=\"noreferrer noopener\">Novacovici G. Ramona Mirabela<\/a><\/li><li><a href=\"https:\/\/primariamoldovanoua.ro\/wp-content\/uploads\/2022\/07\/Inspector.-Popovici-I.-Liliana-1.pdf\" target=\"_blank\" rel=\"noreferrer noopener\">Popovici I. Liliana<\/a><\/li><li><a href=\"https:\/\/primariamoldovanoua.ro\/wp-content\/uploads\/2022\/07\/Inspector.-Retezan-N.-Gheorghe-1.pdf\" target=\"_blank\" rel=\"noreferrer noopener\">Retezan N. Gheorghe<\/a><\/li><li><a href=\"https:\/\/primariamoldovanoua.ro\/wp-content\/uploads\/2022\/07\/Inspector-Superior.-Sporea-M.-Mara-1.pdf\" target=\"_blank\" rel=\"noreferrer noopener\">Sporea M. Mara<\/a><\/li><li><a href=\"https:\/\/primariamoldovanoua.ro\/wp-content\/uploads\/2022\/07\/Inspector-Asistent.-Strainescu-Z.-Cosana-Tania.pdf\" target=\"_blank\" rel=\"noreferrer noopener\">Strainescu Z. Cosana-Tania<\/a><\/li><li><a href=\"https:\/\/primariamoldovanoua.ro\/wp-content\/uploads\/2022\/07\/Inspector.-Tismanariu-N.-Loredana-Anica-1.pdf\" target=\"_blank\" rel=\"noreferrer noopener\">Tism\u0103nariu N. Loredana-Anica<\/a><\/li><li><a href=\"https:\/\/primariamoldovanoua.ro\/wp-content\/uploads\/2022\/07\/Inspector.-Tismanaru-G.-Nicolae-1.pdf\" target=\"_blank\" rel=\"noreferrer noopener\">Tism\u0103naru G. Nicolae<\/a><\/li><li><a href=\"https:\/\/primariamoldovanoua.ro\/wp-content\/uploads\/2022\/07\/Inspector.-Tuculia-D.-Esminca-Anita-1.pdf\" target=\"_blank\" rel=\"noreferrer noopener\">Tuculia D. Esminca-Ani\u021ba<\/a><\/li><li><a href=\"https:\/\/primariamoldovanoua.ro\/wp-content\/uploads\/2022\/07\/Inspector.-Vitan-A.-Luci-1.pdf\" target=\"_blank\" rel=\"noreferrer noopener\">Vitan A. Luci<\/a><\/li><\/ul>\n\n\n\n<h4 class=\"wp-block-heading\"><strong>REFEREN\u021aI:<\/strong><\/h4>\n\n\n\n<ul class=\"wp-block-list\"><li><a href=\"https:\/\/primariamoldovanoua.ro\/wp-content\/uploads\/2022\/07\/Referent.-Cazacutu-M.-Spiridon-1.pdf\" target=\"_blank\" rel=\"noreferrer noopener\">C\u0103z\u0103cu\u021bu M. Spiridon<\/a><\/li><li><a href=\"https:\/\/primariamoldovanoua.ro\/wp-content\/uploads\/2022\/07\/Referent-de-Specialitate.-Cornescu-N.-Nicolae-Marius-1.pdf\" target=\"_blank\" rel=\"noreferrer noopener\">Cornescu N. Nicolae-Marius<\/a><\/li><li><a href=\"https:\/\/primariamoldovanoua.ro\/wp-content\/uploads\/2022\/07\/Referent.-Crenicean-G.-Adriana-1.pdf\" target=\"_blank\" rel=\"noreferrer noopener\">Crenicean G. Adriana<\/a><\/li><li><a href=\"https:\/\/primariamoldovanoua.ro\/wp-content\/uploads\/2022\/07\/Referent-Superior.-Mihai-M.-Silvia-1.pdf\" target=\"_blank\" rel=\"noreferrer noopener\">Mihai M. Silvia<\/a><\/li><li><a href=\"https:\/\/primariamoldovanoua.ro\/wp-content\/uploads\/2022\/07\/Referent.-Muntean-G.-Sorina-Loredana-1.pdf\" target=\"_blank\" rel=\"noreferrer noopener\">Muntean G. Sorina-Loredana<\/a><\/li><li><a href=\"https:\/\/primariamoldovanoua.ro\/wp-content\/uploads\/2022\/07\/Referent.-Nicola-G.-Camelia-1.pdf\" target=\"_blank\" rel=\"noreferrer noopener\">Nicola G. Camelia<\/a><\/li><li><a href=\"https:\/\/primariamoldovanoua.ro\/wp-content\/uploads\/2022\/07\/Referent-Superior.-Pascu-G.-Coarci-1.pdf\" target=\"_blank\" rel=\"noreferrer noopener\">Pascu G. Coarci<\/a><\/li><li><a href=\"https:\/\/primariamoldovanoua.ro\/wp-content\/uploads\/2022\/07\/Referent.-Pervulescu-G.H.-Slavita-Sonia-1.pdf\" target=\"_blank\" rel=\"noreferrer noopener\">Pervulescu G.H. Slavi\u021ba-Sonia<\/a><\/li><li><a href=\"https:\/\/primariamoldovanoua.ro\/wp-content\/uploads\/2022\/07\/Referent-Superior.-Stoicovici-I.-Rodica-Ileana-1.pdf\" target=\"_blank\" rel=\"noreferrer noopener\">Stoicovici I. Rodica-Ileana<\/a><\/li><li><a href=\"https:\/\/primariamoldovanoua.ro\/wp-content\/uploads\/2022\/07\/Referent.-Tismanariu-I.-Ionica-1.pdf\" target=\"_blank\" rel=\"noreferrer noopener\">Tism\u0103nariu I. Ionica<\/a><\/li><li><a href=\"https:\/\/primariamoldovanoua.ro\/wp-content\/uploads\/2022\/07\/Referent.-Tismonariu-I.-Mihaela-Dana-1.pdf\" target=\"_blank\" rel=\"noreferrer noopener\">Tismonariu I. Mihaela-Dana<\/a><\/li><\/ul>\n\n\n\n<h4 class=\"wp-block-heading\"><strong>POLI\u021aIA LOCAL\u0102:<\/strong><\/h4>\n\n\n\n<ul class=\"wp-block-list\"><li><a href=\"https:\/\/primariamoldovanoua.ro\/wp-content\/uploads\/2022\/07\/Politist-Local.-Chiselita-I.-Ilie-1.pdf\" target=\"_blank\" rel=\"noreferrer noopener\">Chiseli\u021b\u0103 I. Ilie<\/a><\/li><li><a href=\"https:\/\/primariamoldovanoua.ro\/wp-content\/uploads\/2022\/07\/Politist-Local.-Cirpean-G.-Gheorghe-1.pdf\" target=\"_blank\" rel=\"noreferrer noopener\">C\u00eerpean G. Gheorghe<\/a><\/li><li><a href=\"https:\/\/primariamoldovanoua.ro\/wp-content\/uploads\/2022\/07\/Politist-Local.-Iancovici-J.-Vladimir-1.pdf\" target=\"_blank\" rel=\"noreferrer noopener\">Iancovici J. Vladimir<\/a><\/li><li><a href=\"https:\/\/primariamoldovanoua.ro\/wp-content\/uploads\/2022\/07\/Politist-Local.-Neag-P.-Ghita-Petrica-1.pdf\" target=\"_blank\" rel=\"noreferrer noopener\">Neag P. Ghi\u021ba-Petric\u0103<\/a><\/li><li><a href=\"https:\/\/primariamoldovanoua.ro\/wp-content\/uploads\/2022\/07\/Politist-Local.-Nicolici-J.-Goran.pdf\" target=\"_blank\" rel=\"noreferrer noopener\">Nicolici J. Goran<\/a><\/li><li><a href=\"https:\/\/primariamoldovanoua.ro\/wp-content\/uploads\/2022\/07\/Politist-Local.-Petraru-I.-Gheorghe-1.pdf\" target=\"_blank\" rel=\"noreferrer noopener\">Petraru I. Gheorghe<\/a><\/li><li><a href=\"https:\/\/primariamoldovanoua.ro\/wp-content\/uploads\/2022\/07\/Politist-Local.-Stefanovici-M.-Adrian-Marius-1.pdf\" target=\"_blank\" rel=\"noreferrer noopener\">Stefanovici M. Adrian-Marius<\/a><\/li><li><a href=\"https:\/\/primariamoldovanoua.ro\/wp-content\/uploads\/2022\/07\/Politist-Local.-Stoicovici-I.-Ovidiu-Ionel-1.pdf\" target=\"_blank\" rel=\"noreferrer noopener\">Stoicovici I. Ovidiu-Ionel<\/a><\/li><li><a href=\"https:\/\/primariamoldovanoua.ro\/wp-content\/uploads\/2022\/07\/Politist-Local.-Toran-G.-Gheorghe-1.pdf\" target=\"_blank\" rel=\"noreferrer noopener\">Toran G. Gheorghe<\/a><\/li><li><a href=\"https:\/\/primariamoldovanoua.ro\/wp-content\/uploads\/2022\/07\/Politist-Local.-Tudosa-M.-Daniel-Ionica-1.pdf\" target=\"_blank\" rel=\"noreferrer noopener\">Tudos\u0103 M. Daniel-Ionic\u0103<\/a><\/li><li><a href=\"https:\/\/primariamoldovanoua.ro\/wp-content\/uploads\/2022\/07\/Politist-Local.-Vig-I.-Ioan-Daniel-1.pdf\" target=\"_blank\" rel=\"noreferrer noopener\">Vig I. Ioan-Daniel<\/a><\/li><\/ul>\n","protected":false},"excerpt":{"rendered":"<p>PRIMAR: Chis\u0103li\u021b\u0103 I. Ion VICEPRIMAR: Moise\u0219 I. Victor-Adrian SECRETAR: Ciovela N. Florin-Ioan DIRECTOR EXECUTIV: \u021ai\u021birig\u0103 I.V. Adriana AUDITOR: \u0218deorna I. Carmen CONSILIER JURIDIC: Mirovici G. Lorena-Maria-Luciana Stoicovici S. Casiana-Maria \u0218EFI\/COORDONATORI SERVICII, BIROURI \u015eI COMPARTIMENTE: Bratu S. Liviu-Mih\u0103i\u021b\u0103 C\u00e2npeanu N. Mirela-Antonela Chis\u0103li\u021b\u0103 I. Ilie Chis\u0103li\u021b\u0103 G.H.E. Marta-Maria Ciovela G. Mihaela Enache P. Dumitru Nistoran D. Dumitru [&hellip;]<\/p>\n","protected":false},"author":3,"featured_media":0,"parent":0,"menu_order":0,"comment_status":"closed","ping_status":"closed","template":"","meta":{"site-sidebar-layout":"default","site-content-layout":"","ast-site-content-layout":"","site-content-style":"default","site-sidebar-style":"default","ast-global-header-display":"","ast-banner-title-visibility":"","ast-main-header-display":"","ast-hfb-above-header-display":"","ast-hfb-below-header-display":"","ast-hfb-mobile-header-display":"","site-post-title":"","ast-breadcrumbs-content":"","ast-featured-img":"","footer-sml-layout":"","theme-transparent-header-meta":"","adv-header-id-meta":"","stick-header-meta":"","header-above-stick-meta":"","header-main-stick-meta":"","header-below-stick-meta":"","astra-migrate-meta-layouts":"default","ast-page-background-enabled":"default","ast-page-background-meta":{"desktop":{"background-color":"","background-image":"","background-repeat":"repeat","background-position":"center center","background-size":"auto","background-attachment":"scroll","background-type":"","background-media":"","overlay-type":"","overlay-color":"","overlay-gradient":""},"tablet":{"background-color":"","background-image":"","background-repeat":"repeat","background-position":"center center","background-size":"auto","background-attachment":"scroll","background-type":"","background-media":"","overlay-type":"","overlay-color":"","overlay-gradient":""},"mobile":{"background-color":"","background-image":"","background-repeat":"repeat","background-position":"center center","background-size":"auto","background-attachment":"scroll","background-type":"","background-media":"","overlay-type":"","overlay-color":"","overlay-gradient":""}},"ast-content-background-meta":{"desktop":{"background-color":"var(--ast-global-color-5)","background-image":"","background-repeat":"repeat","background-position":"center center","background-size":"auto","background-attachment":"scroll","background-type":"","background-media":"","overlay-type":"","overlay-color":"","overlay-gradient":""},"tablet":{"background-color":"var(--ast-global-color-5)","background-image":"","background-repeat":"repeat","background-position":"center center","background-size":"auto","background-attachment":"scroll","background-type":"","background-media":"","overlay-type":"","overlay-color":"","overlay-gradient":""},"mobile":{"background-color":"var(--ast-global-color-5)","background-image":"","background-repeat":"repeat","background-position":"center center","background-size":"auto","background-attachment":"scroll","background-type":"","background-media":"","overlay-type":"","overlay-color":"","overlay-gradient":""}},"footnotes":""},"class_list":["post-7781","page","type-page","status-publish","hentry"],"yoast_head":"<!-- This site is optimized with the Yoast SEO plugin v27.0 - https:\/\/yoast.com\/product\/yoast-seo-wordpress\/ -->\n<title>Arhiv\u0103 2022 - Prim\u0103riaMoldovaNou\u0103.ro<\/title>\n<meta name=\"robots\" content=\"index, follow, max-snippet:-1, max-image-preview:large, max-video-preview:-1\" \/>\n<link rel=\"canonical\" href=\"https:\/\/primariamoldovanoua.ro\/index.php\/arhiva-2022-3\/\" \/>\n<meta property=\"og:locale\" content=\"en_US\" \/>\n<meta property=\"og:type\" content=\"article\" \/>\n<meta property=\"og:title\" content=\"Arhiv\u0103 2022 - Prim\u0103riaMoldovaNou\u0103.ro\" \/>\n<meta property=\"og:description\" content=\"PRIMAR: Chis\u0103li\u021b\u0103 I. Ion VICEPRIMAR: Moise\u0219 I. Victor-Adrian SECRETAR: Ciovela N. Florin-Ioan DIRECTOR EXECUTIV: \u021ai\u021birig\u0103 I.V. Adriana AUDITOR: \u0218deorna I. Carmen CONSILIER JURIDIC: Mirovici G. Lorena-Maria-Luciana Stoicovici S. Casiana-Maria \u0218EFI\/COORDONATORI SERVICII, BIROURI \u015eI COMPARTIMENTE: Bratu S. Liviu-Mih\u0103i\u021b\u0103 C\u00e2npeanu N. Mirela-Antonela Chis\u0103li\u021b\u0103 I. Ilie Chis\u0103li\u021b\u0103 G.H.E. Marta-Maria Ciovela G. Mihaela Enache P. Dumitru Nistoran D. Dumitru [&hellip;]\" \/>\n<meta property=\"og:url\" content=\"https:\/\/primariamoldovanoua.ro\/index.php\/arhiva-2022-3\/\" \/>\n<meta property=\"og:site_name\" content=\"Prim\u0103riaMoldovaNou\u0103.ro\" \/>\n<meta property=\"article:modified_time\" content=\"2022-07-20T12:38:03+00:00\" \/>\n<meta name=\"twitter:card\" content=\"summary_large_image\" \/>\n<meta name=\"twitter:label1\" content=\"Est. reading time\" \/>\n\t<meta name=\"twitter:data1\" content=\"1 minute\" \/>\n<script type=\"application\/ld+json\" class=\"yoast-schema-graph\">{\"@context\":\"https:\/\/schema.org\",\"@graph\":[{\"@type\":\"WebPage\",\"@id\":\"https:\/\/primariamoldovanoua.ro\/index.php\/arhiva-2022-3\/\",\"url\":\"https:\/\/primariamoldovanoua.ro\/index.php\/arhiva-2022-3\/\",\"name\":\"Arhiv\u0103 2022 - Prim\u0103riaMoldovaNou\u0103.ro\",\"isPartOf\":{\"@id\":\"https:\/\/primariamoldovanoua.ro\/#website\"},\"datePublished\":\"2022-07-17T17:44:06+00:00\",\"dateModified\":\"2022-07-20T12:38:03+00:00\",\"breadcrumb\":{\"@id\":\"https:\/\/primariamoldovanoua.ro\/index.php\/arhiva-2022-3\/#breadcrumb\"},\"inLanguage\":\"en-US\",\"potentialAction\":[{\"@type\":\"ReadAction\",\"target\":[\"https:\/\/primariamoldovanoua.ro\/index.php\/arhiva-2022-3\/\"]}]},{\"@type\":\"BreadcrumbList\",\"@id\":\"https:\/\/primariamoldovanoua.ro\/index.php\/arhiva-2022-3\/#breadcrumb\",\"itemListElement\":[{\"@type\":\"ListItem\",\"position\":1,\"name\":\"Home\",\"item\":\"https:\/\/primariamoldovanoua.ro\/\"},{\"@type\":\"ListItem\",\"position\":2,\"name\":\"Arhiv\u0103 2022\"}]},{\"@type\":\"WebSite\",\"@id\":\"https:\/\/primariamoldovanoua.ro\/#website\",\"url\":\"https:\/\/primariamoldovanoua.ro\/\",\"name\":\"Prim\u0103riaMoldovaNou\u0103.ro\",\"description\":\"Site-ul oficial al UAT Moldova Nou\u0103, jude\u0163ul Cara\u015f-Severin\",\"publisher\":{\"@id\":\"https:\/\/primariamoldovanoua.ro\/#organization\"},\"potentialAction\":[{\"@type\":\"SearchAction\",\"target\":{\"@type\":\"EntryPoint\",\"urlTemplate\":\"https:\/\/primariamoldovanoua.ro\/?s={search_term_string}\"},\"query-input\":{\"@type\":\"PropertyValueSpecification\",\"valueRequired\":true,\"valueName\":\"search_term_string\"}}],\"inLanguage\":\"en-US\"},{\"@type\":\"Organization\",\"@id\":\"https:\/\/primariamoldovanoua.ro\/#organization\",\"name\":\"Prim\u0103riaMoldovaNou\u0103.ro\",\"url\":\"https:\/\/primariamoldovanoua.ro\/\",\"logo\":{\"@type\":\"ImageObject\",\"inLanguage\":\"en-US\",\"@id\":\"https:\/\/primariamoldovanoua.ro\/#\/schema\/logo\/image\/\",\"url\":\"https:\/\/primariamoldovanoua.ro\/wp-content\/uploads\/2021\/04\/cropped-Logo-Moldova-Noua-M-1.png\",\"contentUrl\":\"https:\/\/primariamoldovanoua.ro\/wp-content\/uploads\/2021\/04\/cropped-Logo-Moldova-Noua-M-1.png\",\"width\":158,\"height\":250,\"caption\":\"Prim\u0103riaMoldovaNou\u0103.ro\"},\"image\":{\"@id\":\"https:\/\/primariamoldovanoua.ro\/#\/schema\/logo\/image\/\"}}]}<\/script>\n<!-- \/ Yoast SEO plugin. -->","yoast_head_json":{"title":"Arhiv\u0103 2022 - Prim\u0103riaMoldovaNou\u0103.ro","robots":{"index":"index","follow":"follow","max-snippet":"max-snippet:-1","max-image-preview":"max-image-preview:large","max-video-preview":"max-video-preview:-1"},"canonical":"https:\/\/primariamoldovanoua.ro\/index.php\/arhiva-2022-3\/","og_locale":"en_US","og_type":"article","og_title":"Arhiv\u0103 2022 - Prim\u0103riaMoldovaNou\u0103.ro","og_description":"PRIMAR: Chis\u0103li\u021b\u0103 I. Ion VICEPRIMAR: Moise\u0219 I. Victor-Adrian SECRETAR: Ciovela N. Florin-Ioan DIRECTOR EXECUTIV: \u021ai\u021birig\u0103 I.V. Adriana AUDITOR: \u0218deorna I. Carmen CONSILIER JURIDIC: Mirovici G. Lorena-Maria-Luciana Stoicovici S. Casiana-Maria \u0218EFI\/COORDONATORI SERVICII, BIROURI \u015eI COMPARTIMENTE: Bratu S. Liviu-Mih\u0103i\u021b\u0103 C\u00e2npeanu N. Mirela-Antonela Chis\u0103li\u021b\u0103 I. Ilie Chis\u0103li\u021b\u0103 G.H.E. Marta-Maria Ciovela G. Mihaela Enache P. Dumitru Nistoran D. Dumitru [&hellip;]","og_url":"https:\/\/primariamoldovanoua.ro\/index.php\/arhiva-2022-3\/","og_site_name":"Prim\u0103riaMoldovaNou\u0103.ro","article_modified_time":"2022-07-20T12:38:03+00:00","twitter_card":"summary_large_image","twitter_misc":{"Est. reading time":"1 minute"},"schema":{"@context":"https:\/\/schema.org","@graph":[{"@type":"WebPage","@id":"https:\/\/primariamoldovanoua.ro\/index.php\/arhiva-2022-3\/","url":"https:\/\/primariamoldovanoua.ro\/index.php\/arhiva-2022-3\/","name":"Arhiv\u0103 2022 - Prim\u0103riaMoldovaNou\u0103.ro","isPartOf":{"@id":"https:\/\/primariamoldovanoua.ro\/#website"},"datePublished":"2022-07-17T17:44:06+00:00","dateModified":"2022-07-20T12:38:03+00:00","breadcrumb":{"@id":"https:\/\/primariamoldovanoua.ro\/index.php\/arhiva-2022-3\/#breadcrumb"},"inLanguage":"en-US","potentialAction":[{"@type":"ReadAction","target":["https:\/\/primariamoldovanoua.ro\/index.php\/arhiva-2022-3\/"]}]},{"@type":"BreadcrumbList","@id":"https:\/\/primariamoldovanoua.ro\/index.php\/arhiva-2022-3\/#breadcrumb","itemListElement":[{"@type":"ListItem","position":1,"name":"Home","item":"https:\/\/primariamoldovanoua.ro\/"},{"@type":"ListItem","position":2,"name":"Arhiv\u0103 2022"}]},{"@type":"WebSite","@id":"https:\/\/primariamoldovanoua.ro\/#website","url":"https:\/\/primariamoldovanoua.ro\/","name":"Prim\u0103riaMoldovaNou\u0103.ro","description":"Site-ul oficial al UAT Moldova Nou\u0103, jude\u0163ul Cara\u015f-Severin","publisher":{"@id":"https:\/\/primariamoldovanoua.ro\/#organization"},"potentialAction":[{"@type":"SearchAction","target":{"@type":"EntryPoint","urlTemplate":"https:\/\/primariamoldovanoua.ro\/?s={search_term_string}"},"query-input":{"@type":"PropertyValueSpecification","valueRequired":true,"valueName":"search_term_string"}}],"inLanguage":"en-US"},{"@type":"Organization","@id":"https:\/\/primariamoldovanoua.ro\/#organization","name":"Prim\u0103riaMoldovaNou\u0103.ro","url":"https:\/\/primariamoldovanoua.ro\/","logo":{"@type":"ImageObject","inLanguage":"en-US","@id":"https:\/\/primariamoldovanoua.ro\/#\/schema\/logo\/image\/","url":"https:\/\/primariamoldovanoua.ro\/wp-content\/uploads\/2021\/04\/cropped-Logo-Moldova-Noua-M-1.png","contentUrl":"https:\/\/primariamoldovanoua.ro\/wp-content\/uploads\/2021\/04\/cropped-Logo-Moldova-Noua-M-1.png","width":158,"height":250,"caption":"Prim\u0103riaMoldovaNou\u0103.ro"},"image":{"@id":"https:\/\/primariamoldovanoua.ro\/#\/schema\/logo\/image\/"}}]}},"_links":{"self":[{"href":"https:\/\/primariamoldovanoua.ro\/index.php\/wp-json\/wp\/v2\/pages\/7781","targetHints":{"allow":["GET"]}}],"collection":[{"href":"https:\/\/primariamoldovanoua.ro\/index.php\/wp-json\/wp\/v2\/pages"}],"about":[{"href":"https:\/\/primariamoldovanoua.ro\/index.php\/wp-json\/wp\/v2\/types\/page"}],"author":[{"embeddable":true,"href":"https:\/\/primariamoldovanoua.ro\/index.php\/wp-json\/wp\/v2\/users\/3"}],"replies":[{"embeddable":true,"href":"https:\/\/primariamoldovanoua.ro\/index.php\/wp-json\/wp\/v2\/comments?post=7781"}],"version-history":[{"count":3,"href":"https:\/\/primariamoldovanoua.ro\/index.php\/wp-json\/wp\/v2\/pages\/7781\/revisions"}],"predecessor-version":[{"id":8002,"href":"https:\/\/primariamoldovanoua.ro\/index.php\/wp-json\/wp\/v2\/pages\/7781\/revisions\/8002"}],"wp:attachment":[{"href":"https:\/\/primariamoldovanoua.ro\/index.php\/wp-json\/wp\/v2\/media?parent=7781"}],"curies":[{"name":"wp","href":"https:\/\/api.w.org\/{rel}","templated":true}]}}