{"id":8191,"date":"2022-10-10T11:36:31","date_gmt":"2022-10-10T08:36:31","guid":{"rendered":"https:\/\/primariamoldovanoua.ro\/?page_id=8191"},"modified":"2026-01-09T10:58:04","modified_gmt":"2026-01-09T08:58:04","slug":"mediu","status":"publish","type":"page","link":"https:\/\/primariamoldovanoua.ro\/index.php\/mediu\/","title":{"rendered":"Mediu"},"content":{"rendered":"\n<p><a href=\"https:\/\/primariamoldovanoua.ro\/index.php\/2025\/11\/11\/campanie-de-colectare-a-deseurilor-voluminoase-si-textile-la-moldova-noua-apel-catre-populatie-pentru-un-oras-mai-curat\/\">Campanie de colectare a de\u0219eurilor voluminoase \u0219i textile la Moldova Nou\u0103 \u2013 apel c\u0103tre popula\u021bie pentru un ora\u0219 mai curat!<\/a><\/p>\n\n\n\n<p><a href=\"https:\/\/primariamoldovanoua.ro\/index.php\/2025\/11\/10\/cum-depozitam-cenusa\/\">Cum depozitam corect cenusa ?<\/a><\/p>\n\n\n\n<p><a href=\"https:\/\/primariamoldovanoua.ro\/index.php\/2025\/09\/18\/ambrozia-sub-lupa-la-moldova-noua-proprietarii-de-terenuri-obligati-sa-intervina-amenzile-ajung-la-20-000-de-lei\/\">Anun\u0163 &#8211; Ambrozia, sub lup\u0103 la Moldova Nou\u0103! Proprietarii de terenuri, obliga\u021bi s\u0103 intervin\u0103 \u2013 amenzile ajung la 20.000 de lei<\/a><\/p>\n\n\n\n<p><a href=\"https:\/\/primariamoldovanoua.ro\/wp-content\/uploads\/2025\/01\/Anunt-privind-depozitarea-deseurilor.-Sanctiuni-1.pdf\">Anun\u0163 privind depozitarea de\u015feurilor. Sanc\u0163iuni!<\/a><\/p>\n\n\n\n<p><a href=\"https:\/\/primariamoldovanoua.ro\/index.php\/2025\/10\/06\/electrocasnicele-vechi-nu-s-gunoi-recicleaza-le-si-castiga-altele-noi\/\">Electrocasnicele vechi nu-s gunoi! Recicleaz\u0103-le \u0219i c\u00e2\u0219tig\u0103 altele noi!&nbsp;<\/a><\/p>\n\n\n\n<p><a href=\"https:\/\/primariamoldovanoua.ro\/wp-content\/uploads\/2025\/11\/SKM_C250i25110509540.pdf\">Ridicarea de\u015feurilor vegetale rezultate \u00een urma cur\u0103\u0163eniei \u00een gospod\u0103rii: gratuit\u0103, cu respectarea regulilor!<\/a><\/p>\n\n\n\n<p>Formular de inscriere a statiilor de ecolectare si epurare &#8211; <a href=\"https:\/\/primariamoldovanoua.ro\/wp-content\/uploads\/2022\/10\/Formular-de-inscriere-a-statiilor-de-ecolectare-si-epurare.docx\" target=\"_blank\" rel=\"noreferrer noopener\"><strong>DESC\u0102RCARE<\/strong><\/a><\/p>\n\n\n\n<p> <a href=\"https:\/\/primariamoldovanoua.ro\/wp-content\/uploads\/2025\/12\/adresa-program-craciun-trimis-la-primaria-Moldova-Noua-2025.pdf\">PROGRAM COLECTARE DE\u015eEURI SC IONELA SRL, MOLDOVA NOU\u0102 &#8211; ORA\u015eUL NOU, PERIOADA 24.12.2025-02.01.2026<\/a><\/p>\n\n\n\n<p><a href=\"https:\/\/primariamoldovanoua.ro\/wp-content\/uploads\/2025\/09\/SKM_C250i25091606370.pdf\">Anun\u0163 privind combaterea ambroziei<\/a><\/p>\n\n\n\n<p><a href=\"https:\/\/primariamoldovanoua.ro\/wp-content\/uploads\/2026\/01\/SKM_C250i26010908280.pdf\">Program de colectare de\u015feuri pe raza unit\u0103\u0163ii administrativ-teritoriale Moldova Nou\u0103, respectiv pe raza localit\u0103\u0163ilor: M\u0103ce\u015fti, Moldova Nou\u0103, Moldova Veche \u015fi Moldovi\u0163a pentru anul 2026<\/a><\/p>\n\n\n\n<p><\/p>\n","protected":false},"excerpt":{"rendered":"<p>Campanie de colectare a de\u0219eurilor voluminoase \u0219i textile la Moldova Nou\u0103 \u2013 apel c\u0103tre popula\u021bie pentru un ora\u0219 mai curat! Cum depozitam corect cenusa ? Anun\u0163 &#8211; Ambrozia, sub lup\u0103 la Moldova Nou\u0103! Proprietarii de terenuri, obliga\u021bi s\u0103 intervin\u0103 \u2013 amenzile ajung la 20.000 de lei Anun\u0163 privind depozitarea de\u015feurilor. Sanc\u0163iuni! Electrocasnicele vechi nu-s gunoi! [&hellip;]<\/p>\n","protected":false},"author":3,"featured_media":0,"parent":0,"menu_order":0,"comment_status":"closed","ping_status":"closed","template":"","meta":{"site-sidebar-layout":"default","site-content-layout":"","ast-site-content-layout":"default","site-content-style":"default","site-sidebar-style":"default","ast-global-header-display":"","ast-banner-title-visibility":"","ast-main-header-display":"","ast-hfb-above-header-display":"","ast-hfb-below-header-display":"","ast-hfb-mobile-header-display":"","site-post-title":"","ast-breadcrumbs-content":"","ast-featured-img":"","footer-sml-layout":"","theme-transparent-header-meta":"","adv-header-id-meta":"","stick-header-meta":"","header-above-stick-meta":"","header-main-stick-meta":"","header-below-stick-meta":"","astra-migrate-meta-layouts":"set","ast-page-background-enabled":"default","ast-page-background-meta":{"desktop":{"background-color":"","background-image":"","background-repeat":"repeat","background-position":"center center","background-size":"auto","background-attachment":"scroll","background-type":"","background-media":"","overlay-type":"","overlay-color":"","overlay-gradient":""},"tablet":{"background-color":"","background-image":"","background-repeat":"repeat","background-position":"center center","background-size":"auto","background-attachment":"scroll","background-type":"","background-media":"","overlay-type":"","overlay-color":"","overlay-gradient":""},"mobile":{"background-color":"","background-image":"","background-repeat":"repeat","background-position":"center center","background-size":"auto","background-attachment":"scroll","background-type":"","background-media":"","overlay-type":"","overlay-color":"","overlay-gradient":""}},"ast-content-background-meta":{"desktop":{"background-color":"var(--ast-global-color-5)","background-image":"","background-repeat":"repeat","background-position":"center center","background-size":"auto","background-attachment":"scroll","background-type":"","background-media":"","overlay-type":"","overlay-color":"","overlay-gradient":""},"tablet":{"background-color":"var(--ast-global-color-5)","background-image":"","background-repeat":"repeat","background-position":"center center","background-size":"auto","background-attachment":"scroll","background-type":"","background-media":"","overlay-type":"","overlay-color":"","overlay-gradient":""},"mobile":{"background-color":"var(--ast-global-color-5)","background-image":"","background-repeat":"repeat","background-position":"center center","background-size":"auto","background-attachment":"scroll","background-type":"","background-media":"","overlay-type":"","overlay-color":"","overlay-gradient":""}},"footnotes":""},"class_list":["post-8191","page","type-page","status-publish","hentry"],"yoast_head":"<!-- This site is optimized with the Yoast SEO plugin v27.0 - https:\/\/yoast.com\/product\/yoast-seo-wordpress\/ -->\n<title>Mediu - Prim\u0103riaMoldovaNou\u0103.ro<\/title>\n<meta name=\"robots\" content=\"index, follow, max-snippet:-1, max-image-preview:large, max-video-preview:-1\" \/>\n<link rel=\"canonical\" href=\"https:\/\/primariamoldovanoua.ro\/index.php\/mediu\/\" \/>\n<meta property=\"og:locale\" content=\"en_US\" \/>\n<meta property=\"og:type\" content=\"article\" \/>\n<meta property=\"og:title\" content=\"Mediu - Prim\u0103riaMoldovaNou\u0103.ro\" \/>\n<meta property=\"og:description\" content=\"Campanie de colectare a de\u0219eurilor voluminoase \u0219i textile la Moldova Nou\u0103 \u2013 apel c\u0103tre popula\u021bie pentru un ora\u0219 mai curat! Cum depozitam corect cenusa ? Anun\u0163 &#8211; Ambrozia, sub lup\u0103 la Moldova Nou\u0103! Proprietarii de terenuri, obliga\u021bi s\u0103 intervin\u0103 \u2013 amenzile ajung la 20.000 de lei Anun\u0163 privind depozitarea de\u015feurilor. Sanc\u0163iuni! Electrocasnicele vechi nu-s gunoi! [&hellip;]\" \/>\n<meta property=\"og:url\" content=\"https:\/\/primariamoldovanoua.ro\/index.php\/mediu\/\" \/>\n<meta property=\"og:site_name\" content=\"Prim\u0103riaMoldovaNou\u0103.ro\" \/>\n<meta property=\"article:modified_time\" content=\"2026-01-09T08:58:04+00:00\" \/>\n<meta name=\"twitter:card\" content=\"summary_large_image\" \/>\n<meta name=\"twitter:label1\" content=\"Est. reading time\" \/>\n\t<meta name=\"twitter:data1\" content=\"1 minute\" \/>\n<script type=\"application\/ld+json\" class=\"yoast-schema-graph\">{\"@context\":\"https:\/\/schema.org\",\"@graph\":[{\"@type\":\"WebPage\",\"@id\":\"https:\/\/primariamoldovanoua.ro\/index.php\/mediu\/\",\"url\":\"https:\/\/primariamoldovanoua.ro\/index.php\/mediu\/\",\"name\":\"Mediu - Prim\u0103riaMoldovaNou\u0103.ro\",\"isPartOf\":{\"@id\":\"https:\/\/primariamoldovanoua.ro\/#website\"},\"datePublished\":\"2022-10-10T08:36:31+00:00\",\"dateModified\":\"2026-01-09T08:58:04+00:00\",\"breadcrumb\":{\"@id\":\"https:\/\/primariamoldovanoua.ro\/index.php\/mediu\/#breadcrumb\"},\"inLanguage\":\"en-US\",\"potentialAction\":[{\"@type\":\"ReadAction\",\"target\":[\"https:\/\/primariamoldovanoua.ro\/index.php\/mediu\/\"]}]},{\"@type\":\"BreadcrumbList\",\"@id\":\"https:\/\/primariamoldovanoua.ro\/index.php\/mediu\/#breadcrumb\",\"itemListElement\":[{\"@type\":\"ListItem\",\"position\":1,\"name\":\"Home\",\"item\":\"https:\/\/primariamoldovanoua.ro\/\"},{\"@type\":\"ListItem\",\"position\":2,\"name\":\"Mediu\"}]},{\"@type\":\"WebSite\",\"@id\":\"https:\/\/primariamoldovanoua.ro\/#website\",\"url\":\"https:\/\/primariamoldovanoua.ro\/\",\"name\":\"Prim\u0103riaMoldovaNou\u0103.ro\",\"description\":\"Site-ul oficial al UAT Moldova Nou\u0103, jude\u0163ul Cara\u015f-Severin\",\"publisher\":{\"@id\":\"https:\/\/primariamoldovanoua.ro\/#organization\"},\"potentialAction\":[{\"@type\":\"SearchAction\",\"target\":{\"@type\":\"EntryPoint\",\"urlTemplate\":\"https:\/\/primariamoldovanoua.ro\/?s={search_term_string}\"},\"query-input\":{\"@type\":\"PropertyValueSpecification\",\"valueRequired\":true,\"valueName\":\"search_term_string\"}}],\"inLanguage\":\"en-US\"},{\"@type\":\"Organization\",\"@id\":\"https:\/\/primariamoldovanoua.ro\/#organization\",\"name\":\"Prim\u0103riaMoldovaNou\u0103.ro\",\"url\":\"https:\/\/primariamoldovanoua.ro\/\",\"logo\":{\"@type\":\"ImageObject\",\"inLanguage\":\"en-US\",\"@id\":\"https:\/\/primariamoldovanoua.ro\/#\/schema\/logo\/image\/\",\"url\":\"https:\/\/primariamoldovanoua.ro\/wp-content\/uploads\/2021\/04\/cropped-Logo-Moldova-Noua-M-1.png\",\"contentUrl\":\"https:\/\/primariamoldovanoua.ro\/wp-content\/uploads\/2021\/04\/cropped-Logo-Moldova-Noua-M-1.png\",\"width\":158,\"height\":250,\"caption\":\"Prim\u0103riaMoldovaNou\u0103.ro\"},\"image\":{\"@id\":\"https:\/\/primariamoldovanoua.ro\/#\/schema\/logo\/image\/\"}}]}<\/script>\n<!-- \/ Yoast SEO plugin. -->","yoast_head_json":{"title":"Mediu - Prim\u0103riaMoldovaNou\u0103.ro","robots":{"index":"index","follow":"follow","max-snippet":"max-snippet:-1","max-image-preview":"max-image-preview:large","max-video-preview":"max-video-preview:-1"},"canonical":"https:\/\/primariamoldovanoua.ro\/index.php\/mediu\/","og_locale":"en_US","og_type":"article","og_title":"Mediu - Prim\u0103riaMoldovaNou\u0103.ro","og_description":"Campanie de colectare a de\u0219eurilor voluminoase \u0219i textile la Moldova Nou\u0103 \u2013 apel c\u0103tre popula\u021bie pentru un ora\u0219 mai curat! Cum depozitam corect cenusa ? Anun\u0163 &#8211; Ambrozia, sub lup\u0103 la Moldova Nou\u0103! Proprietarii de terenuri, obliga\u021bi s\u0103 intervin\u0103 \u2013 amenzile ajung la 20.000 de lei Anun\u0163 privind depozitarea de\u015feurilor. Sanc\u0163iuni! Electrocasnicele vechi nu-s gunoi! [&hellip;]","og_url":"https:\/\/primariamoldovanoua.ro\/index.php\/mediu\/","og_site_name":"Prim\u0103riaMoldovaNou\u0103.ro","article_modified_time":"2026-01-09T08:58:04+00:00","twitter_card":"summary_large_image","twitter_misc":{"Est. reading time":"1 minute"},"schema":{"@context":"https:\/\/schema.org","@graph":[{"@type":"WebPage","@id":"https:\/\/primariamoldovanoua.ro\/index.php\/mediu\/","url":"https:\/\/primariamoldovanoua.ro\/index.php\/mediu\/","name":"Mediu - Prim\u0103riaMoldovaNou\u0103.ro","isPartOf":{"@id":"https:\/\/primariamoldovanoua.ro\/#website"},"datePublished":"2022-10-10T08:36:31+00:00","dateModified":"2026-01-09T08:58:04+00:00","breadcrumb":{"@id":"https:\/\/primariamoldovanoua.ro\/index.php\/mediu\/#breadcrumb"},"inLanguage":"en-US","potentialAction":[{"@type":"ReadAction","target":["https:\/\/primariamoldovanoua.ro\/index.php\/mediu\/"]}]},{"@type":"BreadcrumbList","@id":"https:\/\/primariamoldovanoua.ro\/index.php\/mediu\/#breadcrumb","itemListElement":[{"@type":"ListItem","position":1,"name":"Home","item":"https:\/\/primariamoldovanoua.ro\/"},{"@type":"ListItem","position":2,"name":"Mediu"}]},{"@type":"WebSite","@id":"https:\/\/primariamoldovanoua.ro\/#website","url":"https:\/\/primariamoldovanoua.ro\/","name":"Prim\u0103riaMoldovaNou\u0103.ro","description":"Site-ul oficial al UAT Moldova Nou\u0103, jude\u0163ul Cara\u015f-Severin","publisher":{"@id":"https:\/\/primariamoldovanoua.ro\/#organization"},"potentialAction":[{"@type":"SearchAction","target":{"@type":"EntryPoint","urlTemplate":"https:\/\/primariamoldovanoua.ro\/?s={search_term_string}"},"query-input":{"@type":"PropertyValueSpecification","valueRequired":true,"valueName":"search_term_string"}}],"inLanguage":"en-US"},{"@type":"Organization","@id":"https:\/\/primariamoldovanoua.ro\/#organization","name":"Prim\u0103riaMoldovaNou\u0103.ro","url":"https:\/\/primariamoldovanoua.ro\/","logo":{"@type":"ImageObject","inLanguage":"en-US","@id":"https:\/\/primariamoldovanoua.ro\/#\/schema\/logo\/image\/","url":"https:\/\/primariamoldovanoua.ro\/wp-content\/uploads\/2021\/04\/cropped-Logo-Moldova-Noua-M-1.png","contentUrl":"https:\/\/primariamoldovanoua.ro\/wp-content\/uploads\/2021\/04\/cropped-Logo-Moldova-Noua-M-1.png","width":158,"height":250,"caption":"Prim\u0103riaMoldovaNou\u0103.ro"},"image":{"@id":"https:\/\/primariamoldovanoua.ro\/#\/schema\/logo\/image\/"}}]}},"_links":{"self":[{"href":"https:\/\/primariamoldovanoua.ro\/index.php\/wp-json\/wp\/v2\/pages\/8191","targetHints":{"allow":["GET"]}}],"collection":[{"href":"https:\/\/primariamoldovanoua.ro\/index.php\/wp-json\/wp\/v2\/pages"}],"about":[{"href":"https:\/\/primariamoldovanoua.ro\/index.php\/wp-json\/wp\/v2\/types\/page"}],"author":[{"embeddable":true,"href":"https:\/\/primariamoldovanoua.ro\/index.php\/wp-json\/wp\/v2\/users\/3"}],"replies":[{"embeddable":true,"href":"https:\/\/primariamoldovanoua.ro\/index.php\/wp-json\/wp\/v2\/comments?post=8191"}],"version-history":[{"count":20,"href":"https:\/\/primariamoldovanoua.ro\/index.php\/wp-json\/wp\/v2\/pages\/8191\/revisions"}],"predecessor-version":[{"id":13227,"href":"https:\/\/primariamoldovanoua.ro\/index.php\/wp-json\/wp\/v2\/pages\/8191\/revisions\/13227"}],"wp:attachment":[{"href":"https:\/\/primariamoldovanoua.ro\/index.php\/wp-json\/wp\/v2\/media?parent=8191"}],"curies":[{"name":"wp","href":"https:\/\/api.w.org\/{rel}","templated":true}]}}