{"id":846,"date":"2016-09-15T13:14:24","date_gmt":"2016-09-15T10:14:24","guid":{"rendered":"https:\/\/primariamoldovanoua.ro\/?page_id=846"},"modified":"2021-07-08T09:38:12","modified_gmt":"2021-07-08T07:38:12","slug":"stare-civila","status":"publish","type":"page","link":"https:\/\/primariamoldovanoua.ro\/index.php\/departamente\/stare-civila\/","title":{"rendered":"Stare Civila"},"content":{"rendered":"\n<h4 class=\"has-text-align-right wp-block-heading\">Contact: Aura Mihaela Dasc\u0103lu<\/h4>\n\n\n\n<h4 class=\"has-text-align-right wp-block-heading\"><strong>Tel: 0255 540 997 <\/strong><\/h4>\n\n\n\n<p><\/p>\n\n\n\n<h2 class=\"wp-block-heading\">\u00centreb\u0103ri frecvente referitoare la NA\u0218TERI<\/h2>\n\n\n\n<p><\/p>\n\n\n\n<p><strong>1) Unde se \u00eentocme\u0219te actul de na\u0219tere?<\/strong><\/p>\n\n\n\n<p>\u00centocmirea actului de na\u015ftere se face la Serviciul Public Comunitar Local de Eviden\u0163\u0103 a Persoanelor sau la Prim\u0103ria unit\u0103\u0163ii administrativ-teritoriale (municipiu, ora\u015f sau comun\u0103), \u00een a c\u0103rei raz\u0103 s-a produs evenimentul.<\/p>\n\n\n\n<p><strong>2) Cine face declara\u021bia de na\u0219tere?<\/strong><\/p>\n\n\n\n<p>Au obliga\u0163ia de a face declara\u0163ia de na\u015ftere oricare dintre p\u0103rin\u0163i, iar dac\u0103, din diferite motive, nu o pot face, obliga\u0163ia declar\u0103rii revine medicului, persoanelor care au fost de fa\u0163\u0103 la na\u015ftere sau a personalului desemnat din unitatea sanitar\u0103 \u00een care a avut loc na\u015fterea, sau a oric\u0103rei persoane care a luat cuno\u015ftin\u0163\u0103 despre na\u015fterea copilului.<\/p>\n\n\n\n<p><strong>3) \u00cen ce termen se face declararea \u0219i \u00eenregistrarea na\u0219terii copilului?<\/strong>\nTermenul pentru declararea \u015fi \u00eenregistrarea na\u015fterii copilului este de:<br>\n&#8211; 30 zile de la data na\u015fterii, pentru copilul n\u0103scut viu \u015fi aflat \u00een via\u0163\u0103;<br>\n&#8211; 3 zile de la data na\u015fterii, pentru copilul n\u0103scut mort;<br>\n&#8211; 24 de ore de la data decesului, pentru copilul n\u0103scut viu care a decedat \u00een\u0103untrul termenului de 15 zile.\n<\/p>\n\n\n\n<p><strong>NOT\u0102:<\/strong> Dac\u0103 declara\u0163ia a fost f\u0103cut\u0103 dup\u0103 trecerea unui an de la data na\u015fterii, actul de na\u015ftere se \u00eentocme\u015fte \u00een baza hot\u0103r\u00e2rii judec\u0103tore\u015fti, definitive \u015fi irevocabile privind \u00eencuviin\u0163area \u00eenregistr\u0103rii tardive, care trebuie s\u0103 con\u0163in\u0103 toate datele necesare \u00eenregistr\u0103rii.<\/p>\n\n\n\n<p><strong>4) Ce documente sunt necesare pentru \u00eenregistrarea na\u0219terii copilului?<\/strong>\n\u00cenregistrarea na\u015fterii copilului se face \u00een baza declara\u0163iei verbale, prezent\u00e2ndu-se urm\u0103toarele documente:<br>\n&#8211; certificatul medical constatator al na\u015fterii \u00eentocmit pe formular tip, care va trebui s\u0103 poarte num\u0103r de \u00eenregistrare, dat\u0103 cert\u0103, sigiliul unit\u0103\u0163ii sanitare, semn\u0103tura \u015fi parafa medicului;<br>\n&#8211; certificatul de na\u015ftere \u015fi actul de identitate al mamei \u015fi al declarantului, dac\u0103 na\u015fterea nu este declarat\u0103 de mam\u0103 (\u00een original \u015fi copie);<br>\n&#8211; certificatul de c\u0103s\u0103torie al p\u0103rin\u0163ilor copilului, dac\u0103 sunt c\u0103s\u0103tori\u0163i (\u00een original \u015fi copie);<br>\n&#8211; actul de identitate al mamei \u015fi actul de identitate al tat\u0103lui &#8211; \u00een original \u015fi copie.\n<\/p>\n\n\n\n<p><strong>5) Ce se \u00eent\u00e2mpl\u0103 \u00een cazul unei nevoi de transcriere?<\/strong><\/p>\n\n\n\n<p>\u00cen situa\u021bia \u00een care se vor prezenta pentru transcrierea certificatelor sau extraselor multilingve de na\u0219tere eliberate de autorit\u0103\u021bile din Fran\u021ba \u00een care numele de familie al mamei este completat cu numele de fat\u0103 al acesteia, iar aceasta poart\u0103 numele de familie dob\u00e2ndit \u00een timpul c\u0103s\u0103toriei, se va proceda la transcrierea acestora \u00een forma prezentat\u0103, i se va comunica faptul c\u0103 poate cere instan\u021belor judec\u0103tore\u0219ti din Rom\u00e2nia modificarea actului rom\u00e2nesc.<\/p>\n\n\n\n<h2 class=\"wp-block-heading\">\u00centreb\u0103ri frecvente referitoare la C\u0102S\u0102TORII<\/h2>\n\n\n\n<p><\/p>\n\n\n\n<p><strong>1) Ce acte sunt necesare pentru \u00eencheierea c\u0103s\u0103toriei?<\/strong><\/p>\n\n\n\n<p><strong>I. Acte de identitate:<\/strong><\/p>\n\n\n\n<p>&#8211; Buletin de identitate sau c\u0103r\u0163i de identitate pentru cet\u0103\u0163enii rom\u00e2ni domicilia\u0163i \u00een Rom\u00e2nia;<\/p>\n\n\n\n<p>&#8211; Pa\u015fapoartele pentru cet\u0103\u0163enii rom\u00e2ni domicilia\u0163i \u00een str\u0103in\u0103tate \u015fi cet\u0103\u0163enii str\u0103ini;<\/p>\n\n\n\n<p>&#8211; Carnetele de identitate pentru persoanele f\u0103r\u0103 cet\u0103\u0163enie.<\/p>\n\n\n\n<p><strong>NOT\u0102:<\/strong> Se prezint\u0103 actul de identitate \u00een original, \u00eenso\u0163it de o copie nelegalizat\u0103.<\/p>\n\n\n\n<p><strong>II. Certificate de na\u0219tere:<\/strong><\/p>\n\n\n\n<p>&#8211; Se prezint\u0103 certificatele \u00een original \u00eenso\u0163ite de c\u00e2te o copie nelegalizat\u0103 + timbre fiscale \u00een valoare de 0,5 RON pentru fiecare copie;<\/p>\n\n\n\n<p>&#8211; Cet\u0103\u0163enii str\u0103ini care nu sunt n\u0103scu\u0163i \u00een Rom\u00e2nia, vor prezenta certificate de na\u015ftere \u00een original, \u00eenso\u0163ite de c\u00e2te o copie tradus\u0103 \u00een limba rom\u00e2n\u0103, autentificat\u0103 de un notar public \u015fi cu respectarea formalit\u0103\u0163ilor de apostilare sau supralegalizare, dup\u0103 caz.<\/p>\n\n\n\n<p><strong>III. Dovada desfacerii sau \u00eencet\u0103rii c\u0103s\u0103toriei anterioare (dac\u0103 este cazul)<\/strong><\/p>\n\n\n\n<p>&#8211; Hot\u0103r\u00e2rea judec\u0103toreasc\u0103 de divor\u0163, definitiv\u0103 \u015fi irevocabil\u0103;<\/p>\n\n\n\n<p>&#8211; Certificatul de deces \u00een original \u015fi copie nelegalizat\u0103.<\/p>\n\n\n\n<p><strong>2) Cet\u0103\u021benii str\u0103ini trebuie s\u0103 prezinte \u0219i alte documente fa\u021b\u0103 de cele men\u021bionate?<\/strong><\/p>\n\n\n\n<p><strong>Da<\/strong>, fa\u021b\u0103 de documentele men\u021bionate anterior, cet\u0103\u021benii str\u0103ini trebuie s\u0103 mai prezinte \u0219i urm\u0103toarele documente:<\/p>\n\n\n\n<p>&#8211; Dovada eliberat\u0103 de misiunile diplomatice sau oficiile consulare ale \u0163\u0103rilor ai c\u0103ror cet\u0103\u0163eni sunt, din care s\u0103 rezulte c\u0103 sunt \u00eendeplinite condi\u0163iile de fond, cerute de legea lor na\u0163ional\u0103, pentru \u00eencheierea c\u0103s\u0103toriei;<\/p>\n\n\n\n<p>&#8211; Cet\u0103\u0163enii statelor cu care Rom\u00e2nia a \u00eencheiat tratate, conven\u0163ii sau acorduri de asisten\u0163\u0103 juridic\u0103 \u00een materie civil\u0103 sau de drept al familiei&nbsp; (Albania, Austria, Belgia, Bosnia \u015fi Her\u0163egovina, Bulgaria, Cehia, China, R.P.D. Corean\u0103, Croa\u0163ia, R. Cuba, Fran\u0163a, R.P. Mongol\u0103, Polonia, Federa\u0163ia Rus\u0103, Republica Serbia, Slovacia, Slovenia, Ungaria), precum \u015fi cet\u0103\u0163enii statelor care nu au misiune diplomatic\u0103 acreditat\u0103 \u00een Rom\u00e2nia, fac dovada \u00eendeplinirii condi\u0163iilor de fond cerute de legea lor na\u0163ional\u0103 pentru \u00eencheierea c\u0103s\u0103toriei, cu documente justificative eliberate de autorit\u0103\u0163ile competente ale statului de cet\u0103\u0163enie;<\/p>\n\n\n\n<p><strong>DECLARA\u0162IA NOTARIAL\u0102<\/strong> a cet\u0103\u0163eanului str\u0103in, din care s\u0103 rezulte c\u0103 \u00eendepline\u015fte condi\u0163iile necesare \u00eencheierii c\u0103s\u0103toriei \u00een Rom\u00e2nia;<\/p>\n\n\n\n<p><strong>DECLARA\u021aIA NOTARIAL\u0102<\/strong> a cet\u0103\u021beanului str\u0103in, din care s\u0103 rezulte regimul matrimonial ales (at\u00e2t pentru \u00eencheierea c\u0103s\u0103toriei, c\u00e2t \u0219i pentru transcrierea unui certificat de c\u0103s\u0103torie din str\u0103in\u0103tate).<\/p>\n\n\n\n<p><strong>3) Exist\u0103 men\u021biuni speciale pentru cet\u0103\u021benii unor \u021b\u0103ri specifice?<\/strong><\/p>\n\n\n\n<p>Da, cu urm\u0103toarele preciz\u0103ri:<\/p>\n\n\n\n<p><strong>Cet\u0103\u0163enii germani<\/strong> care doresc s\u0103 \u00eencheie c\u0103s\u0103torii pe teritoriul Rom\u00e2niei vor face dovada c\u0103 sunt \u00eendeplinite condi\u0163iile de fond, cerute de legea lor na\u0163ional\u0103, pentru \u00eencheierea c\u0103s\u0103toriei \u00een Rom\u00e2nia, numai cu Certificatul de capacitate de c\u0103s\u0103torie eliberat de c\u0103tre oficiul de stare civil\u0103 competent din Germania, \u00een original, pe care a fost aplicat\u0103 Apostila conform Conven\u0163iei cu privire la suprimarea cerin\u0163ei supralegaliz\u0103rii actelor oficiale str\u0103ine, adoptat\u0103 la Haga, la 05.10.1961, la care Rom\u00e2nia a aderat prin O.G. nr. 66-1999, aprobat\u0103 prin Legea nr. 52\/2000, cu modific\u0103rile \u015fi complet\u0103rile ulterioare, \u00eempreun\u0103 cu traducerea acestuia \u00een limba rom\u00e2n\u0103, legalizat\u0103 de notarul public.<\/p>\n\n\n\n<p><strong>\u00cen cazul \u00eencheierii unei c\u0103s\u0103torii \u00een Rom\u00e2nia dintre un cet\u0103\u0163ean rom\u00e2n \u015fi un cet\u0103\u0163ean elve\u0163ian<\/strong>, acesta din urm\u0103 va prezenta numai un document eliberat de autorit\u0103\u0163ile din Elve\u0163ia sub forma unui &#8220;Certificat de capacitate matrimonial\u0103&#8221;, document care trebuie s\u0103 aib\u0103 Apostila conform Conven\u0163iei de la Haga din data de 05.10.1961, pentru a fi valabil.<\/p>\n\n\n\n<p><strong>Cet\u0103\u0163enii Ucrainei<\/strong>, care locuiesc \u00een str\u0103in\u0103tate, \u00een vederea \u00eenregistr\u0103rii unei c\u0103s\u0103torii \u015fi a confirm\u0103rii st\u0103rii lor civile, fac o declara\u0163ie pe proprie r\u0103spundere, legalizat\u0103 de c\u0103tre reprezentantul diplomatic, oficiul consular al Ucrainei sau notar, prin care se confirm\u0103 c\u0103 persoana \u00een cauz\u0103 nu este c\u0103s\u0103torit\u0103.<\/p>\n\n\n\n<p><strong>Cet\u0103\u0163enii saudi\u0163i<\/strong> care vor s\u0103 se c\u0103s\u0103toreasc\u0103 \u00een Rom\u00e2nia trebuie s\u0103 se adreseze \u00een primul r\u00e2nd, forurilor de resort din Regat pentru aprobarea c\u0103s\u0103toriei. \u00cen cazul ob\u0163inerii aprob\u0103rii, aceasta se transmite Ambasadei Regatului Arabiei Saudite din \u0163ara unde urmeaz\u0103 a se \u00eencheia c\u0103s\u0103toria, ambasada eliber\u00e2nd o dovad\u0103 privind aprobarea c\u0103s\u0103toriei.<\/p>\n\n\n\n<p><strong>Cet\u0103\u0163enii israelieni<\/strong> care doresc s\u0103 \u00eencheie c\u0103s\u0103torii pe teritoriul Rom\u00e2niei vor face dovada c\u0103 sunt \u00eendeplinite condi\u0163iile de fond, cerute de legea lor na\u0163ional\u0103, pentru \u00eencheierea c\u0103s\u0103toriei, cu urm\u0103toarele documente:<\/p>\n\n\n\n<ul class=\"wp-block-list\"><li>extras de \u00eenregistrare civil\u0103, eliberat de Ministerul de Interne sau;<\/li><li>extras din eviden\u0163ele popula\u0163iei, eliberat de Ministerul de Interne.<\/li><\/ul>\n\n\n\n<p>Documentul va fi prezentat \u00een original, la care se vor anexa copia xerox \u015fi traducerea legalizat\u0103 a acestuia \u015fi se va avea \u00een vedere ca data emiterii s\u0103 fie recent\u0103 (maximum 3 luni de la emitere).<\/p>\n\n\n\n<p><strong>Pentru cet\u0103\u021benii indieni<\/strong> care doresc sa \u00eencheie c\u0103s\u0103torii cu cet\u0103\u021benii altor state.<\/p>\n\n\n\n<p>Oficiile consulare \u0219i misiunile diplomatice NU sunt autorizate s\u0103 elibereze certificate de celibat. Competen\u021ba revine instan\u021belor de judecat\u0103 din India.<\/p>\n\n\n\n<p>Hot\u0103r\u00e2rea emis\u0103 de c\u0103tre instan\u021bele de judecat\u0103 va fi apostilat\u0103 de c\u0103tre Ministerul Afacerilor Externe \u00een India.<\/p>\n\n\n\n<ul class=\"wp-block-list\"><li>\u00cen cazul \u00een care, \u00een extras, la rubrica &#8220;stare civil\u0103&#8221;, este trecut &#8220;divor\u0163at&#8221; sau &#8220;v\u0103duv&#8221;, se vor solicita, dup\u0103 caz, hot\u0103r\u00e2rea de divor\u0163 sau certificatul de deces, \u00een original, la care se vor anexa copia xerox \u015fi traducerea legalizat\u0103 a documentului;<\/li><li>Declara\u0163ie notarial\u0103 pe proprie r\u0103spundere, din care s\u0103 rezulte c\u0103, la data depunerii documentelor la oficiul st\u0103rii civile, nu exist\u0103 \u00eencheiat\u0103 o alt\u0103 c\u0103s\u0103torie.<\/li><\/ul>\n\n\n\n<p><strong>Pentru apatrizi,<\/strong> legea na\u0163ional\u0103 este legea statului \u00een care \u00ee\u015fi au domiciliul sau re\u015fedin\u0163a.<\/p>\n\n\n\n<p><strong>4) Aprobarea cui necesit\u0103 cadrele militare active care se c\u0103s\u0103toresc cu o persoan\u0103 apatrid\u0103?<\/strong><\/p>\n\n\n\n<p>Aprobarea Ministrului Ap\u0103r\u0103rii Na\u0163ionale, a Ministrului de Interne, a Ministrului de Justi\u0163ie, ori a conduc\u0103torilor serviciilor de stat specializate \u00een domeniul ap\u0103r\u0103rii \u015fi siguran\u0163ei na\u0163ionale, \u00een cazul cadrelor militare active (ofi\u0163eri, mai\u015ftrii, subofi\u0163eri) care se c\u0103s\u0103toresc cu o persoan\u0103 apatrid\u0103 sau care nu are exclusiv cet\u0103\u0163enia rom\u00e2n\u0103.<\/p>\n\n\n\n<p><strong>5) Prezen\u021ba cui este necesar\u0103 pentru declara\u021bia de c\u0103s\u0103torie? <\/strong><\/p>\n\n\n\n<p>Viitorii so\u0163i se vor prezenta \u00eempreun\u0103 \u00een vederea \u00eenregistr\u0103rii declara\u0163iei de c\u0103s\u0103torie, cu actele men\u0163ionate anterior, \u00een prezen\u0163a a doi martori, persoane majore, av\u00e2nd asupra lor actele de identitate. De asemenea, este necesar ca cel pu\u0163in unul din viitorii so\u0163i s\u0103 aib\u0103 domiciliul sau re\u015fedin\u0163a \u00een localitate.<\/p>\n\n\n\n<p><strong>6) Care este v\u00e2rsta minim\u0103 pentru \u00eencheierea c\u0103s\u0103toriei?<\/strong><\/p>\n\n\n\n<p>V\u00e2rsta minim\u0103 necesar\u0103 pentru \u00eencheierea c\u0103s\u0103toriei este de 18 ani. Pentru motive temeinice, minorul (at\u00e2t fata, c\u00e2t \u015fi b\u0103iatul) care a \u00eemplinit v\u00e2rsta de 16 ani, se poate c\u0103s\u0103tori \u00een temeiul unui aviz medical, cu \u00eencuviin\u0163area p\u0103rin\u0163ilor s\u0103i, ori dup\u0103 caz, a tutorelui \u015fi cu autorizarea instan\u0163ei de tutel\u0103 \u00een a c\u0103rei circumscrip\u0163ie minorul \u00ee\u015fi are domiciliul. Dac\u0103 unul dintre p\u0103rin\u0163i este decedat sau se afl\u0103 \u00een imposibilitatea de a-\u015fi manifesta voin\u0163a, \u00eencuviin\u0163area celuilalt p\u0103rinte este suficient\u0103. Dac\u0103 nu exist\u0103 nici p\u0103rin\u0163i, nici tutore care s\u0103 poat\u0103 \u00eencuviin\u0163a c\u0103s\u0103toria, este necesar\u0103 \u00eencuviin\u0163area persoanei sau a autorit\u0103\u0163ii care a fost abilitat\u0103 s\u0103 exercite drepturile p\u0103rinte\u015fti.<\/p>\n\n\n\n<p><strong>7) \u00cen c\u00e2t timp se \u00eencheie c\u0103s\u0103toria?&nbsp;&nbsp; <\/strong><\/p>\n\n\n\n<p>C\u0103s\u0103toria se \u00eencheie \u00een termen de 10 zile de la data \u00eenregistr\u0103rii declara\u0163iei, termen \u00een care se include at\u00e2t ziua c\u00e2nd a fost f\u0103cut\u0103 declara\u0163ia de c\u0103s\u0103torie, c\u00e2t \u015fi ziua \u00een care se oficiaz\u0103 c\u0103s\u0103toria.<\/p>\n\n\n\n<h2 class=\"wp-block-heading\">\u00centreb\u0103ri frecvente referitoare la DECESE<\/h2>\n\n\n\n<p><\/p>\n\n\n\n<p><strong>1) Unde se \u00eentocme\u0219te actul de deces?<\/strong><\/p>\n\n\n\n<p>Actul de deces se \u00eentocme\u015fte la Serviciul Public Comunitar Local de Eviden\u0163\u0103 a Persoanelor sau la Prim\u0103ria unit\u0103\u0163ii administrativ-teritoriale (municipiu, ora\u015f sau comun\u0103), \u00een a c\u0103rei raz\u0103 teritorial\u0103 s-a produs decesul, pe baza declara\u0163iei verbale f\u0103cute de c\u0103tre membrii familiei decedatului, iar \u00een lipsa acestora de c\u0103tre colocatari, vecini, administratorul imobilului, medicul sau alt cadru din unitatea sanitar\u0103 unde s-a produs decesul.<\/p>\n\n\n\n<p><strong>2) \u00cen c\u00e2t timp se face declararea decesului?<\/strong><\/p>\n\n\n\n<p>Declararea decesului se face \u00een termen de 3 zile de la data \u00eencet\u0103rii din via\u0163\u0103 a persoanei.<\/p>\n\n\n\n<p>C\u00e2nd decesul se datoreaz\u0103 unei sinucideri, unui accident sau altor cauze violente precum \u015fi \u00een cazul g\u0103sirii unui cadavru, declara\u0163ia se face \u00een termen de 48 de ore, socotit din momentul decesului sau al g\u0103sirii cadavrului. \u00cen astfel de cazuri, \u00eenregistrarea se face pe baza certificatului medical constatator al decesului \u015fi a dovezii eliberate de Poli\u0163ie sau de Parchet.<\/p>\n\n\n\n<p><strong>3) Ce se \u00eent\u00e2mpl\u0103 dac\u0103 decesul nu a fost declarat la termen?<\/strong><\/p>\n\n\n\n<p>\u00cen cazul \u00een care decesul nu a fost declarat \u00een termen, \u00eentocmirea actului de deces se face cu aprobarea Parchetului.<\/p>\n\n\n\n<p><strong>4) Ce acte va mai depune declarantul \u00eempreun\u0103 cu declara\u021bia de deces?<\/strong><\/p>\n\n\n\n<p>\u00cempreun\u0103 cu declara\u021bia de deces, declarantul va mai depune:<\/p>\n\n\n\n<ul class=\"wp-block-list\"><li>certificatul medical constatator al decesului, \u00eentocmit \u015fi semnat de medicul sau cadrul mediu sanitar care a f\u0103cut constatarea \u00een care trebuie consemnat\u0103 cauza decesului<\/li><li>actul de identitate al celui decedat (\u00een original \u015fi copie)<\/li><li>livretul militar sau adeverin\u0163a de recrutare, dup\u0103 caz, pentru persoanele supuse obliga\u0163iilor militare<\/li><li>certificatul de na\u015ftere, c\u0103s\u0103torie al decedatului (\u00een original \u015fi copie)<\/li><li>actul de identitate al declarantului (\u00een original \u015fi copie)<\/li><\/ul>\n\n\n\n<p><strong>5) \u00cen baza unei hot\u0103r\u00e2ri judec\u0103tore\u0219ti definitive de moarte, unde se \u00eentocme\u0219te actul de deces?<\/strong><\/p>\n\n\n\n<p>\u00centocmirea actului de deces, \u00een baza unei hot\u0103r\u00e2ri judec\u0103tore\u015fti definitive de moarte, se face din oficiu sau la cererea persoanei interesate, dup\u0103 caz, la autoritatea administra\u0163iei locale de la:<\/p>\n\n\n\n<ul class=\"wp-block-list\"><li>locul de na\u015ftere al celui declarat mort<\/li><li>domiciliul celui declarat mort, \u00een cazul c\u00e2nd actul de na\u015ftere a fost \u00eentocmit la autorit\u0103\u0163ile locale din str\u0103in\u0103tate<\/li><li>domiciliul persoanei care a solicitat declararea judec\u0103toreasc\u0103 a mor\u0163ii<\/li><\/ul>\n\n\n\n<h2 class=\"wp-block-heading\">Preciz\u0103ri referitoare la situa\u021bii de PIERDERI, FURT, DISTRUGERI, HOT\u0102R\u00c2RI JUDEC\u0102TORE\u0218TI sau DECIZII ADMINISTRATIVE<\/h2>\n\n\n\n<h2 class=\"wp-block-heading\"><br> <\/h2>\n\n\n\n<p><strong>I. Certificatele de stare civil\u0103<\/strong> se elibereaz\u0103 la cerere persoanei \u00eendrept\u0103\u0163ite, pe baza \u00eenregistr\u0103rilor \u015fi a men\u0163iunilor \u00eenscrise \u00een registrele de stare civil\u0103.<\/p>\n\n\n\n<p>Certificatele de stare civil\u0103 se elibereaz\u0103 numai cet\u0103\u0163enilor care posed\u0103 act de identitate (\u00een original \u015fi copie). Cet\u0103\u0163enii care nu au acte de identitate vor fi \u00eendruma\u0163i s\u0103 solicite mai \u00eent\u00e2i la Serviciul de Eviden\u0163\u0103 a Persoanelor de care apar\u0163in, eliberarea unei c\u0103r\u0163i de identitate provizorii.<\/p>\n\n\n\n<p>Cet\u0103\u0163enilor rom\u00e2ni cu domiciliul \u00een str\u0103in\u0103tate \u015fi cet\u0103\u0163enilor str\u0103ini ale c\u0103ror acte de stare civil\u0103 sunt \u00eenregistrate \u00een \u0163ar\u0103 li se vor elibera certificate pe baza pa\u015faportului (\u00een original \u015fi copie).<\/p>\n\n\n\n<p>Persoanele care au domiciliul \u00een alte localit\u0103\u0163i dec\u00e2t cele \u00een care sunt p\u0103strate registrele de stare civil\u0103 \u015fi nu se pot deplasa personal pentru a ob\u0163ine certificatele de stare civil\u0103, vor adresa cererea Prim\u0103riei \u00een raza c\u0103reia au domiciliul sau re\u015fedin\u0163a, indic\u00e2nd localitatea unde se g\u0103se\u015fte actul respectiv \u015fi datele de stare civil\u0103, pentru identificarea actului cu procur\u0103 special\u0103.<\/p>\n\n\n\n<p>Procura special\u0103 poate fi autentificat\u0103:<\/p>\n\n\n\n<ul class=\"wp-block-list\"><li>\u00een \u0163ar\u0103, de un notar public;<\/li><li>\u00een str\u0103in\u0103tate, la misiunea diplomatic\u0103 sau oficiul consular al Rom\u00e2niei din statul de re\u015fedin\u0163\u0103 sau la un notar public str\u0103in, cu apostil\u0103, conform Conven\u0163iei de la Haga.<\/li><\/ul>\n\n\n\n<p><strong>II. Certificatul de na\u015ftere<\/strong> se elibereaz\u0103 numai titularului actului. Pentru copiii minori, care nu au acte de identitate, precum \u015fi pentru cei pu\u015fi sub interdic\u0163ie, certificatul de na\u015ftere se elibereaz\u0103 p\u0103rintelui sau reprezentantului legal.<\/p>\n\n\n\n<p><strong>III. Certificatul de c\u0103s\u0103torie <\/strong>se poate elibera unuia dintre so\u0163i.<\/p>\n\n\n\n<p><strong>IV. Certificatul de deces<\/strong> se elibereaz\u0103 membrilor familiei sau altor persoane \u00eendrept\u0103\u0163ite.<\/p>\n\n\n\n<p><strong>V. Preciz\u0103ri pentru persoanele cu domiciul sau cu re\u0219edin\u021ba \u00een str\u0103in\u0103tate<\/strong><\/p>\n\n\n\n<p>Persoanele cu domiciliul sau cu re\u015fedin\u0163a \u00een str\u0103in\u0103tate, a c\u0103ror na\u015ftere \u015fi\/sau c\u0103s\u0103torie a fost \u00eenregistrat\u0103 \u00een Rom\u00e2nia, pot solicita eliberarea certificatului de na\u015ftere\/c\u0103s\u0103torie \u015fi prin \u00eemputernicit cu procur\u0103 special\u0103.<\/p>\n\n\n\n<p>Cererile pentru procurarea de certificate de stare civil\u0103 din str\u0103in\u0103tate se solu\u0163ioneaz\u0103 de c\u0103tre Ministerul Afacerilor Externe &#8211; Direc\u0163ia Rela\u0163ii Consulare.<\/p>\n\n\n\n<p>Actele de stare civil\u0103 ale cet\u0103\u0163enilor rom\u00e2ni, \u00eentocmite \u00een str\u0103in\u0103tate, la autorit\u0103\u0163ile locale competente, se transcriu, obligatoriu, \u00een registrele de stare civil\u0103 rom\u00e2ne, \u00een termen de 6 luni de la \u00eentoarcerea \u00een \u0163ar\u0103 sau de la primirea din str\u0103in\u0103tate, a certificatului ori extrasului de stare civil\u0103.<\/p>\n\n\n\n<p>Cererea de transcriere, se adreseaz\u0103 Prim\u0103riei localit\u0103\u0163ii \u00een raza c\u0103reia \u00ee\u015fi are domiciliul solicitantul, \u00eenso\u0163it\u0103 de urm\u0103toarele acte:<\/p>\n\n\n\n<ul class=\"wp-block-list\"><li>certificatul (extrasul) \u00een original;<\/li><li>o fotocopie (xerocopie) a acestuia;<\/li><li>traducerea \u00een limba rom\u00e2n\u0103, autentificat\u0103 de un notar public sau de oficiul consular rom\u00e2n;<\/li><li>documente justificative pentru completarea unor rubrici care nu au fost completate \u00een certificatul original (de exemplu: lipsa datei na\u015fterii so\u0163ilor, a rubricilor privind p\u0103rin\u0163ii acestora, nemen\u0163ionarea numelui so\u0163ilor dup\u0103 c\u0103s\u0103torie, etc).<\/li><\/ul>\n\n\n\n<p>Documente justificative pot fi:<\/p>\n\n\n\n<ul class=\"wp-block-list\"><li>certificatul de na\u015ftere;<\/li><li>adeverin\u0163a din care s\u0103 rezulte numele dup\u0103 c\u0103s\u0103torie sau declara\u0163ia so\u0163ilor la notar sau oficiul consular;<\/li><li>sentin\u0163a de divor\u0163 r\u0103mas\u0103 definitiv\u0103 pentru cei care au mai fost c\u0103s\u0103tori\u0163i;<\/li><li>copia c\u0103r\u0163ii de identitate, pa\u015faportul.<\/li><\/ul>\n\n\n\n<p>Cet\u0103\u0163enii rom\u00e2ni cu domiciliul \u00een str\u0103in\u0103tate pot cere transcrierea, direct sau prin \u00eemputernicit cu o procur\u0103 special\u0103 (autentificat\u0103 \u00een \u0163ar\u0103 de un notar public, iar \u00een str\u0103in\u0103tate, de oficiul consular rom\u00e2n din statul de re\u015fedin\u0163\u0103 sau la notar cu apostil\u0103 conform Conven\u0163iei de la Haga).<\/p>\n\n\n\n<p>\u00cen acest caz, cererea se depune la Prim\u0103ria localit\u0103\u0163ii \u00een raza c\u0103reia au avut ultimul domiciliu, iar dac\u0103 nu au avut vreodat\u0103 domiciliul \u00een Rom\u00e2nia, la Prim\u0103ria Sectorului 1 Bucure\u015fti, unde se va efectua transcrierea certificatului.<\/p>\n\n\n\n<p>\u00cen cazul \u00een care cererea de transcriere se depune prin \u00eemputernicit cu procur\u0103 special\u0103, pe l\u00e2ng\u0103 actele men\u0163ionate mai sus, este necesar\u0103 \u015fi declara\u0163ia notarial\u0103 a cet\u0103\u0163eanului rom\u00e2n, titular al certificatului \u00een cauz\u0103, \u00een care s\u0103 se specifice dac\u0103 s-a mai solicitat sau nu transcrierea\/\u00eenscrierea certificatului \u00een registrele de stare civil\u0103 rom\u00e2ne din \u0163ar\u0103 sau str\u0103in\u00eetate \u015fi c\u0103 nu mai exist\u0103 un alt act de stare civil\u0103 reconstituit.<\/p>\n\n\n\n<p>Transcrierea certificatelor \u015fi a extraselor de stare civil\u0103 se efectueaz\u0103 cu aprobarea primarului unit\u0103\u0163ii administrativ-teritoriale de la locul de domiciliu al solicitantului, cu avizul prealabil al Serviciului Public Comunitar Jude\u0163ean de Eviden\u0163\u0103 a Persoanelor.<\/p>\n\n\n\n<p><strong>VI. Alte preciz\u0103ri<\/strong><\/p>\n\n\n\n<p>Toate documentele administrative <strong>emise de autorit\u0103\u0163ile str\u0103ine<\/strong> ce vor fi prezentate pentru a fi \u00eenregistrate \u00een registrele de stare civil\u0103, vor trebui s\u0103 \u00eendeplineasc\u0103 urm\u0103toarele condi\u0163ii:<\/p>\n\n\n\n<ul class=\"wp-block-list\"><li>documentele eliberate de institu\u0163ii ale statelor semnatare ale Conven\u0163iei de la Haga din 5\/10\/1961 <strong><u>vor fi \u00een mod obligatoriu apostilate;<\/u><\/strong><\/li><li>sunt scutite de supralegalizare sau apostilare, documentele emise de statele cu care Rom\u00e2nia a \u00eencheiat tratate, acorduri sau conven\u0163ii bilaterale de asisten\u0163\u0103 juridic\u0103 \u00een materie civil\u0103 sau de dreptul familiei;<\/li><li>documentele care nu se reg\u0103sesc \u00een primele dou\u0103 situa\u0163ii, vor fi \u00een mod obligatoriu supralegalizate, \u00een conformitate cu prevederile articolului 162 din Legea 105\/1992 cu privire la reglementarea raporturilor de drept interna\u0163ional privat.<\/li><\/ul>\n\n\n\n<p><a href=\"https:\/\/primariamoldovanoua.ro\/wp-content\/uploads\/2016\/09\/anexe.pdf\" target=\"_blank\" rel=\"noreferrer noopener\"><strong>CONSULTA\u021aI \u0218I ANEXELE DISPONIBILE<\/strong><\/a><\/p>\n","protected":false},"excerpt":{"rendered":"<p>Contact: Aura Mihaela Dasc\u0103lu Tel: 0255 540 997 \u00centreb\u0103ri frecvente referitoare la NA\u0218TERI 1) Unde se \u00eentocme\u0219te actul de na\u0219tere? \u00centocmirea actului de na\u015ftere se face la Serviciul Public Comunitar Local de Eviden\u0163\u0103 a Persoanelor sau la Prim\u0103ria unit\u0103\u0163ii administrativ-teritoriale (municipiu, ora\u015f sau comun\u0103), \u00een a c\u0103rei raz\u0103 s-a produs evenimentul. 2) Cine face declara\u021bia [&hellip;]<\/p>\n","protected":false},"author":1,"featured_media":0,"parent":368,"menu_order":0,"comment_status":"closed","ping_status":"closed","template":"","meta":{"site-sidebar-layout":"default","site-content-layout":"default","ast-site-content-layout":"","site-content-style":"default","site-sidebar-style":"default","ast-global-header-display":"","ast-banner-title-visibility":"","ast-main-header-display":"","ast-hfb-above-header-display":"","ast-hfb-below-header-display":"","ast-hfb-mobile-header-display":"","site-post-title":"","ast-breadcrumbs-content":"","ast-featured-img":"","footer-sml-layout":"","theme-transparent-header-meta":"default","adv-header-id-meta":"","stick-header-meta":"default","header-above-stick-meta":"","header-main-stick-meta":"","header-below-stick-meta":"","astra-migrate-meta-layouts":"default","ast-page-background-enabled":"default","ast-page-background-meta":{"desktop":{"background-color":"","background-image":"","background-repeat":"repeat","background-position":"center center","background-size":"auto","background-attachment":"scroll","background-type":"","background-media":"","overlay-type":"","overlay-color":"","overlay-gradient":""},"tablet":{"background-color":"","background-image":"","background-repeat":"repeat","background-position":"center center","background-size":"auto","background-attachment":"scroll","background-type":"","background-media":"","overlay-type":"","overlay-color":"","overlay-gradient":""},"mobile":{"background-color":"","background-image":"","background-repeat":"repeat","background-position":"center center","background-size":"auto","background-attachment":"scroll","background-type":"","background-media":"","overlay-type":"","overlay-color":"","overlay-gradient":""}},"ast-content-background-meta":{"desktop":{"background-color":"var(--ast-global-color-5)","background-image":"","background-repeat":"repeat","background-position":"center center","background-size":"auto","background-attachment":"scroll","background-type":"","background-media":"","overlay-type":"","overlay-color":"","overlay-gradient":""},"tablet":{"background-color":"var(--ast-global-color-5)","background-image":"","background-repeat":"repeat","background-position":"center center","background-size":"auto","background-attachment":"scroll","background-type":"","background-media":"","overlay-type":"","overlay-color":"","overlay-gradient":""},"mobile":{"background-color":"var(--ast-global-color-5)","background-image":"","background-repeat":"repeat","background-position":"center center","background-size":"auto","background-attachment":"scroll","background-type":"","background-media":"","overlay-type":"","overlay-color":"","overlay-gradient":""}},"footnotes":""},"class_list":["post-846","page","type-page","status-publish","hentry"],"yoast_head":"<!-- This site is optimized with the Yoast SEO plugin v27.0 - https:\/\/yoast.com\/product\/yoast-seo-wordpress\/ -->\n<title>Stare Civila - Prim\u0103riaMoldovaNou\u0103.ro<\/title>\n<meta name=\"robots\" content=\"index, follow, max-snippet:-1, max-image-preview:large, max-video-preview:-1\" \/>\n<link rel=\"canonical\" href=\"https:\/\/primariamoldovanoua.ro\/index.php\/departamente\/stare-civila\/\" \/>\n<meta property=\"og:locale\" content=\"en_US\" \/>\n<meta property=\"og:type\" content=\"article\" \/>\n<meta property=\"og:title\" content=\"Stare Civila - Prim\u0103riaMoldovaNou\u0103.ro\" \/>\n<meta property=\"og:description\" content=\"Contact: Aura Mihaela Dasc\u0103lu Tel: 0255 540 997 \u00centreb\u0103ri frecvente referitoare la NA\u0218TERI 1) Unde se \u00eentocme\u0219te actul de na\u0219tere? \u00centocmirea actului de na\u015ftere se face la Serviciul Public Comunitar Local de Eviden\u0163\u0103 a Persoanelor sau la Prim\u0103ria unit\u0103\u0163ii administrativ-teritoriale (municipiu, ora\u015f sau comun\u0103), \u00een a c\u0103rei raz\u0103 s-a produs evenimentul. 2) Cine face declara\u021bia [&hellip;]\" \/>\n<meta property=\"og:url\" content=\"https:\/\/primariamoldovanoua.ro\/index.php\/departamente\/stare-civila\/\" \/>\n<meta property=\"og:site_name\" content=\"Prim\u0103riaMoldovaNou\u0103.ro\" \/>\n<meta property=\"article:modified_time\" content=\"2021-07-08T07:38:12+00:00\" \/>\n<meta name=\"twitter:card\" content=\"summary_large_image\" \/>\n<meta name=\"twitter:label1\" content=\"Est. reading time\" \/>\n\t<meta name=\"twitter:data1\" content=\"16 minutes\" \/>\n<script type=\"application\/ld+json\" class=\"yoast-schema-graph\">{\"@context\":\"https:\/\/schema.org\",\"@graph\":[{\"@type\":\"WebPage\",\"@id\":\"https:\/\/primariamoldovanoua.ro\/index.php\/departamente\/stare-civila\/\",\"url\":\"https:\/\/primariamoldovanoua.ro\/index.php\/departamente\/stare-civila\/\",\"name\":\"Stare Civila - Prim\u0103riaMoldovaNou\u0103.ro\",\"isPartOf\":{\"@id\":\"https:\/\/primariamoldovanoua.ro\/#website\"},\"datePublished\":\"2016-09-15T10:14:24+00:00\",\"dateModified\":\"2021-07-08T07:38:12+00:00\",\"breadcrumb\":{\"@id\":\"https:\/\/primariamoldovanoua.ro\/index.php\/departamente\/stare-civila\/#breadcrumb\"},\"inLanguage\":\"en-US\",\"potentialAction\":[{\"@type\":\"ReadAction\",\"target\":[\"https:\/\/primariamoldovanoua.ro\/index.php\/departamente\/stare-civila\/\"]}]},{\"@type\":\"BreadcrumbList\",\"@id\":\"https:\/\/primariamoldovanoua.ro\/index.php\/departamente\/stare-civila\/#breadcrumb\",\"itemListElement\":[{\"@type\":\"ListItem\",\"position\":1,\"name\":\"Home\",\"item\":\"https:\/\/primariamoldovanoua.ro\/\"},{\"@type\":\"ListItem\",\"position\":2,\"name\":\"Departamente\",\"item\":\"https:\/\/primariamoldovanoua.ro\/index.php\/departamente\/\"},{\"@type\":\"ListItem\",\"position\":3,\"name\":\"Stare Civila\"}]},{\"@type\":\"WebSite\",\"@id\":\"https:\/\/primariamoldovanoua.ro\/#website\",\"url\":\"https:\/\/primariamoldovanoua.ro\/\",\"name\":\"Prim\u0103riaMoldovaNou\u0103.ro\",\"description\":\"Site-ul oficial al UAT Moldova Nou\u0103, jude\u0163ul Cara\u015f-Severin\",\"publisher\":{\"@id\":\"https:\/\/primariamoldovanoua.ro\/#organization\"},\"potentialAction\":[{\"@type\":\"SearchAction\",\"target\":{\"@type\":\"EntryPoint\",\"urlTemplate\":\"https:\/\/primariamoldovanoua.ro\/?s={search_term_string}\"},\"query-input\":{\"@type\":\"PropertyValueSpecification\",\"valueRequired\":true,\"valueName\":\"search_term_string\"}}],\"inLanguage\":\"en-US\"},{\"@type\":\"Organization\",\"@id\":\"https:\/\/primariamoldovanoua.ro\/#organization\",\"name\":\"Prim\u0103riaMoldovaNou\u0103.ro\",\"url\":\"https:\/\/primariamoldovanoua.ro\/\",\"logo\":{\"@type\":\"ImageObject\",\"inLanguage\":\"en-US\",\"@id\":\"https:\/\/primariamoldovanoua.ro\/#\/schema\/logo\/image\/\",\"url\":\"https:\/\/primariamoldovanoua.ro\/wp-content\/uploads\/2021\/04\/cropped-Logo-Moldova-Noua-M-1.png\",\"contentUrl\":\"https:\/\/primariamoldovanoua.ro\/wp-content\/uploads\/2021\/04\/cropped-Logo-Moldova-Noua-M-1.png\",\"width\":158,\"height\":250,\"caption\":\"Prim\u0103riaMoldovaNou\u0103.ro\"},\"image\":{\"@id\":\"https:\/\/primariamoldovanoua.ro\/#\/schema\/logo\/image\/\"}}]}<\/script>\n<!-- \/ Yoast SEO plugin. -->","yoast_head_json":{"title":"Stare Civila - Prim\u0103riaMoldovaNou\u0103.ro","robots":{"index":"index","follow":"follow","max-snippet":"max-snippet:-1","max-image-preview":"max-image-preview:large","max-video-preview":"max-video-preview:-1"},"canonical":"https:\/\/primariamoldovanoua.ro\/index.php\/departamente\/stare-civila\/","og_locale":"en_US","og_type":"article","og_title":"Stare Civila - Prim\u0103riaMoldovaNou\u0103.ro","og_description":"Contact: Aura Mihaela Dasc\u0103lu Tel: 0255 540 997 \u00centreb\u0103ri frecvente referitoare la NA\u0218TERI 1) Unde se \u00eentocme\u0219te actul de na\u0219tere? \u00centocmirea actului de na\u015ftere se face la Serviciul Public Comunitar Local de Eviden\u0163\u0103 a Persoanelor sau la Prim\u0103ria unit\u0103\u0163ii administrativ-teritoriale (municipiu, ora\u015f sau comun\u0103), \u00een a c\u0103rei raz\u0103 s-a produs evenimentul. 2) Cine face declara\u021bia [&hellip;]","og_url":"https:\/\/primariamoldovanoua.ro\/index.php\/departamente\/stare-civila\/","og_site_name":"Prim\u0103riaMoldovaNou\u0103.ro","article_modified_time":"2021-07-08T07:38:12+00:00","twitter_card":"summary_large_image","twitter_misc":{"Est. reading time":"16 minutes"},"schema":{"@context":"https:\/\/schema.org","@graph":[{"@type":"WebPage","@id":"https:\/\/primariamoldovanoua.ro\/index.php\/departamente\/stare-civila\/","url":"https:\/\/primariamoldovanoua.ro\/index.php\/departamente\/stare-civila\/","name":"Stare Civila - Prim\u0103riaMoldovaNou\u0103.ro","isPartOf":{"@id":"https:\/\/primariamoldovanoua.ro\/#website"},"datePublished":"2016-09-15T10:14:24+00:00","dateModified":"2021-07-08T07:38:12+00:00","breadcrumb":{"@id":"https:\/\/primariamoldovanoua.ro\/index.php\/departamente\/stare-civila\/#breadcrumb"},"inLanguage":"en-US","potentialAction":[{"@type":"ReadAction","target":["https:\/\/primariamoldovanoua.ro\/index.php\/departamente\/stare-civila\/"]}]},{"@type":"BreadcrumbList","@id":"https:\/\/primariamoldovanoua.ro\/index.php\/departamente\/stare-civila\/#breadcrumb","itemListElement":[{"@type":"ListItem","position":1,"name":"Home","item":"https:\/\/primariamoldovanoua.ro\/"},{"@type":"ListItem","position":2,"name":"Departamente","item":"https:\/\/primariamoldovanoua.ro\/index.php\/departamente\/"},{"@type":"ListItem","position":3,"name":"Stare Civila"}]},{"@type":"WebSite","@id":"https:\/\/primariamoldovanoua.ro\/#website","url":"https:\/\/primariamoldovanoua.ro\/","name":"Prim\u0103riaMoldovaNou\u0103.ro","description":"Site-ul oficial al UAT Moldova Nou\u0103, jude\u0163ul Cara\u015f-Severin","publisher":{"@id":"https:\/\/primariamoldovanoua.ro\/#organization"},"potentialAction":[{"@type":"SearchAction","target":{"@type":"EntryPoint","urlTemplate":"https:\/\/primariamoldovanoua.ro\/?s={search_term_string}"},"query-input":{"@type":"PropertyValueSpecification","valueRequired":true,"valueName":"search_term_string"}}],"inLanguage":"en-US"},{"@type":"Organization","@id":"https:\/\/primariamoldovanoua.ro\/#organization","name":"Prim\u0103riaMoldovaNou\u0103.ro","url":"https:\/\/primariamoldovanoua.ro\/","logo":{"@type":"ImageObject","inLanguage":"en-US","@id":"https:\/\/primariamoldovanoua.ro\/#\/schema\/logo\/image\/","url":"https:\/\/primariamoldovanoua.ro\/wp-content\/uploads\/2021\/04\/cropped-Logo-Moldova-Noua-M-1.png","contentUrl":"https:\/\/primariamoldovanoua.ro\/wp-content\/uploads\/2021\/04\/cropped-Logo-Moldova-Noua-M-1.png","width":158,"height":250,"caption":"Prim\u0103riaMoldovaNou\u0103.ro"},"image":{"@id":"https:\/\/primariamoldovanoua.ro\/#\/schema\/logo\/image\/"}}]}},"_links":{"self":[{"href":"https:\/\/primariamoldovanoua.ro\/index.php\/wp-json\/wp\/v2\/pages\/846","targetHints":{"allow":["GET"]}}],"collection":[{"href":"https:\/\/primariamoldovanoua.ro\/index.php\/wp-json\/wp\/v2\/pages"}],"about":[{"href":"https:\/\/primariamoldovanoua.ro\/index.php\/wp-json\/wp\/v2\/types\/page"}],"author":[{"embeddable":true,"href":"https:\/\/primariamoldovanoua.ro\/index.php\/wp-json\/wp\/v2\/users\/1"}],"replies":[{"embeddable":true,"href":"https:\/\/primariamoldovanoua.ro\/index.php\/wp-json\/wp\/v2\/comments?post=846"}],"version-history":[{"count":0,"href":"https:\/\/primariamoldovanoua.ro\/index.php\/wp-json\/wp\/v2\/pages\/846\/revisions"}],"up":[{"embeddable":true,"href":"https:\/\/primariamoldovanoua.ro\/index.php\/wp-json\/wp\/v2\/pages\/368"}],"wp:attachment":[{"href":"https:\/\/primariamoldovanoua.ro\/index.php\/wp-json\/wp\/v2\/media?parent=846"}],"curies":[{"name":"wp","href":"https:\/\/api.w.org\/{rel}","templated":true}]}}