{"id":9179,"date":"2023-07-17T18:54:50","date_gmt":"2023-07-17T16:54:50","guid":{"rendered":"https:\/\/primariamoldovanoua.ro\/?page_id=9179"},"modified":"2023-07-18T17:01:37","modified_gmt":"2023-07-18T15:01:37","slug":"declaratii-de-interese-primarie-2023","status":"publish","type":"page","link":"https:\/\/primariamoldovanoua.ro\/index.php\/declaratii-de-interese-primarie-2023\/","title":{"rendered":"Arhiv\u0103 2023"},"content":{"rendered":"\n<h4 class=\"wp-block-heading\"><strong>PRIMAR:<\/strong><\/h4>\n\n\n\n<ul class=\"wp-block-list\">\n<li><a href=\"https:\/\/primariamoldovanoua.ro\/wp-content\/uploads\/2023\/07\/CHISALITA-I-ION-PRIMAR-1.pdf\" target=\"_blank\" rel=\"noreferrer noopener\">Chis\u0103li\u021b\u0103 I. Ion<\/a><\/li>\n<\/ul>\n\n\n\n<h4 class=\"wp-block-heading\"><strong>VICEPRIMAR:<\/strong><\/h4>\n\n\n\n<ul class=\"wp-block-list\">\n<li><a href=\"https:\/\/primariamoldovanoua.ro\/wp-content\/uploads\/2023\/07\/MOISES-I-VICTOR-ADRIAN-VICEPRIMAR-1.pdf\" target=\"_blank\" rel=\"noreferrer noopener\">Moise\u0219 I. Victor-Adrian<\/a><\/li>\n<\/ul>\n\n\n\n<h4 class=\"wp-block-heading\"><strong>SECRETAR:<\/strong><\/h4>\n\n\n\n<ul class=\"wp-block-list\">\n<li><a href=\"https:\/\/primariamoldovanoua.ro\/wp-content\/uploads\/2023\/07\/CIOVELA-N-FLORIN-IOAN-SECRETAR-GENERAL-1.pdf\" target=\"_blank\" rel=\"noreferrer noopener\">Ciovela N. Florin-Ioan<\/a><\/li>\n<\/ul>\n\n\n\n<h4 class=\"wp-block-heading\"><strong>DIRECTOR EXECUTIV:<\/strong><\/h4>\n\n\n\n<ul class=\"wp-block-list\">\n<li><a href=\"https:\/\/primariamoldovanoua.ro\/wp-content\/uploads\/2023\/07\/TITIRIGA-I-V-ADRIANA-DIRECTOR-EXECUTIV-1.pdf\" target=\"_blank\" rel=\"noreferrer noopener\">\u021ai\u021birig\u0103 I.V. Adriana<\/a><\/li>\n<\/ul>\n\n\n\n<h4 class=\"wp-block-heading\"><strong>AUDITOR:<\/strong><\/h4>\n\n\n\n<ul class=\"wp-block-list\">\n<li><a href=\"https:\/\/primariamoldovanoua.ro\/wp-content\/uploads\/2023\/07\/SDEORNA-I-CARMEN-AUDITOR-1.pdf\" target=\"_blank\" rel=\"noreferrer noopener\">\u0218deorna I. Carmen<\/a><\/li>\n<\/ul>\n\n\n\n<h4 class=\"wp-block-heading\"><strong>ADMINISTRATOR PUBLIC<\/strong><\/h4>\n\n\n\n<ul class=\"wp-block-list\">\n<li><a href=\"https:\/\/primariamoldovanoua.ro\/wp-content\/uploads\/2023\/07\/LIXANDRU-G-NICULAE-ADMINISTRATOR-PUBLIC.pdf\" target=\"_blank\" rel=\"noreferrer noopener\">Lixandru G. Niculae<\/a><\/li>\n<\/ul>\n\n\n\n<h4 class=\"wp-block-heading\"><strong>INGINER \u015eEF<\/strong><\/h4>\n\n\n\n<ul class=\"wp-block-list\">\n<li><a href=\"https:\/\/primariamoldovanoua.ro\/wp-content\/uploads\/2023\/07\/SAVA-N-CECILIA-LAURA-INGINER-SEF-1.pdf\" target=\"_blank\" rel=\"noreferrer noopener\">Sava N. Cecilia Laura<\/a><\/li>\n<\/ul>\n\n\n\n<h4 class=\"wp-block-heading\"><strong>\u0218EFI\/COORDONATORI SERVICII, BIROURI \u015eI COMPARTIMENTE:<\/strong><\/h4>\n\n\n\n<ul class=\"wp-block-list\">\n<li><a href=\"https:\/\/primariamoldovanoua.ro\/wp-content\/uploads\/2023\/07\/BRATU-S-LIVIU-MIHAITA-SEF-SERVICIU-1.pdf\" target=\"_blank\" rel=\"noreferrer noopener\">Bratu S. Liviu-Mih\u0103i\u021b\u0103<\/a><\/li>\n\n\n\n<li><a href=\"https:\/\/primariamoldovanoua.ro\/wp-content\/uploads\/2023\/07\/CANPIANU-N-MIRELA-ANTONELA-SEF-BIROU.pdf\" target=\"_blank\" rel=\"noreferrer noopener\">C\u00e2npeanu N. Mirela-Antonela<\/a><\/li>\n\n\n\n<li><a href=\"https:\/\/primariamoldovanoua.ro\/wp-content\/uploads\/2023\/07\/CHISALITA-I-ILIE-SEF-COMPARTIMENT-1.pdf\" target=\"_blank\" rel=\"noreferrer noopener\">Chis\u0103li\u021b\u0103 I. Ilie<\/a><\/li>\n\n\n\n<li><a href=\"https:\/\/primariamoldovanoua.ro\/wp-content\/uploads\/2023\/07\/CHISALITA-GHE-MARTA-MARIA-SEF-SERVICIU-1.pdf\" target=\"_blank\" rel=\"noreferrer noopener\">Chis\u0103li\u021b\u0103 G.H.E. Marta-Maria<\/a><\/li>\n\n\n\n<li><a href=\"https:\/\/primariamoldovanoua.ro\/wp-content\/uploads\/2023\/07\/CIOVELA-G-MIHAELA-COORDONATOR-SERVICIU-1.pdf\" target=\"_blank\" rel=\"noreferrer noopener\">Ciovela G. Mihaela<\/a><\/li>\n\n\n\n<li><a href=\"https:\/\/primariamoldovanoua.ro\/wp-content\/uploads\/2023\/07\/ENACHE-P-DUMITRU-COORDONATOR-COMPARTIMENT-1.pdf\" target=\"_blank\" rel=\"noreferrer noopener\">Enache P. Dumitru<\/a><\/li>\n\n\n\n<li><a href=\"https:\/\/primariamoldovanoua.ro\/wp-content\/uploads\/2023\/07\/NISTORAN-D-DUMITRU-SEF-BIROU-1.pdf\" target=\"_blank\" rel=\"noreferrer noopener\">Nistoran D. Dumitru<\/a><\/li>\n\n\n\n<li><a href=\"https:\/\/primariamoldovanoua.ro\/wp-content\/uploads\/2023\/07\/NISTORAN-G-ILIE-SEF-SERVICIU-1.pdf\" target=\"_blank\" rel=\"noreferrer noopener\">Nistoran G. Ilie<\/a><\/li>\n\n\n\n<li><a href=\"https:\/\/primariamoldovanoua.ro\/wp-content\/uploads\/2023\/07\/STANOEVICI-S-VICTOR-SEF-SERVICIU-1.pdf\" target=\"_blank\" rel=\"noreferrer noopener\">Stanoevici S. Victor<\/a><\/li>\n\n\n\n<li><a href=\"https:\/\/primariamoldovanoua.ro\/wp-content\/uploads\/2023\/07\/STAFANOVICI-S-ANTAL-SEF-SERVICIU.pdf\" target=\"_blank\" rel=\"noreferrer noopener\">Stefanovici S. Antal<\/a><\/li>\n\n\n\n<li><a href=\"https:\/\/primariamoldovanoua.ro\/wp-content\/uploads\/2023\/07\/SZEKELY-S-RADMILA-SEF-BIROU-1.pdf\" target=\"_blank\" rel=\"noreferrer noopener\">Szekely S. Radmila<\/a><\/li>\n\n\n\n<li><a href=\"https:\/\/primariamoldovanoua.ro\/wp-content\/uploads\/2023\/07\/TISMANARIU-I-DORIN-MARIUS-SEF-COMPARTIMENT-1.pdf\" target=\"_blank\" rel=\"noreferrer noopener\">Tism\u0103nariu I. Dorin-Marius<\/a><\/li>\n<\/ul>\n\n\n\n<h4 class=\"wp-block-heading\"><strong>INSPECTORI:<\/strong><\/h4>\n\n\n\n<ul class=\"wp-block-list\">\n<li><a href=\"https:\/\/primariamoldovanoua.ro\/wp-content\/uploads\/2023\/07\/BENCZE-L-LASZLO-OCSI-INSPECTOR-1.pdf\" target=\"_blank\" rel=\"noreferrer noopener\">Bencze L. Laszlo-Ocsi<\/a><\/li>\n\n\n\n<li><a href=\"https:\/\/primariamoldovanoua.ro\/wp-content\/uploads\/2023\/07\/CONSTANTINOVICI-N-LAVINIA-INSPECTOR-1.pdf\" target=\"_blank\" rel=\"noreferrer noopener\">Constantinovici N. Lavinia<\/a><\/li>\n\n\n\n<li><a href=\"https:\/\/primariamoldovanoua.ro\/wp-content\/uploads\/2023\/07\/DASCALU-M-AURA-MIHAELA-INSPECTOR-1.pdf\" target=\"_blank\" rel=\"noreferrer noopener\">Dasc\u0103lu M. Aura-Mihaela<\/a><\/li>\n\n\n\n<li><a href=\"https:\/\/primariamoldovanoua.ro\/wp-content\/uploads\/2023\/07\/FIRAN-I-CARMEN-IULIANA-INSPECTOR-1.pdf\" target=\"_blank\" rel=\"noreferrer noopener\">Firan I. Carmen-Iuliana<\/a><\/li>\n\n\n\n<li><a href=\"https:\/\/primariamoldovanoua.ro\/wp-content\/uploads\/2023\/07\/GHIBA-V-CONSTANTIN-INSPECTOR-1.pdf\" target=\"_blank\" rel=\"noreferrer noopener\">Ghiba V. Constantin<\/a><\/li>\n\n\n\n<li><a href=\"https:\/\/primariamoldovanoua.ro\/wp-content\/uploads\/2023\/07\/GRECU-P-MADELINA-INSPECTOR-SUPERIOR-1.pdf\" target=\"_blank\" rel=\"noreferrer noopener\">Grecu P. Madelina<\/a><\/li>\n\n\n\n<li><a href=\"https:\/\/primariamoldovanoua.ro\/wp-content\/uploads\/2023\/07\/ION-A-ANDRA-ALINA-INSPECTOR-ASISTENT.pdf\" target=\"_blank\" rel=\"noreferrer noopener\">Ion A. Andra-Alina<\/a><\/li>\n\n\n\n<li><a href=\"https:\/\/primariamoldovanoua.ro\/wp-content\/uploads\/2023\/07\/IZVERNARIU-G-GEANINA-ADELINA-INSPECTOR-1.pdf\" target=\"_blank\" rel=\"noreferrer noopener\">Izvernariu G. Geanina-Adelina<\/a><\/li>\n\n\n\n<li><a href=\"https:\/\/primariamoldovanoua.ro\/wp-content\/uploads\/2023\/07\/JIAN-G-DANIEL-GHEORGHE-INSPECTOR-1.pdf\" target=\"_blank\" rel=\"noreferrer noopener\">Jian G. Daniel-Gheorghe<\/a><\/li>\n\n\n\n<li><a href=\"https:\/\/primariamoldovanoua.ro\/wp-content\/uploads\/2023\/07\/LAZAROVICI-I-IOSIF-FLORIN-INSPECTOR-1.pdf\" target=\"_blank\" rel=\"noreferrer noopener\">Lazarovici I. Iosif-Florin<\/a><\/li>\n\n\n\n<li><a href=\"https:\/\/primariamoldovanoua.ro\/wp-content\/uploads\/2023\/07\/NASTASE-V-ALINA-RAMONA-INSPECTOR-1.pdf\" target=\"_blank\" rel=\"noreferrer noopener\">N\u0103stase V. Alina-Ramona<\/a><\/li>\n\n\n\n<li><a href=\"https:\/\/primariamoldovanoua.ro\/wp-content\/uploads\/2023\/07\/NICOLA-I-ROMEO-INSPECTOR-1.pdf\" target=\"_blank\" rel=\"noreferrer noopener\">Nicola I. Romeo<\/a><\/li>\n\n\n\n<li><a href=\"https:\/\/primariamoldovanoua.ro\/wp-content\/uploads\/2023\/07\/NISTORAN-N-VUTI-AIDA-INSPECTOR.pdf\" target=\"_blank\" rel=\"noreferrer noopener\">Nistoran N. Vu\u021bi-Aida<\/a><\/li>\n\n\n\n<li><a href=\"https:\/\/primariamoldovanoua.ro\/wp-content\/uploads\/2023\/07\/NOVACESCU-A-ADRIAN-ALEXANDRU-INSPECTOR-1.pdf\" target=\"_blank\" rel=\"noreferrer noopener\">Nov\u0103cescu A. Adrian-Alexandru<\/a><\/li>\n\n\n\n<li><a href=\"https:\/\/primariamoldovanoua.ro\/wp-content\/uploads\/2023\/07\/NOVACOVICI-G-RAMONA-MIRABELA-INSPECTOR-1.pdf\" target=\"_blank\" rel=\"noreferrer noopener\">Novacovici G. Ramona Mirabela<\/a><\/li>\n\n\n\n<li><a href=\"https:\/\/primariamoldovanoua.ro\/wp-content\/uploads\/2023\/07\/POPOVICI-I-LILIANA-INSPECTOR-1.pdf\" target=\"_blank\" rel=\"noreferrer noopener\">Popovici I. Liliana<\/a><\/li>\n\n\n\n<li><a href=\"https:\/\/primariamoldovanoua.ro\/wp-content\/uploads\/2023\/07\/RETEZAN-N-GHEORGHE-INSPECTOR-1.pdf\" target=\"_blank\" rel=\"noreferrer noopener\">Retezan N. Gheorghe<\/a><\/li>\n\n\n\n<li><a href=\"https:\/\/primariamoldovanoua.ro\/wp-content\/uploads\/2023\/07\/SPOREA-M-MARA-INSPECTOR-SUPERIOR-1.pdf\" target=\"_blank\" rel=\"noreferrer noopener\">Sporea M. Mara<\/a><\/li>\n\n\n\n<li><a href=\"https:\/\/primariamoldovanoua.ro\/wp-content\/uploads\/2023\/07\/STRAINESCU-Z-COSANA-TANIA-INSPECTOR-1.pdf\" target=\"_blank\" rel=\"noreferrer noopener\">Strainescu Z. Cosana-Tania<\/a><\/li>\n\n\n\n<li><a href=\"https:\/\/primariamoldovanoua.ro\/wp-content\/uploads\/2023\/07\/TISMANARIU-N-LOREDANA-ANICA-INSPECTOR-1.pdf\" target=\"_blank\" rel=\"noreferrer noopener\">Tism\u0103nariu N. Loredana-Anica<\/a><\/li>\n\n\n\n<li><a href=\"https:\/\/primariamoldovanoua.ro\/wp-content\/uploads\/2023\/07\/TISMANARU-G-NICOLAE-INSPECTOR-1.pdf\" target=\"_blank\" rel=\"noreferrer noopener\">Tism\u0103naru G. Nicolae<\/a><\/li>\n\n\n\n<li><a href=\"https:\/\/primariamoldovanoua.ro\/wp-content\/uploads\/2023\/07\/TIUGAN-D-DANIELA-INSPECTOR-1.pdf\" target=\"_blank\" rel=\"noreferrer noopener\">Tiugan D. Daniela<\/a><\/li>\n\n\n\n<li><a href=\"https:\/\/primariamoldovanoua.ro\/wp-content\/uploads\/2023\/07\/TUCULIA-D-ESMINCA-ANITA-INSPECTOR-1.pdf\" target=\"_blank\" rel=\"noreferrer noopener\">Tuculia D. Esminca-Ani\u021ba<\/a><\/li>\n\n\n\n<li><a href=\"https:\/\/primariamoldovanoua.ro\/wp-content\/uploads\/2023\/07\/VITAN-A-LUCI-INSPECTOR-1.pdf\" target=\"_blank\" rel=\"noreferrer noopener\">Vitan A. Luci<\/a><\/li>\n<\/ul>\n\n\n\n<h4 class=\"wp-block-heading\"><strong>REFEREN\u021aI:<\/strong><\/h4>\n\n\n\n<ul class=\"wp-block-list\">\n<li><a href=\"https:\/\/primariamoldovanoua.ro\/wp-content\/uploads\/2023\/07\/BUDA-I-GHEORGHE-REFERENT-1.pdf\" target=\"_blank\" rel=\"noreferrer noopener\">Buda I. Gheorghe<\/a><\/li>\n\n\n\n<li><a href=\"https:\/\/primariamoldovanoua.ro\/wp-content\/uploads\/2023\/07\/CAZACUTU-M-SPIRIDON-REFERENT-1.pdf\" target=\"_blank\" rel=\"noreferrer noopener\">C\u0103z\u0103cu\u021bu M. Spiridon<\/a><\/li>\n\n\n\n<li><a href=\"https:\/\/primariamoldovanoua.ro\/wp-content\/uploads\/2023\/07\/CORNESCU-N-NICOLAE-MARIUS-REFERENT-DE-SPECIALITATE-1.pdf\" target=\"_blank\" rel=\"noreferrer noopener\">Cornescu N. Nicolae-Marius<\/a><\/li>\n\n\n\n<li><a href=\"https:\/\/primariamoldovanoua.ro\/wp-content\/uploads\/2023\/07\/CRENICEAN-G-ADRIANA-REFERENT-1.pdf\" target=\"_blank\" rel=\"noreferrer noopener\">Crenicean G. Adriana<\/a><\/li>\n\n\n\n<li><a href=\"https:\/\/primariamoldovanoua.ro\/wp-content\/uploads\/2023\/07\/MIHAI-M-SILVIA-REFERENT-SUPERIOR-1.pdf\" target=\"_blank\" rel=\"noreferrer noopener\">Mihai M. Silvia<\/a><\/li>\n\n\n\n<li><a href=\"https:\/\/primariamoldovanoua.ro\/wp-content\/uploads\/2023\/07\/MUNTEAN-G-SORINA-LOREDANA-REFERENT.pdf\" target=\"_blank\" rel=\"noreferrer noopener\">Muntean G. Sorina-Loredana<\/a><\/li>\n\n\n\n<li><a href=\"https:\/\/primariamoldovanoua.ro\/wp-content\/uploads\/2023\/07\/NICOLA-G-CAMELIA-REFERENT-1.pdf\" target=\"_blank\" rel=\"noreferrer noopener\">Nicola G. Camelia<\/a><\/li>\n\n\n\n<li><a href=\"https:\/\/primariamoldovanoua.ro\/wp-content\/uploads\/2023\/07\/PASCU-G-COARCI-REFERENT-SUPERIOR-1.pdf\" target=\"_blank\" rel=\"noreferrer noopener\">Pascu G. Coarci<\/a><\/li>\n\n\n\n<li><a href=\"https:\/\/primariamoldovanoua.ro\/wp-content\/uploads\/2023\/07\/PERVULESCU-G-H-SLAVITA-SONIA-REFERENT-1.pdf\" target=\"_blank\" rel=\"noreferrer noopener\">Pervulescu G.H. Slavi\u021ba-Sonia<\/a><\/li>\n\n\n\n<li><a href=\"https:\/\/primariamoldovanoua.ro\/wp-content\/uploads\/2023\/07\/STOICOVICI-I-RODICA-ILEANA-REFERENT-SUPERIOR-1.pdf\" target=\"_blank\" rel=\"noreferrer noopener\">Stoicovici I. Rodica-Ileana<\/a><\/li>\n\n\n\n<li><a href=\"https:\/\/primariamoldovanoua.ro\/wp-content\/uploads\/2023\/07\/TISMANARIU-I-IONICA-REFERENT-1.pdf\" target=\"_blank\" rel=\"noreferrer noopener\">Tism\u0103nariu I. Ionica<\/a><\/li>\n\n\n\n<li><a href=\"https:\/\/primariamoldovanoua.ro\/wp-content\/uploads\/2023\/07\/TISMONARIU-I-MIHAELA-DANA-REFERENT-1.pdf\" target=\"_blank\" rel=\"noreferrer noopener\">Tismonariu I. Mihaela-Dana<\/a><\/li>\n<\/ul>\n\n\n\n<h4 class=\"wp-block-heading\"><strong>POLI\u021aIA LOCAL\u0102:<\/strong><\/h4>\n\n\n\n<ul class=\"wp-block-list\">\n<li><a href=\"https:\/\/primariamoldovanoua.ro\/wp-content\/uploads\/2023\/07\/CHISELITA-I-ILIE-POLITIST-LOCAL-1.pdf\" target=\"_blank\" rel=\"noreferrer noopener\">Chiseli\u021b\u0103 I. Ilie<\/a><\/li>\n\n\n\n<li><a href=\"https:\/\/primariamoldovanoua.ro\/wp-content\/uploads\/2023\/07\/CIRPEAN-G-GHEORGHE-POLITIST-LOCAL-1.pdf\" target=\"_blank\" rel=\"noreferrer noopener\">C\u00eerpean G. Gheorghe<\/a><\/li>\n\n\n\n<li><a href=\"https:\/\/primariamoldovanoua.ro\/wp-content\/uploads\/2023\/07\/IANCOVICI-J-VLADIMIR-POLITIST-LOCAL-1.pdf\" target=\"_blank\" rel=\"noreferrer noopener\">Iancovici J. Vladimir<\/a><\/li>\n\n\n\n<li><a href=\"https:\/\/primariamoldovanoua.ro\/wp-content\/uploads\/2023\/07\/NEAG-P-GHITA-PETRICA-POLITIST-LOCAL-1.pdf\" target=\"_blank\" rel=\"noreferrer noopener\">Neag P. Ghi\u021ba-Petric\u0103<\/a><\/li>\n\n\n\n<li><a href=\"https:\/\/primariamoldovanoua.ro\/wp-content\/uploads\/2023\/07\/NICOLICI-J-GORAN-POLITIST-LOCAL-1.pdf\" target=\"_blank\" rel=\"noreferrer noopener\">Nicolici J. Goran<\/a><\/li>\n\n\n\n<li><a href=\"https:\/\/primariamoldovanoua.ro\/wp-content\/uploads\/2023\/07\/PETRARU-I-GHEORGHE-POLITIST-LOCAL-1.pdf\" target=\"_blank\" rel=\"noreferrer noopener\">Petraru I. Gheorghe<\/a><\/li>\n\n\n\n<li><a href=\"https:\/\/primariamoldovanoua.ro\/wp-content\/uploads\/2023\/07\/STEFANOVICI-M-ADRIAN-MARIUS-POLITIST-LOCAL-1.pdf\" target=\"_blank\" rel=\"noreferrer noopener\">Stefanovici M. Adrian-Marius<\/a><\/li>\n\n\n\n<li><a href=\"https:\/\/primariamoldovanoua.ro\/wp-content\/uploads\/2023\/07\/STOICOVICI-I-OVIDIU-IONEL-POLITIST-LOCAL-1.pdf\" target=\"_blank\" rel=\"noreferrer noopener\">Stoicovici I. Ovidiu-Ionel<\/a><\/li>\n\n\n\n<li><a href=\"https:\/\/primariamoldovanoua.ro\/wp-content\/uploads\/2023\/07\/TORAN-G-GHEORGHE-POLITIST-LOCAL-1.pdf\" target=\"_blank\" rel=\"noreferrer noopener\">Toran G. Gheorghe<\/a><\/li>\n\n\n\n<li><a href=\"https:\/\/primariamoldovanoua.ro\/wp-content\/uploads\/2023\/07\/TUDOSA-M-DANIEL-IONICA-POLITIST-LOCAL-1.pdf\" target=\"_blank\" rel=\"noreferrer noopener\">Tudos\u0103 M. Daniel-Ionic\u0103<\/a><\/li>\n\n\n\n<li><a href=\"https:\/\/primariamoldovanoua.ro\/wp-content\/uploads\/2023\/07\/VIG-I-IOAN-DANIEL-POLITIST-LOCAL-1.pdf\" target=\"_blank\" rel=\"noreferrer noopener\">Vig I. Ioan-Daniel<\/a><\/li>\n<\/ul>\n","protected":false},"excerpt":{"rendered":"<p>PRIMAR: VICEPRIMAR: SECRETAR: DIRECTOR EXECUTIV: AUDITOR: ADMINISTRATOR PUBLIC INGINER \u015eEF \u0218EFI\/COORDONATORI SERVICII, BIROURI \u015eI COMPARTIMENTE: INSPECTORI: REFEREN\u021aI: POLI\u021aIA LOCAL\u0102:<\/p>\n","protected":false},"author":3,"featured_media":0,"parent":0,"menu_order":0,"comment_status":"closed","ping_status":"closed","template":"","meta":{"site-sidebar-layout":"default","site-content-layout":"","ast-site-content-layout":"","site-content-style":"default","site-sidebar-style":"default","ast-global-header-display":"","ast-banner-title-visibility":"","ast-main-header-display":"","ast-hfb-above-header-display":"","ast-hfb-below-header-display":"","ast-hfb-mobile-header-display":"","site-post-title":"","ast-breadcrumbs-content":"","ast-featured-img":"","footer-sml-layout":"","theme-transparent-header-meta":"","adv-header-id-meta":"","stick-header-meta":"","header-above-stick-meta":"","header-main-stick-meta":"","header-below-stick-meta":"","astra-migrate-meta-layouts":"default","ast-page-background-enabled":"default","ast-page-background-meta":{"desktop":{"background-color":"","background-image":"","background-repeat":"repeat","background-position":"center center","background-size":"auto","background-attachment":"scroll","background-type":"","background-media":"","overlay-type":"","overlay-color":"","overlay-gradient":""},"tablet":{"background-color":"","background-image":"","background-repeat":"repeat","background-position":"center center","background-size":"auto","background-attachment":"scroll","background-type":"","background-media":"","overlay-type":"","overlay-color":"","overlay-gradient":""},"mobile":{"background-color":"","background-image":"","background-repeat":"repeat","background-position":"center center","background-size":"auto","background-attachment":"scroll","background-type":"","background-media":"","overlay-type":"","overlay-color":"","overlay-gradient":""}},"ast-content-background-meta":{"desktop":{"background-color":"var(--ast-global-color-5)","background-image":"","background-repeat":"repeat","background-position":"center center","background-size":"auto","background-attachment":"scroll","background-type":"","background-media":"","overlay-type":"","overlay-color":"","overlay-gradient":""},"tablet":{"background-color":"var(--ast-global-color-5)","background-image":"","background-repeat":"repeat","background-position":"center center","background-size":"auto","background-attachment":"scroll","background-type":"","background-media":"","overlay-type":"","overlay-color":"","overlay-gradient":""},"mobile":{"background-color":"var(--ast-global-color-5)","background-image":"","background-repeat":"repeat","background-position":"center center","background-size":"auto","background-attachment":"scroll","background-type":"","background-media":"","overlay-type":"","overlay-color":"","overlay-gradient":""}},"footnotes":""},"class_list":["post-9179","page","type-page","status-publish","hentry"],"yoast_head":"<!-- This site is optimized with the Yoast SEO plugin v27.0 - https:\/\/yoast.com\/product\/yoast-seo-wordpress\/ -->\n<title>Arhiv\u0103 2023 - Prim\u0103riaMoldovaNou\u0103.ro<\/title>\n<meta name=\"robots\" content=\"index, follow, max-snippet:-1, max-image-preview:large, max-video-preview:-1\" \/>\n<link rel=\"canonical\" href=\"https:\/\/primariamoldovanoua.ro\/index.php\/declaratii-de-interese-primarie-2023\/\" \/>\n<meta property=\"og:locale\" content=\"en_US\" \/>\n<meta property=\"og:type\" content=\"article\" \/>\n<meta property=\"og:title\" content=\"Arhiv\u0103 2023 - Prim\u0103riaMoldovaNou\u0103.ro\" \/>\n<meta property=\"og:description\" content=\"PRIMAR: VICEPRIMAR: SECRETAR: DIRECTOR EXECUTIV: AUDITOR: ADMINISTRATOR PUBLIC INGINER \u015eEF \u0218EFI\/COORDONATORI SERVICII, BIROURI \u015eI COMPARTIMENTE: INSPECTORI: REFEREN\u021aI: POLI\u021aIA LOCAL\u0102:\" \/>\n<meta property=\"og:url\" content=\"https:\/\/primariamoldovanoua.ro\/index.php\/declaratii-de-interese-primarie-2023\/\" \/>\n<meta property=\"og:site_name\" content=\"Prim\u0103riaMoldovaNou\u0103.ro\" \/>\n<meta property=\"article:modified_time\" content=\"2023-07-18T15:01:37+00:00\" \/>\n<meta name=\"twitter:card\" content=\"summary_large_image\" \/>\n<meta name=\"twitter:label1\" content=\"Est. reading time\" \/>\n\t<meta name=\"twitter:data1\" content=\"1 minute\" \/>\n<script type=\"application\/ld+json\" class=\"yoast-schema-graph\">{\"@context\":\"https:\/\/schema.org\",\"@graph\":[{\"@type\":\"WebPage\",\"@id\":\"https:\/\/primariamoldovanoua.ro\/index.php\/declaratii-de-interese-primarie-2023\/\",\"url\":\"https:\/\/primariamoldovanoua.ro\/index.php\/declaratii-de-interese-primarie-2023\/\",\"name\":\"Arhiv\u0103 2023 - Prim\u0103riaMoldovaNou\u0103.ro\",\"isPartOf\":{\"@id\":\"https:\/\/primariamoldovanoua.ro\/#website\"},\"datePublished\":\"2023-07-17T16:54:50+00:00\",\"dateModified\":\"2023-07-18T15:01:37+00:00\",\"breadcrumb\":{\"@id\":\"https:\/\/primariamoldovanoua.ro\/index.php\/declaratii-de-interese-primarie-2023\/#breadcrumb\"},\"inLanguage\":\"en-US\",\"potentialAction\":[{\"@type\":\"ReadAction\",\"target\":[\"https:\/\/primariamoldovanoua.ro\/index.php\/declaratii-de-interese-primarie-2023\/\"]}]},{\"@type\":\"BreadcrumbList\",\"@id\":\"https:\/\/primariamoldovanoua.ro\/index.php\/declaratii-de-interese-primarie-2023\/#breadcrumb\",\"itemListElement\":[{\"@type\":\"ListItem\",\"position\":1,\"name\":\"Home\",\"item\":\"https:\/\/primariamoldovanoua.ro\/\"},{\"@type\":\"ListItem\",\"position\":2,\"name\":\"Arhiv\u0103 2023\"}]},{\"@type\":\"WebSite\",\"@id\":\"https:\/\/primariamoldovanoua.ro\/#website\",\"url\":\"https:\/\/primariamoldovanoua.ro\/\",\"name\":\"Prim\u0103riaMoldovaNou\u0103.ro\",\"description\":\"Site-ul oficial al UAT Moldova Nou\u0103, jude\u0163ul Cara\u015f-Severin\",\"publisher\":{\"@id\":\"https:\/\/primariamoldovanoua.ro\/#organization\"},\"potentialAction\":[{\"@type\":\"SearchAction\",\"target\":{\"@type\":\"EntryPoint\",\"urlTemplate\":\"https:\/\/primariamoldovanoua.ro\/?s={search_term_string}\"},\"query-input\":{\"@type\":\"PropertyValueSpecification\",\"valueRequired\":true,\"valueName\":\"search_term_string\"}}],\"inLanguage\":\"en-US\"},{\"@type\":\"Organization\",\"@id\":\"https:\/\/primariamoldovanoua.ro\/#organization\",\"name\":\"Prim\u0103riaMoldovaNou\u0103.ro\",\"url\":\"https:\/\/primariamoldovanoua.ro\/\",\"logo\":{\"@type\":\"ImageObject\",\"inLanguage\":\"en-US\",\"@id\":\"https:\/\/primariamoldovanoua.ro\/#\/schema\/logo\/image\/\",\"url\":\"https:\/\/primariamoldovanoua.ro\/wp-content\/uploads\/2021\/04\/cropped-Logo-Moldova-Noua-M-1.png\",\"contentUrl\":\"https:\/\/primariamoldovanoua.ro\/wp-content\/uploads\/2021\/04\/cropped-Logo-Moldova-Noua-M-1.png\",\"width\":158,\"height\":250,\"caption\":\"Prim\u0103riaMoldovaNou\u0103.ro\"},\"image\":{\"@id\":\"https:\/\/primariamoldovanoua.ro\/#\/schema\/logo\/image\/\"}}]}<\/script>\n<!-- \/ Yoast SEO plugin. -->","yoast_head_json":{"title":"Arhiv\u0103 2023 - Prim\u0103riaMoldovaNou\u0103.ro","robots":{"index":"index","follow":"follow","max-snippet":"max-snippet:-1","max-image-preview":"max-image-preview:large","max-video-preview":"max-video-preview:-1"},"canonical":"https:\/\/primariamoldovanoua.ro\/index.php\/declaratii-de-interese-primarie-2023\/","og_locale":"en_US","og_type":"article","og_title":"Arhiv\u0103 2023 - Prim\u0103riaMoldovaNou\u0103.ro","og_description":"PRIMAR: VICEPRIMAR: SECRETAR: DIRECTOR EXECUTIV: AUDITOR: ADMINISTRATOR PUBLIC INGINER \u015eEF \u0218EFI\/COORDONATORI SERVICII, BIROURI \u015eI COMPARTIMENTE: INSPECTORI: REFEREN\u021aI: POLI\u021aIA LOCAL\u0102:","og_url":"https:\/\/primariamoldovanoua.ro\/index.php\/declaratii-de-interese-primarie-2023\/","og_site_name":"Prim\u0103riaMoldovaNou\u0103.ro","article_modified_time":"2023-07-18T15:01:37+00:00","twitter_card":"summary_large_image","twitter_misc":{"Est. reading time":"1 minute"},"schema":{"@context":"https:\/\/schema.org","@graph":[{"@type":"WebPage","@id":"https:\/\/primariamoldovanoua.ro\/index.php\/declaratii-de-interese-primarie-2023\/","url":"https:\/\/primariamoldovanoua.ro\/index.php\/declaratii-de-interese-primarie-2023\/","name":"Arhiv\u0103 2023 - Prim\u0103riaMoldovaNou\u0103.ro","isPartOf":{"@id":"https:\/\/primariamoldovanoua.ro\/#website"},"datePublished":"2023-07-17T16:54:50+00:00","dateModified":"2023-07-18T15:01:37+00:00","breadcrumb":{"@id":"https:\/\/primariamoldovanoua.ro\/index.php\/declaratii-de-interese-primarie-2023\/#breadcrumb"},"inLanguage":"en-US","potentialAction":[{"@type":"ReadAction","target":["https:\/\/primariamoldovanoua.ro\/index.php\/declaratii-de-interese-primarie-2023\/"]}]},{"@type":"BreadcrumbList","@id":"https:\/\/primariamoldovanoua.ro\/index.php\/declaratii-de-interese-primarie-2023\/#breadcrumb","itemListElement":[{"@type":"ListItem","position":1,"name":"Home","item":"https:\/\/primariamoldovanoua.ro\/"},{"@type":"ListItem","position":2,"name":"Arhiv\u0103 2023"}]},{"@type":"WebSite","@id":"https:\/\/primariamoldovanoua.ro\/#website","url":"https:\/\/primariamoldovanoua.ro\/","name":"Prim\u0103riaMoldovaNou\u0103.ro","description":"Site-ul oficial al UAT Moldova Nou\u0103, jude\u0163ul Cara\u015f-Severin","publisher":{"@id":"https:\/\/primariamoldovanoua.ro\/#organization"},"potentialAction":[{"@type":"SearchAction","target":{"@type":"EntryPoint","urlTemplate":"https:\/\/primariamoldovanoua.ro\/?s={search_term_string}"},"query-input":{"@type":"PropertyValueSpecification","valueRequired":true,"valueName":"search_term_string"}}],"inLanguage":"en-US"},{"@type":"Organization","@id":"https:\/\/primariamoldovanoua.ro\/#organization","name":"Prim\u0103riaMoldovaNou\u0103.ro","url":"https:\/\/primariamoldovanoua.ro\/","logo":{"@type":"ImageObject","inLanguage":"en-US","@id":"https:\/\/primariamoldovanoua.ro\/#\/schema\/logo\/image\/","url":"https:\/\/primariamoldovanoua.ro\/wp-content\/uploads\/2021\/04\/cropped-Logo-Moldova-Noua-M-1.png","contentUrl":"https:\/\/primariamoldovanoua.ro\/wp-content\/uploads\/2021\/04\/cropped-Logo-Moldova-Noua-M-1.png","width":158,"height":250,"caption":"Prim\u0103riaMoldovaNou\u0103.ro"},"image":{"@id":"https:\/\/primariamoldovanoua.ro\/#\/schema\/logo\/image\/"}}]}},"_links":{"self":[{"href":"https:\/\/primariamoldovanoua.ro\/index.php\/wp-json\/wp\/v2\/pages\/9179","targetHints":{"allow":["GET"]}}],"collection":[{"href":"https:\/\/primariamoldovanoua.ro\/index.php\/wp-json\/wp\/v2\/pages"}],"about":[{"href":"https:\/\/primariamoldovanoua.ro\/index.php\/wp-json\/wp\/v2\/types\/page"}],"author":[{"embeddable":true,"href":"https:\/\/primariamoldovanoua.ro\/index.php\/wp-json\/wp\/v2\/users\/3"}],"replies":[{"embeddable":true,"href":"https:\/\/primariamoldovanoua.ro\/index.php\/wp-json\/wp\/v2\/comments?post=9179"}],"version-history":[{"count":4,"href":"https:\/\/primariamoldovanoua.ro\/index.php\/wp-json\/wp\/v2\/pages\/9179\/revisions"}],"predecessor-version":[{"id":9355,"href":"https:\/\/primariamoldovanoua.ro\/index.php\/wp-json\/wp\/v2\/pages\/9179\/revisions\/9355"}],"wp:attachment":[{"href":"https:\/\/primariamoldovanoua.ro\/index.php\/wp-json\/wp\/v2\/media?parent=9179"}],"curies":[{"name":"wp","href":"https:\/\/api.w.org\/{rel}","templated":true}]}}